{"id":3218,"date":"2023-02-06T16:39:43","date_gmt":"2023-02-06T15:39:43","guid":{"rendered":"https:\/\/sekundi.eu\/windykacja-w-norwegii\/"},"modified":"2023-02-17T11:01:39","modified_gmt":"2023-02-17T10:01:39","slug":"windykacja-w-norwegii","status":"publish","type":"page","link":"https:\/\/sekundi.eu\/pl\/europie\/windykacja-w-norwegii\/","title":{"rendered":"Windykacja nale\u017cno\u015bci w Norwegii"},"content":{"rendered":"\n<div style=\"height:50px\" aria-hidden=\"true\" class=\"wp-block-spacer\"><\/div>\n\n\n\n<p>Windykacja to zwyk\u0142y spos\u00f3b zapewnienia zap\u0142aty za sprzedane towary i us\u0142ugi, gdy klient nie zap\u0142aci faktury. W\u0142adze w Norwegii maj\u0105 jasne zasady, jak ma wygl\u0105da\u0107 windykacja zaleg\u0142ych faktur. M\u00f3wi\u0105c najpro\u015bciej, chodzi o to, jakie rodzaje przypomnie\u0144 mo\u017cna wysy\u0142a\u0107 w jakich godzinach i ile Tw\u00f3j klient mo\u017ce otrzyma\u0107 w op\u0142atach. Reguluje to ustawa o windykacji.<br><br>Zale\u017cy nam na tym, aby nasi klienci otrzymali zap\u0142at\u0119 tak szybko, jak to mo\u017cliwe, a jednocze\u015bnie osoba, kt\u00f3ra jest winna pieni\u0105dze, by\u0142a dobrze traktowana. W zwi\u0105zku z tym dodali\u015bmy kilka dodatkowych krok\u00f3w do tego procesu, aby klient ko\u0144cowy by\u0142 \u015bci\u015ble monitorowany i pomaga\u0142 stworzy\u0107 plan sp\u0142aty, je\u015bli zajdzie taka potrzeba. U\u017cywamy kombinacji SMS-\u00f3w i telefonii i zawsze staramy si\u0119 znale\u017a\u0107 dobre rozwi\u0105zania.<\/p>\n\n\n\n<div class=\"wp-block-columns are-vertically-aligned-center is-layout-flex wp-container-core-columns-is-layout-9d6595d7 wp-block-columns-is-layout-flex\">\n<div class=\"wp-block-column is-vertically-aligned-center is-layout-flow wp-block-column-is-layout-flow\" style=\"flex-basis:50%\">\n<h2 class=\"wp-block-heading\"><strong>Jak opracowa\u0107 skuteczn\u0105 strategi\u0119 windykacyjn\u0105?<\/strong><\/h2>\n\n\n\n<p>Mo\u017cna wybra\u0107 proces cz\u0119\u015bciowo lub ca\u0142kowicie automatyczny. Oznacza to, \u017ce Kravia automatycznie pobiera i inicjuje windykacj\u0119 na fakturach, kt\u00f3re s\u0105 gotowe do windykacji i pracuje nad nimi bez konieczno\u015bci po\u015bwi\u0119cania czasu przez wierzyciela na zatwierdzenia i wyja\u015bnienia. To sprawia, \u017ce proces jest bardzo wydajny.<\/p>\n<\/div>\n\n\n\n<div class=\"wp-block-column is-vertically-aligned-center is-layout-flow wp-block-column-is-layout-flow\" style=\"flex-basis:50%\"><div class=\"wp-block-image\">\n<figure class=\"alignright size-full\"><img loading=\"lazy\" decoding=\"async\" width=\"600\" height=\"400\" src=\"https:\/\/sekundi.eu\/wp-content\/uploads\/2023\/02\/accompagnement-recouvrement-min-2.jpeg\" alt=\"\" class=\"wp-image-1921\" srcset=\"https:\/\/sekundi.eu\/wp-content\/uploads\/2023\/02\/accompagnement-recouvrement-min-2.jpeg 600w, https:\/\/sekundi.eu\/wp-content\/uploads\/2023\/02\/accompagnement-recouvrement-min-2-300x200.jpeg 300w\" sizes=\"auto, (max-width: 600px) 100vw, 600px\" \/><\/figure>\n<\/div><\/div>\n<\/div>\n\n\n\n<div style=\"height:50px\" aria-hidden=\"true\" class=\"wp-block-spacer\"><\/div>\n\n\n\n<figure class=\"wp-block-image alignfull size-full\"><img loading=\"lazy\" decoding=\"async\" width=\"1920\" height=\"300\" src=\"https:\/\/sekundi.eu\/wp-content\/uploads\/2023\/02\/joshua-rawson-harris-k3fmuSvQi2A-unsplash.jpg\" alt=\"\" class=\"wp-image-2633\" srcset=\"https:\/\/sekundi.eu\/wp-content\/uploads\/2023\/02\/joshua-rawson-harris-k3fmuSvQi2A-unsplash.jpg 1920w, https:\/\/sekundi.eu\/wp-content\/uploads\/2023\/02\/joshua-rawson-harris-k3fmuSvQi2A-unsplash-300x47.jpg 300w, https:\/\/sekundi.eu\/wp-content\/uploads\/2023\/02\/joshua-rawson-harris-k3fmuSvQi2A-unsplash-1024x160.jpg 1024w, https:\/\/sekundi.eu\/wp-content\/uploads\/2023\/02\/joshua-rawson-harris-k3fmuSvQi2A-unsplash-768x120.jpg 768w, https:\/\/sekundi.eu\/wp-content\/uploads\/2023\/02\/joshua-rawson-harris-k3fmuSvQi2A-unsplash-1536x240.jpg 1536w\" sizes=\"auto, (max-width: 1920px) 100vw, 1920px\" \/><\/figure>\n\n\n\n<div class=\"wp-block-columns alignwide margt-300 animated fadeInUp is-layout-flex wp-container-core-columns-is-layout-9d6595d7 wp-block-columns-is-layout-flex\">\n<div class=\"wp-block-column is-layout-flow wp-block-column-is-layout-flow\" style=\"flex-basis:40%\">\n<div class=\"wp-block-group arrondi has-blanc-color has-marron-noir-background-color has-text-color has-background\"><div class=\"wp-block-group__inner-container is-layout-constrained wp-block-group-is-layout-constrained\">\n<div style=\"height:30px\" aria-hidden=\"true\" class=\"wp-block-spacer\"><\/div>\n\n\n\n<h2 class=\"marg0 has-blanc-color has-text-color wp-block-heading\">Upewnij si\u0119, \u017ce \u015bci\u0105gasz d\u0142ugi na arenie mi\u0119dzynarodowej<\/h2>\n\n\n\n<div style=\"height:20px\" aria-hidden=\"true\" class=\"wp-block-spacer\"><\/div>\n\n\n\n<p>Windykacja mi\u0119dzynarodowa we wsp\u00f3\u0142pracy z sieci\u0105 Sekundi.<\/p>\n\n\n\n<p>Windykacja mi\u0119dzynarodowa to us\u0142uga, kt\u00f3r\u0105 oferujemy, gdy osoba, kt\u00f3ra jest Ci winna pieni\u0105dze, mieszka lub ma siedzib\u0119 w kraju innym ni\u017c Tw\u00f3j.<\/p>\n\n\n\n<div style=\"height:30px\" aria-hidden=\"true\" class=\"wp-block-spacer\"><\/div>\n\n\n\n<div class=\"wp-block-advgb-button alignnone advgb-dyn-e1a5f27c\"><a class=\"wp-block-advgb-button_link advgbbtn-13f8f076-33ac-454e-b8fc-7396230e2e20\" href=\"https:\/\/sekundi.eu\/pl\/kontakt\/\" target=\"_self\" rel=\"noopener noreferrer\"><span><span><span>Czytaj wi\u0119cej<\/span><\/span><\/span><\/a><\/div>\n\n\n\n<div style=\"height:30px\" aria-hidden=\"true\" class=\"wp-block-spacer\"><\/div>\n<\/div><\/div>\n<\/div>\n\n\n\n<div class=\"wp-block-column is-layout-flow wp-block-column-is-layout-flow\" style=\"flex-basis:60%\"><\/div>\n<\/div>\n\n\n\n<div style=\"height:50px\" aria-hidden=\"true\" class=\"wp-block-spacer\"><\/div>\n\n\n\n<div class=\"wp-block-columns are-vertically-aligned-center is-layout-flex wp-container-core-columns-is-layout-9d6595d7 wp-block-columns-is-layout-flex\">\n<div class=\"wp-block-column is-vertically-aligned-center is-layout-flow wp-block-column-is-layout-flow\" style=\"flex-basis:50%\"><div class=\"wp-block-image\">\n<figure class=\"alignleft size-full\"><img loading=\"lazy\" decoding=\"async\" width=\"600\" height=\"338\" src=\"https:\/\/sekundi.eu\/wp-content\/uploads\/2023\/02\/qui-sommes-nous-experience-min.jpeg\" alt=\"\" class=\"wp-image-1926\" srcset=\"https:\/\/sekundi.eu\/wp-content\/uploads\/2023\/02\/qui-sommes-nous-experience-min.jpeg 600w, https:\/\/sekundi.eu\/wp-content\/uploads\/2023\/02\/qui-sommes-nous-experience-min-300x169.jpeg 300w\" sizes=\"auto, (max-width: 600px) 100vw, 600px\" \/><\/figure>\n<\/div><\/div>\n\n\n\n<div class=\"wp-block-column is-vertically-aligned-center is-layout-flow wp-block-column-is-layout-flow advgb-dyn-bb36cbb9\" style=\"flex-basis:50%\">\n<h2 class=\"wp-block-heading\"><strong>Relacje z mi\u0119dzynarodowymi d\u0142u\u017cnikami<\/strong><\/h2>\n\n\n\n<p>Pomo\u017cemy Ci w mi\u0119dzynarodowej windykacji nale\u017cno\u015bci. Je\u015bli Twoja firma wysy\u0142a\u0142a faktury do firm zagranicznych lub os\u00f3b prywatnych, Kravia mo\u017ce pom\u00f3c w za\u0142atwieniu sprawy windykacyjnej w odpowiednim kraju. Sama Kravia prowadzi dzia\u0142alno\u015b\u0107 w Norwegii i Finlandii. Dla reszty \u015bwiata jeste\u015bmy cz\u0119\u015bci\u0105 mi\u0119dzynarodowych sieci, do kt\u00f3rych mo\u017cemy przekazywa\u0107 sprawy. <\/p>\n\n\n\n<p>Aby u\u0142atwi\u0107 odbi\u00f3r, najwa\u017cniejsze jest podanie prawid\u0142owych informacji (np. poprawny adres, orygina\u0142 faktury) i jak najszybsze udzielenie odpowiedzi na wszelkie zapytania od Kravia. Windykacja to \u015bwie\u017ca sprawa i im wcze\u015bniej sprawa trafi do Kravii i im szybciej nast\u0105pi\u0105 wyja\u015bnienia, tym wi\u0119ksze prawdopodobie\u0144stwo, \u017ce sprawa zostanie za\u0142atwiona.<\/p>\n<\/div>\n<\/div>\n\n\n\n<div style=\"height:50px\" aria-hidden=\"true\" class=\"wp-block-spacer\"><\/div>\n\n\n\n<h2 class=\"wp-block-heading\"><strong>Aktualne statystyki windykacji w Norwegii<\/strong><\/h2>\n\n\n\n<p>80% spraw windykacyjnych rozwi\u0105zujemy w ci\u0105gu 90 dni. Windykacja to \u015bwie\u017cy towar i im wcze\u015bniej sprawa zostanie wys\u0142ana, tym wi\u0119ksze prawdopodobie\u0144stwo, \u017ce sprawa zostanie za\u0142atwiona.<\/p>\n\n\n\n<p>Wed\u0142ug badania przeprowadzonego przez Allianz, \u201eWindykacja <a href=\"https:\/\/www.allianz-trade.fr\/content\/dam\/onemarketing\/aztrade\/allianz-trade_fr\/news\/200622\/2022_06_20_Collection_Complexity_AZT_FINAL.pdf\">nale\u017cno\u015bci komercyjnych<\/a> \u201d, Norwegia jest dobrym p\u0142atnikiem z \u201eWynikiem z\u0142o\u017cono\u015bci windykacji\u201d wynosz\u0105cym 37. Wynika to w szczeg\u00f3lno\u015bci z zachowa\u0144 p\u0142atniczych norweskich firm oraz sprawno\u015bci s\u0105d\u00f3w, je\u015bli chodzi o podejmowanie szybkich decyzji. \u015aci\u0105ganie niezap\u0142aconych rachunk\u00f3w w Norwegii jest niemal pewne, zw\u0142aszcza je\u015bli korzystasz z us\u0142ug wyspecjalizowanej firmy, kt\u00f3ra posiada niezb\u0119dn\u0105 licencj\u0119 i zna obowi\u0105zuj\u0105c\u0105 praktyk\u0119.<\/p>\n\n\n\n<div style=\"height:20px\" aria-hidden=\"true\" class=\"wp-block-spacer\"><\/div>\n\n\n\n<div style=\"height:50px\" aria-hidden=\"true\" class=\"wp-block-spacer\"><\/div>\n\n\n\n<div class=\"wp-block-group alignwide has-bleu-gris-background-color has-background\"><div class=\"wp-block-group__inner-container is-layout-constrained wp-block-group-is-layout-constrained\">\n<div style=\"height:30px\" aria-hidden=\"true\" class=\"wp-block-spacer\"><\/div>\n\n\n\n<p class=\"has-text-align-center marg0 has-marron-color has-text-color has-small-font-size\"><\/p>\n\n\n\n<h2 class=\"has-text-align-center marg0 wp-block-heading\" id=\"titre-2-a8530347-58d4-4393-abd8-f975470a0732\"><strong>Najcz\u0119\u015bciej zadawane pytania dotycz\u0105ce windykacji w Norwegii<\/strong><\/h2>\n\n\n\n<div style=\"height:30px\" aria-hidden=\"true\" class=\"wp-block-spacer\"><\/div>\n\n\n\n<div class=\"wp-block-advgb-accordions advgb-accordions-2fa6b0ed-65d8-42fa-98f2-af2f2edd8c02 advgb-accordion-wrapper\" data-collapsed=\"true\">\n<div class=\"wp-block-advgb-accordion-item advgb-accordion-item\" style=\"margin-bottom:15px\"><div class=\"advgb-accordion-header\" style=\"background-color:#000;color:#eee;border-style:solid;border-width:1px;border-radius:2px\"><span class=\"advgb-accordion-header-icon\"><svg fill=\"#fff\" xmlns=\"http:\/\/www.w3.org\/2000\/svg\" width=\"24\" height=\"24\" viewBox=\"0 0 24 24\"><path fill=\"none\" d=\"M0,0h24v24H0V0z\"><\/path><path d=\"M12,5.83L15.17,9l1.41-1.41L12,3L7.41,7.59L8.83,9L12,5.83z M12,18.17L8.83,15l-1.41,1.41L12,21l4.59-4.59L15.17,15 L12,18.17z\"><\/path><\/svg><\/span><h5 class=\"advgb-accordion-header-title\" style=\"color:inherit\"><strong><strong>Jak zautomatyzowa\u0107 procesy windykacyjne, aby by\u0142y bardziej wydajne?<\/strong><\/strong><\/h5><\/div><div class=\"advgb-accordion-body\" style=\"border-style:solid !important;border-width:1px !important;border-color:undefined !important;border-top:none !important;border-radius:2px !important\">\n\n<p>Kravia zaleca w pe\u0142ni zautomatyzowany proces odbioru. Oznacza to, \u017ce Kravia automatycznie pobiera i inicjuje windykacj\u0119 na gotowych do windykacji fakturach i pracuje nad nimi bez konieczno\u015bci po\u015bwi\u0119cania czasu przez wierzyciela na zatwierdzenia i wyja\u015bnienia.<\/p>\n\n<\/div><\/div>\n\n\n\n<div class=\"wp-block-advgb-accordion-item advgb-accordion-item\" style=\"margin-bottom:15px\"><div class=\"advgb-accordion-header\" style=\"background-color:#000;color:#eee;border-style:solid;border-width:1px;border-radius:2px\"><span class=\"advgb-accordion-header-icon\"><svg fill=\"#fff\" xmlns=\"http:\/\/www.w3.org\/2000\/svg\" width=\"24\" height=\"24\" viewBox=\"0 0 24 24\"><path fill=\"none\" d=\"M0,0h24v24H0V0z\"><\/path><path d=\"M12,5.83L15.17,9l1.41-1.41L12,3L7.41,7.59L8.83,9L12,5.83z M12,18.17L8.83,15l-1.41,1.41L12,21l4.59-4.59L15.17,15 L12,18.17z\"><\/path><\/svg><\/span><h5 class=\"advgb-accordion-header-title\" style=\"color:inherit\"><strong><strong>Jak zarz\u0105dza\u0107 ryzykiem zwi\u0105zanym z windykacj\u0105?<\/strong><\/strong><\/h5><\/div><div class=\"advgb-accordion-body\" style=\"border-style:solid !important;border-width:1px !important;border-color:undefined !important;border-top:none !important;border-radius:2px !important\">\n\n<p>Kravia przejmuje ryzyko za Ciebie, najwa\u017cniejsze jest podanie prawid\u0142owych informacji (np. poprawny adres, oryginalna faktura) i jak najszybsza odpowied\u017a na wszelkie zapytania od nas. Windykacja to \u015bwie\u017ca sprawa i im wcze\u015bniej sprawa trafi do Kravii i im szybciej nast\u0105pi\u0105 wyja\u015bnienia, tym wi\u0119ksze prawdopodobie\u0144stwo, \u017ce sprawa zostanie za\u0142atwiona.<\/p>\n\n<\/div><\/div>\n<\/div>\n\n\n\n<div style=\"height:50px\" aria-hidden=\"true\" class=\"wp-block-spacer\"><\/div>\n<\/div><\/div>\n\n\n\n<div class=\"wp-block-group alignwide has-marron-background-color has-background\"><div class=\"wp-block-group__inner-container is-layout-constrained wp-block-group-is-layout-constrained\">\n<div style=\"height:30px\" aria-hidden=\"true\" class=\"wp-block-spacer\"><\/div>\n\n\n\n<div class=\"wp-block-columns are-vertically-aligned-center is-layout-flex wp-container-core-columns-is-layout-9d6595d7 wp-block-columns-is-layout-flex\">\n<div class=\"wp-block-column is-vertically-aligned-center is-layout-flow wp-block-column-is-layout-flow\" style=\"flex-basis:66.66%\">\n<p class=\"has-blanc-color has-text-color has-xxlarge-font-size\"><strong>Czy masz zaleg\u0142e d\u0142ugi w innym kraju<\/strong> <strong>i masz problemy z ich sp\u0142at\u0105?<\/strong><\/p>\n<\/div>\n\n\n\n<div class=\"wp-block-column is-vertically-aligned-center is-layout-flow wp-block-column-is-layout-flow\" style=\"flex-basis:33.33%\">\n<div class=\"wp-block-advgb-button aligncenter advgb-dyn-3d7aa1a3\"><a class=\"wp-block-advgb-button_link advgbbtn-3f0f76f6-2322-4a40-90ae-7bbd1725b1fa\" href=\"https:\/\/sekundi.eu\/pl\/kontakt\/\" target=\"_self\" rel=\"noopener noreferrer\"><span><span>Zg\u0142o\u015b swoje roszczenie<\/span><\/span><\/a><\/div>\n<\/div>\n<\/div>\n\n\n\n<div style=\"height:30px\" aria-hidden=\"true\" class=\"wp-block-spacer\"><\/div>\n<\/div><\/div>\n\n\n\n<div class=\"wp-block-group alignwide network\"><div class=\"wp-block-group__inner-container is-layout-constrained wp-block-group-is-layout-constrained\">\n<div style=\"height:50px\" aria-hidden=\"true\" class=\"wp-block-spacer\"><\/div>\n\n\n\n<p class=\"has-text-align-center marg0 has-marron-clair-color has-text-color has-small-font-size\"><strong>NASZA SIE\u0106<\/strong><\/p>\n\n\n\n<h2 class=\"has-text-align-center marg0 wp-block-heading\">Kraje obj\u0119te programem<\/h2>\n\n\n\n<div style=\"height:30px\" aria-hidden=\"true\" class=\"wp-block-spacer\"><\/div>\n\n\n<ul class='country-sitemap'><li><a href='https:\/\/sekundi.eu\/pl\/ameryce-poludniowej\/'>Windykacja nale\u017cno\u015bci w Ameryce Po\u0142udniowej<\/a><ul><li><a href='https:\/\/sekundi.eu\/pl\/ameryce-poludniowej\/windykacja-naleznosci-w-chile\/'><i class='fa-solid fa-map-pin'><\/i>Windykacja nale\u017cno\u015bci w Chile<\/a><\/li><li><a href='https:\/\/sekundi.eu\/pl\/ameryce-poludniowej\/windykacja-naleznosci-w-peru\/'><i class='fa-solid fa-map-pin'><\/i>Windykacja nale\u017cno\u015bci w Peru<\/a><\/li><\/li><\/ul><\/li><\/ul>\n\n\n\n<div style=\"height:50px\" aria-hidden=\"true\" class=\"wp-block-spacer\"><\/div>\n<\/div><\/div>\n<style class=\"advgb-styles-renderer\">.advgbbtn-13f8f076-33ac-454e-b8fc-7396230e2e20{font-size:18px;color:#fff !important;background-color:#7f634b !important;margin:0px 0px 0px 0px !important;padding:10px 30px 10px 30px;border-width:1px !important;border-style:none;border-radius:50px !important;}.advgbbtn-13f8f076-33ac-454e-b8fc-7396230e2e20:hover{box-shadow:1px 1px 12px 0px #ccc;opacity:1;transition:all 0.2s ease;}.advgbbtn-13f8f076-33ac-454e-b8fc-7396230e2e20 > i {display: none !important;}.advgbbtn-13f8f076-33ac-454e-b8fc-7396230e2e20{font-size:18px;color:#fff !important;background-color:#7f634b !important;margin:0px 0px 0px 0px !important;padding:10px 30px 10px 30px;border-width:1px !important;border-style:none;border-radius:50px !important;}.advgbbtn-13f8f076-33ac-454e-b8fc-7396230e2e20:hover{box-shadow:1px 1px 12px 0px #ccc;opacity:1;transition:all 0.2s ease;}.advgbbtn-13f8f076-33ac-454e-b8fc-7396230e2e20 > i {display: none !important;}.advgbbtn-13f8f076-33ac-454e-b8fc-7396230e2e20{font-size:18px;color:#fff !important;background-color:#7f634b !important;margin:0px 0px 0px 0px !important;padding:10px 30px 10px 30px;border-width:1px !important;border-style:none;border-radius:50px !important;}.advgbbtn-13f8f076-33ac-454e-b8fc-7396230e2e20:hover{box-shadow:1px 1px 12px 0px #ccc;opacity:1;transition:all 0.2s ease;}.advgbbtn-13f8f076-33ac-454e-b8fc-7396230e2e20 > i {display: none !important;}.advgbbtn-13f8f076-33ac-454e-b8fc-7396230e2e20{font-size:18px;color:#fff !important;background-color:#7f634b !important;margin:0px 0px 0px 0px !important;padding:10px 30px 10px 30px;border-width:1px !important;border-style:none;border-radius:50px !important;}.advgbbtn-13f8f076-33ac-454e-b8fc-7396230e2e20:hover{box-shadow:1px 1px 12px 0px #ccc;opacity:1;transition:all 0.2s ease;}.advgbbtn-13f8f076-33ac-454e-b8fc-7396230e2e20 > i {display: none !important;}.advgbbtn-3f0f76f6-2322-4a40-90ae-7bbd1725b1fa{font-size:18px;color:#fff !important;background-color:#7f634b !important;margin:0px 0px 0px 0px !important;padding:10px 30px 10px 30px;border-width:1px !important;border-color:#fff !important;border-style:solid !important;border-radius:50px !important;}.advgbbtn-3f0f76f6-2322-4a40-90ae-7bbd1725b1fa:hover{color:#7f634b !important;background-color:#fff !important;box-shadow:0px 0px 0px 0px #ccc;opacity:1;transition:all 0s ease;}.advgbbtn-3f0f76f6-2322-4a40-90ae-7bbd1725b1fa > i {display: none !important;}.advgbbtn-3f0f76f6-2322-4a40-90ae-7bbd1725b1fa{font-size:18px;color:#fff !important;background-color:#7f634b !important;margin:0px 0px 0px 0px !important;padding:10px 30px 10px 30px;border-width:1px !important;border-color:#fff !important;border-style:solid !important;border-radius:50px !important;}.advgbbtn-3f0f76f6-2322-4a40-90ae-7bbd1725b1fa:hover{color:#7f634b !important;background-color:#fff !important;box-shadow:0px 0px 0px 0px #ccc;opacity:1;transition:all 0s ease;}.advgbbtn-3f0f76f6-2322-4a40-90ae-7bbd1725b1fa > i {display: none !important;}.advgbbtn-3f0f76f6-2322-4a40-90ae-7bbd1725b1fa{font-size:18px;color:#fff !important;background-color:#7f634b !important;margin:0px 0px 0px 0px !important;padding:10px 30px 10px 30px;border-width:1px !important;border-color:#fff !important;border-style:solid !important;border-radius:50px !important;}.advgbbtn-3f0f76f6-2322-4a40-90ae-7bbd1725b1fa:hover{color:#7f634b !important;background-color:#fff !important;box-shadow:0px 0px 0px 0px #ccc;opacity:1;transition:all 0s ease;}.advgbbtn-3f0f76f6-2322-4a40-90ae-7bbd1725b1fa > i {display: none !important;}.advgbbtn-3f0f76f6-2322-4a40-90ae-7bbd1725b1fa{font-size:18px;color:#fff !important;background-color:#7f634b !important;margin:0px 0px 0px 0px !important;padding:10px 30px 10px 30px;border-width:1px !important;border-color:#fff !important;border-style:solid !important;border-radius:50px !important;}.advgbbtn-3f0f76f6-2322-4a40-90ae-7bbd1725b1fa:hover{color:#7f634b !important;background-color:#fff !important;box-shadow:0px 0px 0px 0px #ccc;opacity:1;transition:all 0s ease;}.advgbbtn-3f0f76f6-2322-4a40-90ae-7bbd1725b1fa > i {display: none !important;}<\/style>","protected":false},"excerpt":{"rendered":"<p>Windykacja to zwyk\u0142y spos\u00f3b zapewnienia zap\u0142aty za sprzedane towary i us\u0142ugi, gdy klient nie zap\u0142aci faktury. W\u0142adze w Norwegii maj\u0105 jasne zasady, jak ma wygl\u0105da\u0107 windykacja zaleg\u0142ych faktur. M\u00f3wi\u0105c najpro\u015bciej, chodzi o to, jakie rodzaje przypomnie\u0144 mo\u017cna wysy\u0142a\u0107 w jakich godzinach i ile Tw\u00f3j klient mo\u017ce otrzyma\u0107 w op\u0142atach. Reguluje to ustawa o windykacji. Zale\u017cy [&hellip;]<\/p>\n","protected":false},"author":1,"featured_media":0,"parent":3509,"menu_order":287,"comment_status":"closed","ping_status":"closed","template":"","meta":{"advgb_blocks_editor_width":"","advgb_blocks_columns_visual_guide":"","footnotes":""},"class_list":["post-3218","page","type-page","status-publish","hentry"],"yoast_head":"<!-- This site is optimized with the Yoast SEO plugin v27.5 - https:\/\/yoast.com\/product\/yoast-seo-wordpress\/ -->\n<title>Windykacja niezap\u0142aconych rachunk\u00f3w w Norwegii - Sekundi<\/title>\n<meta name=\"description\" content=\"Masz niezap\u0142acon\u0105 faktur\u0119 w Norwegii? Odkryj wsparcie sieci SEKUNDI dla mi\u0119dzynarodowych firm.\" \/>\n<meta name=\"robots\" content=\"index, follow, max-snippet:-1, max-image-preview:large, max-video-preview:-1\" \/>\n<link rel=\"canonical\" href=\"https:\/\/sekundi.eu\/pl\/europie\/windykacja-w-norwegii\/\" \/>\n<meta property=\"og:locale\" content=\"pl_PL\" \/>\n<meta property=\"og:type\" content=\"article\" \/>\n<meta property=\"og:title\" content=\"Windykacja niezap\u0142aconych rachunk\u00f3w w Norwegii - Sekundi\" \/>\n<meta property=\"og:description\" content=\"Masz niezap\u0142acon\u0105 faktur\u0119 w Norwegii? Odkryj wsparcie sieci SEKUNDI dla mi\u0119dzynarodowych firm.\" \/>\n<meta property=\"og:url\" content=\"https:\/\/sekundi.eu\/pl\/europie\/windykacja-w-norwegii\/\" \/>\n<meta property=\"og:site_name\" content=\"SEKUNDI\" \/>\n<meta property=\"article:modified_time\" content=\"2023-02-17T10:01:39+00:00\" \/>\n<meta property=\"og:image\" content=\"https:\/\/sekundi.eu\/wp-content\/uploads\/2023\/02\/accompagnement-recouvrement-min-2.jpeg\" \/>\n<meta name=\"twitter:card\" content=\"summary_large_image\" \/>\n<meta name=\"twitter:label1\" content=\"Szacowany czas czytania\" \/>\n\t<meta name=\"twitter:data1\" content=\"3 minuty\" \/>\n<script type=\"application\/ld+json\" class=\"yoast-schema-graph\">{\"@context\":\"https:\\\/\\\/schema.org\",\"@graph\":[{\"@type\":\"WebPage\",\"@id\":\"https:\\\/\\\/sekundi.eu\\\/pl\\\/europie\\\/windykacja-w-norwegii\\\/\",\"url\":\"https:\\\/\\\/sekundi.eu\\\/pl\\\/europie\\\/windykacja-w-norwegii\\\/\",\"name\":\"Windykacja niezap\u0142aconych rachunk\u00f3w w Norwegii - Sekundi\",\"isPartOf\":{\"@id\":\"https:\\\/\\\/sekundi.eu\\\/#website\"},\"primaryImageOfPage\":{\"@id\":\"https:\\\/\\\/sekundi.eu\\\/pl\\\/europie\\\/windykacja-w-norwegii\\\/#primaryimage\"},\"image\":{\"@id\":\"https:\\\/\\\/sekundi.eu\\\/pl\\\/europie\\\/windykacja-w-norwegii\\\/#primaryimage\"},\"thumbnailUrl\":\"https:\\\/\\\/sekundi.eu\\\/wp-content\\\/uploads\\\/2023\\\/02\\\/accompagnement-recouvrement-min-2.jpeg\",\"datePublished\":\"2023-02-06T15:39:43+00:00\",\"dateModified\":\"2023-02-17T10:01:39+00:00\",\"description\":\"Masz niezap\u0142acon\u0105 faktur\u0119 w Norwegii? Odkryj wsparcie sieci SEKUNDI dla mi\u0119dzynarodowych firm.\",\"breadcrumb\":{\"@id\":\"https:\\\/\\\/sekundi.eu\\\/pl\\\/europie\\\/windykacja-w-norwegii\\\/#breadcrumb\"},\"inLanguage\":\"pl-PL\",\"potentialAction\":[{\"@type\":\"ReadAction\",\"target\":[\"https:\\\/\\\/sekundi.eu\\\/pl\\\/europie\\\/windykacja-w-norwegii\\\/\"]}]},{\"@type\":\"ImageObject\",\"inLanguage\":\"pl-PL\",\"@id\":\"https:\\\/\\\/sekundi.eu\\\/pl\\\/europie\\\/windykacja-w-norwegii\\\/#primaryimage\",\"url\":\"https:\\\/\\\/sekundi.eu\\\/wp-content\\\/uploads\\\/2023\\\/02\\\/accompagnement-recouvrement-min-2.jpeg\",\"contentUrl\":\"https:\\\/\\\/sekundi.eu\\\/wp-content\\\/uploads\\\/2023\\\/02\\\/accompagnement-recouvrement-min-2.jpeg\"},{\"@type\":\"BreadcrumbList\",\"@id\":\"https:\\\/\\\/sekundi.eu\\\/pl\\\/europie\\\/windykacja-w-norwegii\\\/#breadcrumb\",\"itemListElement\":[{\"@type\":\"ListItem\",\"position\":1,\"name\":\"Accueil\",\"item\":\"https:\\\/\\\/sekundi.eu\\\/pl\\\/\"},{\"@type\":\"ListItem\",\"position\":2,\"name\":\"Windykacja nale\u017cno\u015bci w Europie\",\"item\":\"https:\\\/\\\/sekundi.eu\\\/pl\\\/europie\\\/\"},{\"@type\":\"ListItem\",\"position\":3,\"name\":\"Windykacja nale\u017cno\u015bci w Norwegii\"}]},{\"@type\":\"WebSite\",\"@id\":\"https:\\\/\\\/sekundi.eu\\\/#website\",\"url\":\"https:\\\/\\\/sekundi.eu\\\/\",\"name\":\"SEKUNDI\",\"description\":\"\",\"publisher\":{\"@id\":\"https:\\\/\\\/sekundi.eu\\\/#organization\"},\"potentialAction\":[{\"@type\":\"SearchAction\",\"target\":{\"@type\":\"EntryPoint\",\"urlTemplate\":\"https:\\\/\\\/sekundi.eu\\\/?s={search_term_string}\"},\"query-input\":{\"@type\":\"PropertyValueSpecification\",\"valueRequired\":true,\"valueName\":\"search_term_string\"}}],\"inLanguage\":\"pl-PL\"},{\"@type\":\"Organization\",\"@id\":\"https:\\\/\\\/sekundi.eu\\\/#organization\",\"name\":\"Sekundi\",\"url\":\"https:\\\/\\\/sekundi.eu\\\/\",\"logo\":{\"@type\":\"ImageObject\",\"inLanguage\":\"pl-PL\",\"@id\":\"https:\\\/\\\/sekundi.eu\\\/#\\\/schema\\\/logo\\\/image\\\/\",\"url\":\"https:\\\/\\\/sekundi.eu\\\/wp-content\\\/uploads\\\/2022\\\/12\\\/logo_sekundi.png\",\"contentUrl\":\"https:\\\/\\\/sekundi.eu\\\/wp-content\\\/uploads\\\/2022\\\/12\\\/logo_sekundi.png\",\"width\":171,\"height\":46,\"caption\":\"Sekundi\"},\"image\":{\"@id\":\"https:\\\/\\\/sekundi.eu\\\/#\\\/schema\\\/logo\\\/image\\\/\"}}]}<\/script>\n<!-- \/ Yoast SEO plugin. -->","yoast_head_json":{"title":"Windykacja niezap\u0142aconych rachunk\u00f3w w Norwegii - Sekundi","description":"Masz niezap\u0142acon\u0105 faktur\u0119 w Norwegii? Odkryj wsparcie sieci SEKUNDI dla mi\u0119dzynarodowych firm.","robots":{"index":"index","follow":"follow","max-snippet":"max-snippet:-1","max-image-preview":"max-image-preview:large","max-video-preview":"max-video-preview:-1"},"canonical":"https:\/\/sekundi.eu\/pl\/europie\/windykacja-w-norwegii\/","og_locale":"pl_PL","og_type":"article","og_title":"Windykacja niezap\u0142aconych rachunk\u00f3w w Norwegii - Sekundi","og_description":"Masz niezap\u0142acon\u0105 faktur\u0119 w Norwegii? Odkryj wsparcie sieci SEKUNDI dla mi\u0119dzynarodowych firm.","og_url":"https:\/\/sekundi.eu\/pl\/europie\/windykacja-w-norwegii\/","og_site_name":"SEKUNDI","article_modified_time":"2023-02-17T10:01:39+00:00","og_image":[{"url":"https:\/\/sekundi.eu\/wp-content\/uploads\/2023\/02\/accompagnement-recouvrement-min-2.jpeg","type":"","width":"","height":""}],"twitter_card":"summary_large_image","twitter_misc":{"Szacowany czas czytania":"3 minuty"},"schema":{"@context":"https:\/\/schema.org","@graph":[{"@type":"WebPage","@id":"https:\/\/sekundi.eu\/pl\/europie\/windykacja-w-norwegii\/","url":"https:\/\/sekundi.eu\/pl\/europie\/windykacja-w-norwegii\/","name":"Windykacja niezap\u0142aconych rachunk\u00f3w w Norwegii - Sekundi","isPartOf":{"@id":"https:\/\/sekundi.eu\/#website"},"primaryImageOfPage":{"@id":"https:\/\/sekundi.eu\/pl\/europie\/windykacja-w-norwegii\/#primaryimage"},"image":{"@id":"https:\/\/sekundi.eu\/pl\/europie\/windykacja-w-norwegii\/#primaryimage"},"thumbnailUrl":"https:\/\/sekundi.eu\/wp-content\/uploads\/2023\/02\/accompagnement-recouvrement-min-2.jpeg","datePublished":"2023-02-06T15:39:43+00:00","dateModified":"2023-02-17T10:01:39+00:00","description":"Masz niezap\u0142acon\u0105 faktur\u0119 w Norwegii? Odkryj wsparcie sieci SEKUNDI dla mi\u0119dzynarodowych firm.","breadcrumb":{"@id":"https:\/\/sekundi.eu\/pl\/europie\/windykacja-w-norwegii\/#breadcrumb"},"inLanguage":"pl-PL","potentialAction":[{"@type":"ReadAction","target":["https:\/\/sekundi.eu\/pl\/europie\/windykacja-w-norwegii\/"]}]},{"@type":"ImageObject","inLanguage":"pl-PL","@id":"https:\/\/sekundi.eu\/pl\/europie\/windykacja-w-norwegii\/#primaryimage","url":"https:\/\/sekundi.eu\/wp-content\/uploads\/2023\/02\/accompagnement-recouvrement-min-2.jpeg","contentUrl":"https:\/\/sekundi.eu\/wp-content\/uploads\/2023\/02\/accompagnement-recouvrement-min-2.jpeg"},{"@type":"BreadcrumbList","@id":"https:\/\/sekundi.eu\/pl\/europie\/windykacja-w-norwegii\/#breadcrumb","itemListElement":[{"@type":"ListItem","position":1,"name":"Accueil","item":"https:\/\/sekundi.eu\/pl\/"},{"@type":"ListItem","position":2,"name":"Windykacja nale\u017cno\u015bci w Europie","item":"https:\/\/sekundi.eu\/pl\/europie\/"},{"@type":"ListItem","position":3,"name":"Windykacja nale\u017cno\u015bci w Norwegii"}]},{"@type":"WebSite","@id":"https:\/\/sekundi.eu\/#website","url":"https:\/\/sekundi.eu\/","name":"SEKUNDI","description":"","publisher":{"@id":"https:\/\/sekundi.eu\/#organization"},"potentialAction":[{"@type":"SearchAction","target":{"@type":"EntryPoint","urlTemplate":"https:\/\/sekundi.eu\/?s={search_term_string}"},"query-input":{"@type":"PropertyValueSpecification","valueRequired":true,"valueName":"search_term_string"}}],"inLanguage":"pl-PL"},{"@type":"Organization","@id":"https:\/\/sekundi.eu\/#organization","name":"Sekundi","url":"https:\/\/sekundi.eu\/","logo":{"@type":"ImageObject","inLanguage":"pl-PL","@id":"https:\/\/sekundi.eu\/#\/schema\/logo\/image\/","url":"https:\/\/sekundi.eu\/wp-content\/uploads\/2022\/12\/logo_sekundi.png","contentUrl":"https:\/\/sekundi.eu\/wp-content\/uploads\/2022\/12\/logo_sekundi.png","width":171,"height":46,"caption":"Sekundi"},"image":{"@id":"https:\/\/sekundi.eu\/#\/schema\/logo\/image\/"}}]}},"coauthors":[],"author_meta":{"author_link":"https:\/\/sekundi.eu\/pl\/author\/sekimageundi\/","display_name":"Les Imageurs"},"relative_dates":{"created":"Opublikowano 3 lata temu","modified":"Zaktualizowano 3 lata temu"},"absolute_dates":{"created":"Opublikowano 2023-02-06","modified":"Zaktualizowano 2023-02-17"},"absolute_dates_time":{"created":"Opublikowano 2023-02-06 16:39","modified":"Zaktualizowano 2023-02-17 11:01"},"featured_img_caption":"","featured_img":false,"series_order":"","_links":{"self":[{"href":"https:\/\/sekundi.eu\/pl\/wp-json\/wp\/v2\/pages\/3218","targetHints":{"allow":["GET"]}}],"collection":[{"href":"https:\/\/sekundi.eu\/pl\/wp-json\/wp\/v2\/pages"}],"about":[{"href":"https:\/\/sekundi.eu\/pl\/wp-json\/wp\/v2\/types\/page"}],"author":[{"embeddable":true,"href":"https:\/\/sekundi.eu\/pl\/wp-json\/wp\/v2\/users\/1"}],"replies":[{"embeddable":true,"href":"https:\/\/sekundi.eu\/pl\/wp-json\/wp\/v2\/comments?post=3218"}],"version-history":[{"count":3,"href":"https:\/\/sekundi.eu\/pl\/wp-json\/wp\/v2\/pages\/3218\/revisions"}],"predecessor-version":[{"id":5837,"href":"https:\/\/sekundi.eu\/pl\/wp-json\/wp\/v2\/pages\/3218\/revisions\/5837"}],"up":[{"embeddable":true,"href":"https:\/\/sekundi.eu\/pl\/wp-json\/wp\/v2\/pages\/3509"}],"wp:attachment":[{"href":"https:\/\/sekundi.eu\/pl\/wp-json\/wp\/v2\/media?parent=3218"}],"curies":[{"name":"wp","href":"https:\/\/api.w.org\/{rel}","templated":true}]}}