{"id":5342,"date":"2023-02-09T14:37:43","date_gmt":"2023-02-09T13:37:43","guid":{"rendered":"https:\/\/sekundi.eu\/europie\/windykacja-naleznosci-w-austrii-2\/"},"modified":"2023-02-24T17:13:54","modified_gmt":"2023-02-24T16:13:54","slug":"windykacja-naleznosci-w-austrii","status":"publish","type":"page","link":"https:\/\/sekundi.eu\/pl\/europie\/windykacja-naleznosci-w-austrii\/","title":{"rendered":"Windykacja nale\u017cno\u015bci w Austrii"},"content":{"rendered":"\n<div style=\"height:50px\" aria-hidden=\"true\" class=\"wp-block-spacer\"><\/div>\n\n\n\n<p>Masz niezap\u0142acony rachunek w Austrii? Dowiedz si\u0119 o naszej pomocy w odzyskiwaniu nale\u017cno\u015bci w Austrii dla firm dzia\u0142aj\u0105cych na arenie mi\u0119dzynarodowej.<\/p>\n\n\n\n<div class=\"wp-block-columns are-vertically-aligned-center is-layout-flex wp-container-core-columns-is-layout-9d6595d7 wp-block-columns-is-layout-flex\">\n<div class=\"wp-block-column is-vertically-aligned-center is-layout-flow wp-block-column-is-layout-flow\" style=\"flex-basis:50%\">\n<h2 class=\"wp-block-heading\"><strong>Post\u0119powanie windykacyjne w Austrii<\/strong><\/h2>\n\n\n\n<p>W Austrii windykacja zaleg\u0142ego d\u0142ugu, kt\u00f3ry w zasadzie nie jest kwestionowany przez d\u0142u\u017cnika, odbywa si\u0119 pocz\u0105tkowo na drodze pozas\u0105dowej poprzez podj\u0119cie odpowiednich krok\u00f3w ponaglaj\u0105cych (pisma i rozmowy telefoniczne z osobistym kontaktem z d\u0142u\u017cnikiem).<\/p>\n\n\n\n<p>W zale\u017cno\u015bci od sytuacji mog\u0105 by\u0107 r\u00f3wnie\u017c zawierane umowy o cz\u0119\u015bciowej p\u0142atno\u015bci z uznaniem roszczenia i rewindykacj\u0105 w przypadku braku zgodno\u015bci. Je\u017celi nie przyniesie to rezultatu, to na \u017cyczenie klienta rozpoczyna si\u0119 prawne dochodzenie roszcze\u0144 w drodze pow\u00f3dztwa przeciwegzekucyjnego, kt\u00f3re zazwyczaj prowadzi do wydania prawomocnego nakazu zap\u0142aty, kt\u00f3ry nast\u0119pnie jest egzekwowany poprzez podj\u0119cie krok\u00f3w egzekucyjnych w celu dokonania zap\u0142aty.<\/p>\n<\/div>\n\n\n\n<div class=\"wp-block-column is-vertically-aligned-center is-layout-flow wp-block-column-is-layout-flow\" style=\"flex-basis:50%\"><div class=\"wp-block-image\">\n<figure class=\"alignright size-full\"><img loading=\"lazy\" decoding=\"async\" width=\"600\" height=\"400\" src=\"https:\/\/sekundi.eu\/wp-content\/uploads\/2023\/02\/accompagnement-recouvrement-min-2.jpeg\" alt=\"\" class=\"wp-image-1921\" srcset=\"https:\/\/sekundi.eu\/wp-content\/uploads\/2023\/02\/accompagnement-recouvrement-min-2.jpeg 600w, https:\/\/sekundi.eu\/wp-content\/uploads\/2023\/02\/accompagnement-recouvrement-min-2-300x200.jpeg 300w\" sizes=\"auto, (max-width: 600px) 100vw, 600px\" \/><\/figure>\n<\/div><\/div>\n<\/div>\n\n\n\n<div style=\"height:50px\" aria-hidden=\"true\" class=\"wp-block-spacer\"><\/div>\n\n\n\n<div class=\"wp-block-columns are-vertically-aligned-center is-layout-flex wp-container-core-columns-is-layout-9d6595d7 wp-block-columns-is-layout-flex\">\n<div class=\"wp-block-column is-vertically-aligned-center is-layout-flow wp-block-column-is-layout-flow\" style=\"flex-basis:50%\"><div class=\"wp-block-image\">\n<figure class=\"alignleft size-full\"><img loading=\"lazy\" decoding=\"async\" width=\"600\" height=\"338\" src=\"https:\/\/sekundi.eu\/wp-content\/uploads\/2023\/02\/qui-sommes-nous-experience-min.jpeg\" alt=\"\" class=\"wp-image-1926\" srcset=\"https:\/\/sekundi.eu\/wp-content\/uploads\/2023\/02\/qui-sommes-nous-experience-min.jpeg 600w, https:\/\/sekundi.eu\/wp-content\/uploads\/2023\/02\/qui-sommes-nous-experience-min-300x169.jpeg 300w\" sizes=\"auto, (max-width: 600px) 100vw, 600px\" \/><\/figure>\n<\/div><\/div>\n\n\n\n<div class=\"wp-block-column is-vertically-aligned-center is-layout-flow wp-block-column-is-layout-flow advgb-dyn-95452af5\" style=\"flex-basis:50%\">\n<h2 class=\"wp-block-heading\"><strong>W jaki spos\u00f3b mo\u017cna wdro\u017cy\u0107 skuteczn\u0105 strategi\u0119 windykacyjn\u0105 w Austrii?<\/strong><\/h2>\n\n\n\n<p class=\"advgb-dyn-c0aef93c\">Sukces encash tkwi w zaz\u0119bieniu si\u0119 jego dzia\u0142a\u0144 z dzia\u0142aniami kancelarii prawnej zwi\u0105zanej z encash, co optymalizuje procesy, a przez to tak\u017ce szybko\u015b\u0107 i skuteczno\u015b\u0107 egzekucji oraz znacznie zwi\u0119ksza stop\u0119 odzysku nale\u017cno\u015bci.<\/p>\n<\/div>\n<\/div>\n\n\n\n<div style=\"height:50px\" aria-hidden=\"true\" class=\"wp-block-spacer\"><\/div>\n\n\n\n<h2 class=\"wp-block-heading\">Jak post\u0119powa\u0107 z austriackimi d\u0142u\u017cnikami?<\/h2>\n\n\n\n<p>Dzi\u0119ki przynale\u017cno\u015bci do mi\u0119dzynarodowej sieci windykacyjnej Sekundi i ich lokalnych partner\u00f3w windykacyjnych w danym kraju d\u0142u\u017cnika mi\u0119dzynarodowego. Przetwarzanie odbywa si\u0119 elektronicznie poprzez intranet z rygorystycznym systemem raportowania i jednolit\u0105 taryf\u0105.<\/p>\n\n\n\n<p><\/p>\n\n\n\n<div style=\"height:20px\" aria-hidden=\"true\" class=\"wp-block-spacer\"><\/div>\n\n\n\n<h2 class=\"wp-block-heading\"><strong>Kilka danych na temat windykacji<\/strong><\/h2>\n\n\n\n<p>Przy konsekwentnej windykacji zaleg\u0142ych, bezspornych nale\u017cno\u015bci klienta krajowego lub mi\u0119dzynarodowego mo\u017cna spodziewa\u0107 si\u0119 stopy odzysku na poziomie ok. 79-80% w przypadku nale\u017cno\u015bci nie starszych ni\u017c 2 do maksymalnie 3 lat.<\/p>\n\n\n\n<p>Natomiast w sektorze B2B zale\u017cy to r\u00f3wnie\u017c w znacznym stopniu od bran\u017cy d\u0142u\u017cnika, gdy\u017c w niekt\u00f3rych bran\u017cach wyst\u0119puje zwi\u0119kszone ryzyko niewyp\u0142acalno\u015bci, kt\u00f3re mo\u017ce by\u0107 wywo\u0142ane r\u00f3\u017cnymi czynnikami, takimi jak pandemia (np. ostatnio Corona) czy zdarzenie wojenne (np. wojna na Ukrainie).<\/p>\n\n\n\n<p>W sektorze B2C negatywny wp\u0142yw na mo\u017cliwo\u015b\u0107 odzyskania \u015brodk\u00f3w mo\u017ce mie\u0107 rosn\u0105ca liczba niewyp\u0142acalno\u015bci os\u00f3b prywatnych, kt\u00f3ra jest r\u00f3wnie\u017c zwi\u0105zana z wy\u017cej wymienionymi wydarzeniami i kt\u00f3ra doprowadzi\u0142a do wysokiej inflacji, a tym samym do wska\u017anik\u00f3w inflacji.<\/p>\n\n\n\n<p>Og\u00f3lnie jednak takie zdarzenia maj\u0105 silny, tymczasowy wp\u0142yw tylko przez okres od jednego do trzech lat, po czym ponownie si\u0119 wyr\u00f3wnuj\u0105.<\/p>\n\n\n\n<div style=\"height:50px\" aria-hidden=\"true\" class=\"wp-block-spacer\"><\/div>\n\n\n\n<div class=\"wp-block-group alignwide has-bleu-gris-background-color has-background\"><div class=\"wp-block-group__inner-container is-layout-constrained wp-block-group-is-layout-constrained\">\n<div style=\"height:30px\" aria-hidden=\"true\" class=\"wp-block-spacer\"><\/div>\n\n\n\n<p class=\"has-text-align-center marg0 has-marron-color has-text-color has-small-font-size\"><\/p>\n\n\n\n<h2 class=\"has-text-align-center marg0 wp-block-heading\" id=\"titre-2-a8530347-58d4-4393-abd8-f975470a0732\"><strong>Najcz\u0119\u015bciej zadawane pytania dotycz\u0105ce windykacji w Austrii<\/strong><\/h2>\n\n\n\n<div style=\"height:30px\" aria-hidden=\"true\" class=\"wp-block-spacer\"><\/div>\n\n\n\n<div class=\"wp-block-advgb-accordions advgb-accordions-4bf0d2e4-b13b-4fa5-a3cc-d3711ef39923 advgb-accordion-wrapper\" data-collapsed=\"true\">\n<div class=\"wp-block-advgb-accordion-item advgb-accordion-item\" style=\"margin-bottom:15px\"><div class=\"advgb-accordion-header\" style=\"background-color:#000;color:#eee;border-style:solid;border-width:1px;border-radius:2px\"><span class=\"advgb-accordion-header-icon\"><svg fill=\"#fff\" xmlns=\"http:\/\/www.w3.org\/2000\/svg\" width=\"24\" height=\"24\" viewBox=\"0 0 24 24\"><path fill=\"none\" d=\"M0,0h24v24H0V0z\"><\/path><path d=\"M12,5.83L15.17,9l1.41-1.41L12,3L7.41,7.59L8.83,9L12,5.83z M12,18.17L8.83,15l-1.41,1.41L12,21l4.59-4.59L15.17,15 L12,18.17z\"><\/path><\/svg><\/span><h3 class=\"advgb-accordion-header-title\" style=\"color:inherit\"><strong><strong>Jakie dane s\u0105 wymagane do dochodzenia swoich roszcze\u0144 w Austrii?<\/strong><\/strong><\/h3><\/div><div class=\"advgb-accordion-body\" style=\"border-style:solid !important;border-width:1px !important;border-color:undefined !important;border-top:none !important;border-radius:2px !important\">\n\n<p>Im bardziej kompletne i aktualne s\u0105 lub mog\u0105 by\u0107 dane istniej\u0105ce o d\u0142u\u017cniku i przekazane w trakcie windykacji, tym szybsza i skuteczniejsza jest windykacja, a co za tym idzie r\u00f3wnie\u017c szansa na ca\u0142kowite lub cz\u0119\u015bciowe odzyskanie zaleg\u0142ej nale\u017cno\u015bci.<\/p>\n\n<\/div><\/div>\n\n\n\n<div class=\"wp-block-advgb-accordion-item advgb-accordion-item\" style=\"margin-bottom:15px\"><div class=\"advgb-accordion-header\" style=\"background-color:#000;color:#eee;border-style:solid;border-width:1px;border-radius:2px\"><span class=\"advgb-accordion-header-icon\"><svg fill=\"#fff\" xmlns=\"http:\/\/www.w3.org\/2000\/svg\" width=\"24\" height=\"24\" viewBox=\"0 0 24 24\"><path fill=\"none\" d=\"M0,0h24v24H0V0z\"><\/path><path d=\"M12,5.83L15.17,9l1.41-1.41L12,3L7.41,7.59L8.83,9L12,5.83z M12,18.17L8.83,15l-1.41,1.41L12,21l4.59-4.59L15.17,15 L12,18.17z\"><\/path><\/svg><\/span><h3 class=\"advgb-accordion-header-title\" style=\"color:inherit\"><strong><strong>Jakie op\u0142aty obowi\u0105zuj\u0105 przy windykacji w Austrii?<\/strong><\/strong><\/h3><\/div><div class=\"advgb-accordion-body\" style=\"border-style:solid !important;border-width:1px !important;border-color:undefined !important;border-top:none !important;border-radius:2px !important\">\n\n<p>W przypadku windykacji nale\u017cno\u015bci od klient\u00f3w mi\u0119dzynarodowych wobec d\u0142u\u017cnik\u00f3w austriackich stosuje si\u0119 jednolit\u0105 stawk\u0119 prowizji za sukces w odniesieniu do wniesionego roszczenia.<\/p>\n\n\n<p>W przypadku s\u0105dowej windykacji takich nale\u017cno\u015bci, do okre\u015blonej kwoty roszczenia stosuje si\u0119 stawki rycza\u0142towe, w przeciwnym razie obowi\u0105zuje miejscowa taryfa op\u0142at s\u0105dowych i adwokackich.<\/p>\n\n\n<p>W ka\u017cdym przypadku warunkiem koniecznym jest, aby roszczenie by\u0142o bezsporne.<\/p>\n\n<\/div><\/div>\n\n\n\n<div class=\"wp-block-advgb-accordion-item advgb-accordion-item\" style=\"margin-bottom:15px\"><div class=\"advgb-accordion-header\" style=\"background-color:#000;color:#eee;border-style:solid;border-width:1px;border-radius:2px\"><span class=\"advgb-accordion-header-icon\"><svg fill=\"#fff\" xmlns=\"http:\/\/www.w3.org\/2000\/svg\" width=\"24\" height=\"24\" viewBox=\"0 0 24 24\"><path fill=\"none\" d=\"M0,0h24v24H0V0z\"><\/path><path d=\"M12,5.83L15.17,9l1.41-1.41L12,3L7.41,7.59L8.83,9L12,5.83z M12,18.17L8.83,15l-1.41,1.41L12,21l4.59-4.59L15.17,15 L12,18.17z\"><\/path><\/svg><\/span><h3 class=\"advgb-accordion-header-title\" style=\"color:inherit\"><strong><strong>Dlaczego powiniene\u015b powierzy\u0107 nam swoje nale\u017cno\u015bci mi\u0119dzynarodowe w Austrii?<\/strong><\/strong><\/h3><\/div><div class=\"advgb-accordion-body\" style=\"border-style:solid !important;border-width:1px !important;border-color:undefined !important;border-top:none !important;border-radius:2px !important\">\n\n<p>Dzi\u0119ki 18-letniemu do\u015bwiadczeniu encash na lokalnym rynku w Austrii i 37-letniemu do\u015bwiadczeniu kancelarii prawnej zwi\u0105zanej z encash, istniej\u0105 dane si\u0119gaj\u0105ce daleko wstecz i oparte na tysi\u0105cach spraw, co pozwala na bardzo dok\u0142adne statystyki dotycz\u0105ce sukcesu lub szans na sukces. Ponadto do praktycznych do\u015bwiadcze\u0144 wyniesionych z tego d\u0142ugiego okresu czasu i licznych spraw z niego pochodz\u0105cych, stale dostosowywane s\u0105 metody windykacji zar\u00f3wno pozas\u0105dowej, jak i s\u0105dowej.<\/p>\n\n<\/div><\/div>\n\n\n\n<div class=\"wp-block-advgb-accordion-item advgb-accordion-item\" style=\"margin-bottom:15px\"><div class=\"advgb-accordion-header\" style=\"background-color:#000;color:#eee;border-style:solid;border-width:1px;border-radius:2px\"><span class=\"advgb-accordion-header-icon\"><svg fill=\"#fff\" xmlns=\"http:\/\/www.w3.org\/2000\/svg\" width=\"24\" height=\"24\" viewBox=\"0 0 24 24\"><path fill=\"none\" d=\"M0,0h24v24H0V0z\"><\/path><path d=\"M12,5.83L15.17,9l1.41-1.41L12,3L7.41,7.59L8.83,9L12,5.83z M12,18.17L8.83,15l-1.41,1.41L12,21l4.59-4.59L15.17,15 L12,18.17z\"><\/path><\/svg><\/span><h3 class=\"advgb-accordion-header-title\" style=\"color:inherit\"><strong><strong>Jak mo\u017cna zautomatyzowa\u0107 mi\u0119dzynarodow\u0105 windykacj\u0119 z Sekundi?<\/strong><\/strong><\/h3><\/div><div class=\"advgb-accordion-body\" style=\"border-style:solid !important;border-width:1px !important;border-color:undefined !important;border-top:none !important;border-radius:2px !important\">\n\n<p>Od 11 lat Encash korzysta z oprogramowania inkasenckiego, kt\u00f3re jest stale rozwijane przez w\u0142asny dzia\u0142 IT i kt\u00f3re jest optymalnie dostosowane do wsp\u00f3\u0142czesnych wymaga\u0144.<\/p>\n\n\n<p>Prace windykacyjne, zar\u00f3wno pozas\u0105dowe, jak i s\u0105dowe prowadzone przez kancelari\u0119 prawn\u0105 zwi\u0105zan\u0105 z encash, r\u00f3wnie\u017c obs\u0142ugiwane s\u0105 przez najnowocze\u015bniejsze oprogramowanie prawnicze, kt\u00f3re zosta\u0142o skoordynowane z oprogramowaniem windykacyjnym, a b\u0142\u0119dy w obs\u0142udze spraw s\u0105 praktycznie wyeliminowane dzi\u0119ki licznym back-upom.<\/p>\n\n\n<p>W ten spos\u00f3b przekazane sprawy jeszcze tego samego dnia trafiaj\u0105 do systemu EDP, s\u0105 przetwarzane i od razu podejmowany jest pierwszy krok w procesie windykacji. Poprzez system inspekcji plik\u00f3w online dla klient\u00f3w encash za po\u015brednictwem strony internetowej encash, zapewniona jest r\u00f3wnie\u017c inspekcja 24\/7 (chroniona has\u0142em) przez klienta.<\/p>\n\n<\/div><\/div>\n<\/div>\n\n\n\n<div class=\"wp-block-advgb-accordions advgb-accordions-27c1085b-b33e-404f-b50f-4128566de41d advgb-accordion-wrapper\" data-collapsed=\"true\">\n<div class=\"wp-block-advgb-accordion-item advgb-accordion-item\" style=\"margin-bottom:15px\"><div class=\"advgb-accordion-header\" style=\"background-color:#000;color:#eee;border-style:solid;border-width:1px;border-radius:2px\"><span class=\"advgb-accordion-header-icon\"><svg fill=\"#fff\" xmlns=\"http:\/\/www.w3.org\/2000\/svg\" width=\"24\" height=\"24\" viewBox=\"0 0 24 24\"><path fill=\"none\" d=\"M0,0h24v24H0V0z\"><\/path><path d=\"M12,5.83L15.17,9l1.41-1.41L12,3L7.41,7.59L8.83,9L12,5.83z M12,18.17L8.83,15l-1.41,1.41L12,21l4.59-4.59L15.17,15 L12,18.17z\"><\/path><\/svg><\/span><h3 class=\"advgb-accordion-header-title\" style=\"color:inherit\"><strong><strong>Jakie s\u0105 zagro\u017cenia zwi\u0105zane z mi\u0119dzynarodow\u0105 windykacj\u0105 w Austrii?<\/strong><\/strong><\/h3><\/div><div class=\"advgb-accordion-body\" style=\"border-style:solid !important;border-width:1px !important;border-color:undefined !important;border-top:none !important;border-radius:2px !important\">\n\n<p>W przypadku roszcze\u0144 bezspornych nie ma prawie \u017cadnego ryzyka, z wyj\u0105tkiem wydatk\u00f3w pieni\u0119\u017cnych i op\u0142at (kt\u00f3re jednak s\u0105 utrzymywane w granicach).<\/p>\n\n\n<p>Je\u015bli d\u0142u\u017cnik kwestionuje roszczenie w trakcie procesu windykacji, dalsze post\u0119powanie jest szczeg\u00f3\u0142owo omawiane z klientem (wierzycielem) lub mi\u0119dzynarodowym partnerem windykacyjnym, a ocena ewentualnych ryzyk jest z nimi wyja\u015bniana.<\/p>\n\n<\/div><\/div>\n\n\n\n<div class=\"wp-block-advgb-accordion-item advgb-accordion-item\" style=\"margin-bottom:15px\"><div class=\"advgb-accordion-header\" style=\"background-color:#000;color:#eee;border-style:solid;border-width:1px;border-radius:2px\"><span class=\"advgb-accordion-header-icon\"><svg fill=\"#fff\" xmlns=\"http:\/\/www.w3.org\/2000\/svg\" width=\"24\" height=\"24\" viewBox=\"0 0 24 24\"><path fill=\"none\" d=\"M0,0h24v24H0V0z\"><\/path><path d=\"M12,5.83L15.17,9l1.41-1.41L12,3L7.41,7.59L8.83,9L12,5.83z M12,18.17L8.83,15l-1.41,1.41L12,21l4.59-4.59L15.17,15 L12,18.17z\"><\/path><\/svg><\/span><h3 class=\"advgb-accordion-header-title\" style=\"color:inherit\"><strong><strong>Kto mo\u017ce zleci\u0107 us\u0142ugodawcy windykacj\u0119 nale\u017cno\u015bci mi\u0119dzynarodowych?<\/strong><\/strong><\/h3><\/div><div class=\"advgb-accordion-body\" style=\"border-style:solid !important;border-width:1px !important;border-color:undefined !important;border-top:none !important;border-radius:2px !important\">\n\n<p>Jednak w\u015br\u00f3d sta\u0142ych klient\u00f3w encash i zwi\u0105zanej z nim kancelarii znajduj\u0105 si\u0119 liczne krajowe i zagraniczne instytucje i firmy ze wszystkich bran\u017c i sektor\u00f3w, w tym z sektora finansowego, a tak\u017ce firmy produkcyjne i handlowe z g\u0142\u00f3wnych bran\u017c we wszystkich rozmiarach, od ma\u0142ych i \u015brednich przedsi\u0119biorstw do du\u017cych firm lub organizacji.<\/p>\n\n<\/div><\/div>\n<\/div>\n\n\n\n<div style=\"height:50px\" aria-hidden=\"true\" class=\"wp-block-spacer\"><\/div>\n<\/div><\/div>\n\n\n\n<div class=\"wp-block-group alignwide has-marron-background-color has-background\"><div class=\"wp-block-group__inner-container is-layout-constrained wp-block-group-is-layout-constrained\">\n<div style=\"height:30px\" aria-hidden=\"true\" class=\"wp-block-spacer\"><\/div>\n\n\n\n<div class=\"wp-block-columns are-vertically-aligned-center is-layout-flex wp-container-core-columns-is-layout-9d6595d7 wp-block-columns-is-layout-flex\">\n<div class=\"wp-block-column is-vertically-aligned-center is-layout-flow wp-block-column-is-layout-flow\" style=\"flex-basis:66.66%\">\n<p class=\"has-blanc-color has-text-color has-xxlarge-font-size\"><strong>Czy masz zaleg\u0142e d\u0142ugi w innym kraju<\/strong> <strong>i masz problemy z ich sp\u0142at\u0105?<\/strong><\/p>\n<\/div>\n\n\n\n<div class=\"wp-block-column is-vertically-aligned-center is-layout-flow wp-block-column-is-layout-flow\" style=\"flex-basis:33.33%\">\n<div class=\"wp-block-advgb-button aligncenter advgb-dyn-3d7aa1a3\"><a class=\"wp-block-advgb-button_link advgbbtn-3f0f76f6-2322-4a40-90ae-7bbd1725b1fa\" href=\"https:\/\/sekundi.eu\/pl\/kontakt\/\" target=\"_self\" rel=\"noopener noreferrer\"><span><span>Zg\u0142o\u015b swoje roszczenie<\/span><\/span><\/a><\/div>\n<\/div>\n<\/div>\n\n\n\n<div style=\"height:30px\" aria-hidden=\"true\" class=\"wp-block-spacer\"><\/div>\n<\/div><\/div>\n\n\n\n<div class=\"wp-block-group alignwide network\"><div class=\"wp-block-group__inner-container is-layout-constrained wp-block-group-is-layout-constrained\">\n<div style=\"height:50px\" aria-hidden=\"true\" class=\"wp-block-spacer\"><\/div>\n\n\n\n<p class=\"has-text-align-center marg0 has-marron-clair-color has-text-color has-small-font-size\"><strong>NASZA SIE\u0106<\/strong><\/p>\n\n\n\n<h2 class=\"has-text-align-center marg0 wp-block-heading\">Kraje obj\u0119te programem<\/h2>\n\n\n\n<div style=\"height:30px\" aria-hidden=\"true\" class=\"wp-block-spacer\"><\/div>\n\n\n<ul class='country-sitemap'><li><a href='https:\/\/sekundi.eu\/pl\/ameryce-poludniowej\/'>Windykacja nale\u017cno\u015bci w Ameryce Po\u0142udniowej<\/a><ul><li><a href='https:\/\/sekundi.eu\/pl\/ameryce-poludniowej\/windykacja-naleznosci-w-chile\/'><i class='fa-solid fa-map-pin'><\/i>Windykacja nale\u017cno\u015bci w Chile<\/a><\/li><li><a href='https:\/\/sekundi.eu\/pl\/ameryce-poludniowej\/windykacja-naleznosci-w-peru\/'><i class='fa-solid fa-map-pin'><\/i>Windykacja nale\u017cno\u015bci w Peru<\/a><\/li><\/li><\/ul><\/li><\/ul>\n\n\n\n<div style=\"height:50px\" aria-hidden=\"true\" class=\"wp-block-spacer\"><\/div>\n<\/div><\/div>\n<style class=\"advgb-styles-renderer\">.advgbbtn-3f0f76f6-2322-4a40-90ae-7bbd1725b1fa{font-size:18px;color:#fff !important;background-color:#7f634b !important;margin:0px 0px 0px 0px !important;padding:10px 30px 10px 30px;border-width:1px !important;border-color:#fff !important;border-style:solid !important;border-radius:50px !important;}.advgbbtn-3f0f76f6-2322-4a40-90ae-7bbd1725b1fa:hover{color:#7f634b !important;background-color:#fff !important;box-shadow:0px 0px 0px 0px #ccc;opacity:1;transition:all 0s ease;}.advgbbtn-3f0f76f6-2322-4a40-90ae-7bbd1725b1fa > i {display: none !important;}.advgbbtn-3f0f76f6-2322-4a40-90ae-7bbd1725b1fa{font-size:18px;color:#fff !important;background-color:#7f634b !important;margin:0px 0px 0px 0px !important;padding:10px 30px 10px 30px;border-width:1px !important;border-color:#fff !important;border-style:solid !important;border-radius:50px !important;}.advgbbtn-3f0f76f6-2322-4a40-90ae-7bbd1725b1fa:hover{color:#7f634b !important;background-color:#fff !important;box-shadow:0px 0px 0px 0px #ccc;opacity:1;transition:all 0s ease;}.advgbbtn-3f0f76f6-2322-4a40-90ae-7bbd1725b1fa > i {display: none !important;}.advgbbtn-3f0f76f6-2322-4a40-90ae-7bbd1725b1fa{font-size:18px;color:#fff !important;background-color:#7f634b !important;margin:0px 0px 0px 0px !important;padding:10px 30px 10px 30px;border-width:1px !important;border-color:#fff !important;border-style:solid !important;border-radius:50px !important;}.advgbbtn-3f0f76f6-2322-4a40-90ae-7bbd1725b1fa:hover{color:#7f634b !important;background-color:#fff !important;box-shadow:0px 0px 0px 0px #ccc;opacity:1;transition:all 0s ease;}.advgbbtn-3f0f76f6-2322-4a40-90ae-7bbd1725b1fa > i {display: none !important;}.advgbbtn-3f0f76f6-2322-4a40-90ae-7bbd1725b1fa{font-size:18px;color:#fff !important;background-color:#7f634b !important;margin:0px 0px 0px 0px !important;padding:10px 30px 10px 30px;border-width:1px !important;border-color:#fff !important;border-style:solid !important;border-radius:50px !important;}.advgbbtn-3f0f76f6-2322-4a40-90ae-7bbd1725b1fa:hover{color:#7f634b !important;background-color:#fff !important;box-shadow:0px 0px 0px 0px #ccc;opacity:1;transition:all 0s ease;}.advgbbtn-3f0f76f6-2322-4a40-90ae-7bbd1725b1fa > i {display: none !important;}<\/style>","protected":false},"excerpt":{"rendered":"<p>Masz niezap\u0142acony rachunek w Austrii? Dowiedz si\u0119 o naszej pomocy w odzyskiwaniu nale\u017cno\u015bci w Austrii dla firm dzia\u0142aj\u0105cych na arenie mi\u0119dzynarodowej. Post\u0119powanie windykacyjne w Austrii W Austrii windykacja zaleg\u0142ego d\u0142ugu, kt\u00f3ry w zasadzie nie jest kwestionowany przez d\u0142u\u017cnika, odbywa si\u0119 pocz\u0105tkowo na drodze pozas\u0105dowej poprzez podj\u0119cie odpowiednich krok\u00f3w ponaglaj\u0105cych (pisma i rozmowy telefoniczne z osobistym [&hellip;]<\/p>\n","protected":false},"author":1,"featured_media":0,"parent":3509,"menu_order":359,"comment_status":"closed","ping_status":"closed","template":"","meta":{"advgb_blocks_editor_width":"","advgb_blocks_columns_visual_guide":"","footnotes":""},"class_list":["post-5342","page","type-page","status-publish","hentry"],"yoast_head":"<!-- This site is optimized with the Yoast SEO plugin v27.5 - https:\/\/yoast.com\/product\/yoast-seo-wordpress\/ -->\n<title>Windykacja nale\u017cno\u015bci w Austrii - Mi\u0119dzynarodowa windykacja d\u0142ug\u00f3w<\/title>\n<meta name=\"description\" content=\"Masz niezap\u0142acony rachunek w Austrii? Dowiedz si\u0119 o naszej pomocy przy windykacji nale\u017cno\u015bci w Austrii.\" \/>\n<meta name=\"robots\" content=\"index, follow, max-snippet:-1, max-image-preview:large, max-video-preview:-1\" \/>\n<link rel=\"canonical\" href=\"https:\/\/sekundi.eu\/pl\/europie\/windykacja-naleznosci-w-austrii\/\" \/>\n<meta property=\"og:locale\" content=\"pl_PL\" \/>\n<meta property=\"og:type\" content=\"article\" \/>\n<meta property=\"og:title\" content=\"Windykacja nale\u017cno\u015bci w Austrii - Mi\u0119dzynarodowa windykacja d\u0142ug\u00f3w\" \/>\n<meta property=\"og:description\" content=\"Masz niezap\u0142acony rachunek w Austrii? Dowiedz si\u0119 o naszej pomocy przy windykacji nale\u017cno\u015bci w Austrii.\" \/>\n<meta property=\"og:url\" content=\"https:\/\/sekundi.eu\/pl\/europie\/windykacja-naleznosci-w-austrii\/\" \/>\n<meta property=\"og:site_name\" content=\"SEKUNDI\" \/>\n<meta property=\"article:modified_time\" content=\"2023-02-24T16:13:54+00:00\" \/>\n<meta property=\"og:image\" content=\"https:\/\/sekundi.eu\/wp-content\/uploads\/2023\/02\/accompagnement-recouvrement-min-2.jpeg\" \/>\n<meta name=\"twitter:card\" content=\"summary_large_image\" \/>\n<meta name=\"twitter:label1\" content=\"Szacowany czas czytania\" \/>\n\t<meta name=\"twitter:data1\" content=\"4 minuty\" \/>\n<script type=\"application\/ld+json\" class=\"yoast-schema-graph\">{\"@context\":\"https:\\\/\\\/schema.org\",\"@graph\":[{\"@type\":\"WebPage\",\"@id\":\"https:\\\/\\\/sekundi.eu\\\/pl\\\/europie\\\/windykacja-naleznosci-w-austrii\\\/\",\"url\":\"https:\\\/\\\/sekundi.eu\\\/pl\\\/europie\\\/windykacja-naleznosci-w-austrii\\\/\",\"name\":\"Windykacja nale\u017cno\u015bci w Austrii - Mi\u0119dzynarodowa windykacja d\u0142ug\u00f3w\",\"isPartOf\":{\"@id\":\"https:\\\/\\\/sekundi.eu\\\/#website\"},\"primaryImageOfPage\":{\"@id\":\"https:\\\/\\\/sekundi.eu\\\/pl\\\/europie\\\/windykacja-naleznosci-w-austrii\\\/#primaryimage\"},\"image\":{\"@id\":\"https:\\\/\\\/sekundi.eu\\\/pl\\\/europie\\\/windykacja-naleznosci-w-austrii\\\/#primaryimage\"},\"thumbnailUrl\":\"https:\\\/\\\/sekundi.eu\\\/wp-content\\\/uploads\\\/2023\\\/02\\\/accompagnement-recouvrement-min-2.jpeg\",\"datePublished\":\"2023-02-09T13:37:43+00:00\",\"dateModified\":\"2023-02-24T16:13:54+00:00\",\"description\":\"Masz niezap\u0142acony rachunek w Austrii? Dowiedz si\u0119 o naszej pomocy przy windykacji nale\u017cno\u015bci w Austrii.\",\"breadcrumb\":{\"@id\":\"https:\\\/\\\/sekundi.eu\\\/pl\\\/europie\\\/windykacja-naleznosci-w-austrii\\\/#breadcrumb\"},\"inLanguage\":\"pl-PL\",\"potentialAction\":[{\"@type\":\"ReadAction\",\"target\":[\"https:\\\/\\\/sekundi.eu\\\/pl\\\/europie\\\/windykacja-naleznosci-w-austrii\\\/\"]}]},{\"@type\":\"ImageObject\",\"inLanguage\":\"pl-PL\",\"@id\":\"https:\\\/\\\/sekundi.eu\\\/pl\\\/europie\\\/windykacja-naleznosci-w-austrii\\\/#primaryimage\",\"url\":\"https:\\\/\\\/sekundi.eu\\\/wp-content\\\/uploads\\\/2023\\\/02\\\/accompagnement-recouvrement-min-2.jpeg\",\"contentUrl\":\"https:\\\/\\\/sekundi.eu\\\/wp-content\\\/uploads\\\/2023\\\/02\\\/accompagnement-recouvrement-min-2.jpeg\"},{\"@type\":\"BreadcrumbList\",\"@id\":\"https:\\\/\\\/sekundi.eu\\\/pl\\\/europie\\\/windykacja-naleznosci-w-austrii\\\/#breadcrumb\",\"itemListElement\":[{\"@type\":\"ListItem\",\"position\":1,\"name\":\"Accueil\",\"item\":\"https:\\\/\\\/sekundi.eu\\\/pl\\\/\"},{\"@type\":\"ListItem\",\"position\":2,\"name\":\"Windykacja nale\u017cno\u015bci w Europie\",\"item\":\"https:\\\/\\\/sekundi.eu\\\/pl\\\/europie\\\/\"},{\"@type\":\"ListItem\",\"position\":3,\"name\":\"Windykacja nale\u017cno\u015bci w Austrii\"}]},{\"@type\":\"WebSite\",\"@id\":\"https:\\\/\\\/sekundi.eu\\\/#website\",\"url\":\"https:\\\/\\\/sekundi.eu\\\/\",\"name\":\"SEKUNDI\",\"description\":\"\",\"publisher\":{\"@id\":\"https:\\\/\\\/sekundi.eu\\\/#organization\"},\"potentialAction\":[{\"@type\":\"SearchAction\",\"target\":{\"@type\":\"EntryPoint\",\"urlTemplate\":\"https:\\\/\\\/sekundi.eu\\\/?s={search_term_string}\"},\"query-input\":{\"@type\":\"PropertyValueSpecification\",\"valueRequired\":true,\"valueName\":\"search_term_string\"}}],\"inLanguage\":\"pl-PL\"},{\"@type\":\"Organization\",\"@id\":\"https:\\\/\\\/sekundi.eu\\\/#organization\",\"name\":\"Sekundi\",\"url\":\"https:\\\/\\\/sekundi.eu\\\/\",\"logo\":{\"@type\":\"ImageObject\",\"inLanguage\":\"pl-PL\",\"@id\":\"https:\\\/\\\/sekundi.eu\\\/#\\\/schema\\\/logo\\\/image\\\/\",\"url\":\"https:\\\/\\\/sekundi.eu\\\/wp-content\\\/uploads\\\/2022\\\/12\\\/logo_sekundi.png\",\"contentUrl\":\"https:\\\/\\\/sekundi.eu\\\/wp-content\\\/uploads\\\/2022\\\/12\\\/logo_sekundi.png\",\"width\":171,\"height\":46,\"caption\":\"Sekundi\"},\"image\":{\"@id\":\"https:\\\/\\\/sekundi.eu\\\/#\\\/schema\\\/logo\\\/image\\\/\"}}]}<\/script>\n<!-- \/ Yoast SEO plugin. -->","yoast_head_json":{"title":"Windykacja nale\u017cno\u015bci w Austrii - Mi\u0119dzynarodowa windykacja d\u0142ug\u00f3w","description":"Masz niezap\u0142acony rachunek w Austrii? Dowiedz si\u0119 o naszej pomocy przy windykacji nale\u017cno\u015bci w Austrii.","robots":{"index":"index","follow":"follow","max-snippet":"max-snippet:-1","max-image-preview":"max-image-preview:large","max-video-preview":"max-video-preview:-1"},"canonical":"https:\/\/sekundi.eu\/pl\/europie\/windykacja-naleznosci-w-austrii\/","og_locale":"pl_PL","og_type":"article","og_title":"Windykacja nale\u017cno\u015bci w Austrii - Mi\u0119dzynarodowa windykacja d\u0142ug\u00f3w","og_description":"Masz niezap\u0142acony rachunek w Austrii? Dowiedz si\u0119 o naszej pomocy przy windykacji nale\u017cno\u015bci w Austrii.","og_url":"https:\/\/sekundi.eu\/pl\/europie\/windykacja-naleznosci-w-austrii\/","og_site_name":"SEKUNDI","article_modified_time":"2023-02-24T16:13:54+00:00","og_image":[{"url":"https:\/\/sekundi.eu\/wp-content\/uploads\/2023\/02\/accompagnement-recouvrement-min-2.jpeg","type":"","width":"","height":""}],"twitter_card":"summary_large_image","twitter_misc":{"Szacowany czas czytania":"4 minuty"},"schema":{"@context":"https:\/\/schema.org","@graph":[{"@type":"WebPage","@id":"https:\/\/sekundi.eu\/pl\/europie\/windykacja-naleznosci-w-austrii\/","url":"https:\/\/sekundi.eu\/pl\/europie\/windykacja-naleznosci-w-austrii\/","name":"Windykacja nale\u017cno\u015bci w Austrii - Mi\u0119dzynarodowa windykacja d\u0142ug\u00f3w","isPartOf":{"@id":"https:\/\/sekundi.eu\/#website"},"primaryImageOfPage":{"@id":"https:\/\/sekundi.eu\/pl\/europie\/windykacja-naleznosci-w-austrii\/#primaryimage"},"image":{"@id":"https:\/\/sekundi.eu\/pl\/europie\/windykacja-naleznosci-w-austrii\/#primaryimage"},"thumbnailUrl":"https:\/\/sekundi.eu\/wp-content\/uploads\/2023\/02\/accompagnement-recouvrement-min-2.jpeg","datePublished":"2023-02-09T13:37:43+00:00","dateModified":"2023-02-24T16:13:54+00:00","description":"Masz niezap\u0142acony rachunek w Austrii? Dowiedz si\u0119 o naszej pomocy przy windykacji nale\u017cno\u015bci w Austrii.","breadcrumb":{"@id":"https:\/\/sekundi.eu\/pl\/europie\/windykacja-naleznosci-w-austrii\/#breadcrumb"},"inLanguage":"pl-PL","potentialAction":[{"@type":"ReadAction","target":["https:\/\/sekundi.eu\/pl\/europie\/windykacja-naleznosci-w-austrii\/"]}]},{"@type":"ImageObject","inLanguage":"pl-PL","@id":"https:\/\/sekundi.eu\/pl\/europie\/windykacja-naleznosci-w-austrii\/#primaryimage","url":"https:\/\/sekundi.eu\/wp-content\/uploads\/2023\/02\/accompagnement-recouvrement-min-2.jpeg","contentUrl":"https:\/\/sekundi.eu\/wp-content\/uploads\/2023\/02\/accompagnement-recouvrement-min-2.jpeg"},{"@type":"BreadcrumbList","@id":"https:\/\/sekundi.eu\/pl\/europie\/windykacja-naleznosci-w-austrii\/#breadcrumb","itemListElement":[{"@type":"ListItem","position":1,"name":"Accueil","item":"https:\/\/sekundi.eu\/pl\/"},{"@type":"ListItem","position":2,"name":"Windykacja nale\u017cno\u015bci w Europie","item":"https:\/\/sekundi.eu\/pl\/europie\/"},{"@type":"ListItem","position":3,"name":"Windykacja nale\u017cno\u015bci w Austrii"}]},{"@type":"WebSite","@id":"https:\/\/sekundi.eu\/#website","url":"https:\/\/sekundi.eu\/","name":"SEKUNDI","description":"","publisher":{"@id":"https:\/\/sekundi.eu\/#organization"},"potentialAction":[{"@type":"SearchAction","target":{"@type":"EntryPoint","urlTemplate":"https:\/\/sekundi.eu\/?s={search_term_string}"},"query-input":{"@type":"PropertyValueSpecification","valueRequired":true,"valueName":"search_term_string"}}],"inLanguage":"pl-PL"},{"@type":"Organization","@id":"https:\/\/sekundi.eu\/#organization","name":"Sekundi","url":"https:\/\/sekundi.eu\/","logo":{"@type":"ImageObject","inLanguage":"pl-PL","@id":"https:\/\/sekundi.eu\/#\/schema\/logo\/image\/","url":"https:\/\/sekundi.eu\/wp-content\/uploads\/2022\/12\/logo_sekundi.png","contentUrl":"https:\/\/sekundi.eu\/wp-content\/uploads\/2022\/12\/logo_sekundi.png","width":171,"height":46,"caption":"Sekundi"},"image":{"@id":"https:\/\/sekundi.eu\/#\/schema\/logo\/image\/"}}]}},"coauthors":[],"author_meta":{"author_link":"https:\/\/sekundi.eu\/pl\/author\/sekimageundi\/","display_name":"Les Imageurs"},"relative_dates":{"created":"Posted 3 lata ago","modified":"Updated 3 lata ago"},"absolute_dates":{"created":"Posted on 2023-02-09","modified":"Updated on 2023-02-24"},"absolute_dates_time":{"created":"Posted on 2023-02-09 14:37","modified":"Updated on 2023-02-24 17:13"},"featured_img_caption":"","featured_img":false,"series_order":"","_links":{"self":[{"href":"https:\/\/sekundi.eu\/pl\/wp-json\/wp\/v2\/pages\/5342","targetHints":{"allow":["GET"]}}],"collection":[{"href":"https:\/\/sekundi.eu\/pl\/wp-json\/wp\/v2\/pages"}],"about":[{"href":"https:\/\/sekundi.eu\/pl\/wp-json\/wp\/v2\/types\/page"}],"author":[{"embeddable":true,"href":"https:\/\/sekundi.eu\/pl\/wp-json\/wp\/v2\/users\/1"}],"replies":[{"embeddable":true,"href":"https:\/\/sekundi.eu\/pl\/wp-json\/wp\/v2\/comments?post=5342"}],"version-history":[{"count":2,"href":"https:\/\/sekundi.eu\/pl\/wp-json\/wp\/v2\/pages\/5342\/revisions"}],"predecessor-version":[{"id":7112,"href":"https:\/\/sekundi.eu\/pl\/wp-json\/wp\/v2\/pages\/5342\/revisions\/7112"}],"up":[{"embeddable":true,"href":"https:\/\/sekundi.eu\/pl\/wp-json\/wp\/v2\/pages\/3509"}],"wp:attachment":[{"href":"https:\/\/sekundi.eu\/pl\/wp-json\/wp\/v2\/media?parent=5342"}],"curies":[{"name":"wp","href":"https:\/\/api.w.org\/{rel}","templated":true}]}}