{"id":5346,"date":"2023-01-03T12:30:57","date_gmt":"2023-01-03T11:30:57","guid":{"rendered":"https:\/\/sekundi.eu\/europie\/windykacja-naleznosci-w-szwajcarii\/"},"modified":"2023-02-24T17:15:16","modified_gmt":"2023-02-24T16:15:16","slug":"windykacja-naleznosci-w-szwajcarii","status":"publish","type":"page","link":"https:\/\/sekundi.eu\/pl\/europie\/windykacja-naleznosci-w-szwajcarii\/","title":{"rendered":"Windykacja nale\u017cno\u015bci w Szwajcarii"},"content":{"rendered":"\n<div style=\"height:50px\" aria-hidden=\"true\" class=\"wp-block-spacer\"><\/div>\n\n\n\n<p>Czy masz mi\u0119dzynarodowy d\u0142ug w szwajcarskiej firmie? Jako firma mo\u017cesz otworzy\u0107 sw\u00f3j rynek na inne firmy w skali mi\u0119dzynarodowej. Ale je\u015bli nie p\u0142ac\u0105, to odzyskanie pieni\u0119dzy staje si\u0119 bardziej skomplikowane. Odkryj <strong>szybk\u0105 i skuteczn\u0105 windykacj\u0119 w Szwajcarii<\/strong> dzi\u0119ki sieci Sekundi.<\/p>\n\n\n\n<div class=\"wp-block-columns are-vertically-aligned-center is-layout-flex wp-container-core-columns-is-layout-9d6595d7 wp-block-columns-is-layout-flex\">\n<div class=\"wp-block-column is-vertically-aligned-center is-layout-flow wp-block-column-is-layout-flow\" style=\"flex-basis:50%\">\n<h2 class=\"wp-block-heading\"><strong>Co robimy?<\/strong><\/h2>\n\n\n\n<p>W Szwajcarii rozpoczyna si\u0119 <strong>proces egzekucji d\u0142ugu<\/strong>. W przypadku os\u00f3b fizycznych egzekucja opiera si\u0119 na zaj\u0119ciu. W przypadku os\u00f3b prawnych operacj\u0119 przeprowadza si\u0119 na upad\u0142o\u015bci.<\/p>\n\n\n\n<p>Je\u017celi d\u0142u\u017cnik wniesie sprzeciw prawny, to sprzeciw ten musi zosta\u0107 rozstrzygni\u0119ty, aby egzekucja d\u0142ugu mog\u0142a by\u0107 kontynuowana. Je\u015bli nie ma tytu\u0142u, to robi si\u0119 to z w\u0142a\u015bciwym magistratem za pomoc\u0105 wniosku o arbitra\u017c. Je\u015bli wierzyciel jest w posiadaniu tytu\u0142u, mo\u017cna bezpo\u015brednio \u017c\u0105da\u0107 ostatecznego otwarcia prawnego.<\/p>\n<\/div>\n\n\n\n<div class=\"wp-block-column is-vertically-aligned-center is-layout-flow wp-block-column-is-layout-flow\" style=\"flex-basis:50%\"><div class=\"wp-block-image\">\n<figure class=\"alignright size-full\"><img loading=\"lazy\" decoding=\"async\" width=\"600\" height=\"400\" src=\"https:\/\/sekundi.eu\/wp-content\/uploads\/2023\/02\/recouvrement-amiable-min.jpeg\" alt=\"\" class=\"wp-image-1973\" srcset=\"https:\/\/sekundi.eu\/wp-content\/uploads\/2023\/02\/recouvrement-amiable-min.jpeg 600w, https:\/\/sekundi.eu\/wp-content\/uploads\/2023\/02\/recouvrement-amiable-min-300x200.jpeg 300w\" sizes=\"auto, (max-width: 600px) 100vw, 600px\" \/><\/figure>\n<\/div><\/div>\n<\/div>\n\n\n\n<div style=\"height:50px\" aria-hidden=\"true\" class=\"wp-block-spacer\"><\/div>\n\n\n\n<figure class=\"wp-block-image alignfull size-large\"><img loading=\"lazy\" decoding=\"async\" width=\"1024\" height=\"307\" src=\"https:\/\/sekundi.eu\/wp-content\/uploads\/2023\/02\/enjeux-relance-commerciale-min-4-1024x307.jpeg\" alt=\"\" class=\"wp-image-2619\" srcset=\"https:\/\/sekundi.eu\/wp-content\/uploads\/2023\/02\/enjeux-relance-commerciale-min-4-1024x307.jpeg 1024w, https:\/\/sekundi.eu\/wp-content\/uploads\/2023\/02\/enjeux-relance-commerciale-min-4-300x90.jpeg 300w, https:\/\/sekundi.eu\/wp-content\/uploads\/2023\/02\/enjeux-relance-commerciale-min-4-768x230.jpeg 768w, https:\/\/sekundi.eu\/wp-content\/uploads\/2023\/02\/enjeux-relance-commerciale-min-4-1536x461.jpeg 1536w, https:\/\/sekundi.eu\/wp-content\/uploads\/2023\/02\/enjeux-relance-commerciale-min-4.jpeg 2000w\" sizes=\"auto, (max-width: 1024px) 100vw, 1024px\" \/><\/figure>\n\n\n\n<div class=\"wp-block-columns alignwide margt-300 animated fadeInUp is-layout-flex wp-container-core-columns-is-layout-9d6595d7 wp-block-columns-is-layout-flex\">\n<div class=\"wp-block-column is-layout-flow wp-block-column-is-layout-flow\" style=\"flex-basis:40%\">\n<div class=\"wp-block-group arrondi has-blanc-color has-marron-noir-background-color has-text-color has-background\"><div class=\"wp-block-group__inner-container is-layout-constrained wp-block-group-is-layout-constrained\">\n<div style=\"height:30px\" aria-hidden=\"true\" class=\"wp-block-spacer\"><\/div>\n\n\n\n<h2 class=\"marg0 has-blanc-color has-text-color wp-block-heading\">B\u0105d\u017a pewien, \u017ce odzyskasz swoje d\u0142ugi na arenie mi\u0119dzynarodowej<\/h2>\n\n\n\n<div style=\"height:20px\" aria-hidden=\"true\" class=\"wp-block-spacer\"><\/div>\n\n\n\n<p>Mi\u0119dzynarodowa windykacja nale\u017cno\u015bci we wsp\u00f3\u0142pracy z sieci\u0105 Sekundi.<\/p>\n\n\n\n<p>Windykacja mi\u0119dzynarodowa to us\u0142uga, kt\u00f3r\u0105 oferujemy Pa\u0144stwu w sytuacji, gdy osoba, kt\u00f3ra jest Pa\u0144stwu winna pieni\u0105dze, zamieszkuje lub ma swoj\u0105 siedzib\u0119 w innym kraju ni\u017c Pa\u0144stwo.<\/p>\n\n\n\n<div style=\"height:30px\" aria-hidden=\"true\" class=\"wp-block-spacer\"><\/div>\n\n\n\n<div class=\"wp-block-advgb-button alignnone advgb-dyn-82758751\"><a class=\"wp-block-advgb-button_link advgbbtn-8e85942a-86ef-4365-acc1-d6d31d2f44dc\" href=\"https:\/\/sekundi.eu\/contact\/\" target=\"_self\" rel=\"noopener noreferrer\"><span><span>Kontakt-us<\/span><\/span><\/a><\/div>\n\n\n\n<div style=\"height:30px\" aria-hidden=\"true\" class=\"wp-block-spacer\"><\/div>\n<\/div><\/div>\n<\/div>\n\n\n\n<div class=\"wp-block-column is-layout-flow wp-block-column-is-layout-flow\" style=\"flex-basis:60%\"><\/div>\n<\/div>\n\n\n\n<div style=\"height:50px\" aria-hidden=\"true\" class=\"wp-block-spacer\"><\/div>\n\n\n\n<div class=\"wp-block-columns are-vertically-aligned-center is-layout-flex wp-container-core-columns-is-layout-9d6595d7 wp-block-columns-is-layout-flex\">\n<div class=\"wp-block-column is-vertically-aligned-center is-layout-flow wp-block-column-is-layout-flow\" style=\"flex-basis:50%\"><div class=\"wp-block-image\">\n<figure class=\"alignleft size-full\"><img loading=\"lazy\" decoding=\"async\" width=\"600\" height=\"339\" src=\"https:\/\/sekundi.eu\/wp-content\/uploads\/2023\/02\/chequeasy-2-min.jpeg\" alt=\"\" class=\"wp-image-1978\" srcset=\"https:\/\/sekundi.eu\/wp-content\/uploads\/2023\/02\/chequeasy-2-min.jpeg 600w, https:\/\/sekundi.eu\/wp-content\/uploads\/2023\/02\/chequeasy-2-min-300x170.jpeg 300w\" sizes=\"auto, (max-width: 600px) 100vw, 600px\" \/><\/figure>\n<\/div><\/div>\n\n\n\n<div class=\"wp-block-column is-vertically-aligned-center is-layout-flow wp-block-column-is-layout-flow advgb-dyn-bb36cbb9\" style=\"flex-basis:50%\">\n<h2 class=\"wp-block-heading\"><strong>Jak ustali\u0107 skuteczn\u0105 strategi\u0119 windykacji?<\/strong><\/h2>\n\n\n\n<p>Przede wszystkim polecamy porozmawia\u0107 z d\u0142u\u017cnikiem. Dzi\u0119ki nowoczesnemu oprogramowaniu u\u017cytkownika mo\u017cesz zebra\u0107 wszystkie informacje o kliencie i swojej historii. Celem rozmowy jest zrozumienie problem\u00f3w Twojego klienta i przyczyn jego op\u00f3\u017anie\u0144 w p\u0142atno\u015bciach. Jeden problem, j\u0119zyk. Je\u015bli nie m\u00f3wisz biegle po angielsku lub szwajcarsko-niemiecku (kt\u00f3re s\u0105 g\u0142\u00f3wnymi j\u0119zykami w Szwajcarii), trudno b\u0119dzie zrozumie\u0107 Twojego klienta.<\/p>\n\n\n\n<p>Je\u015bli pisemne upomnienia nie przynios\u0105 rezultatu, najlepszym rozwi\u0105zaniem jest <strong>skontaktowanie si\u0119 z firm\u0105 windykacyjn\u0105 w Szwajcarii<\/strong>. dzwoni\u0105c do sieci Sekundi masz kontakt z lokaln\u0105 firm\u0105 windykacyjn\u0105, kt\u00f3ra zajmie si\u0119 Twoj\u0105 kartotek\u0105. Dzi\u0119ki elektronicznej wymianie danych jeste\u015bmy dobrze po\u0142\u0105czeni z w\u0142adzami w Szwajcarii.<\/p>\n<\/div>\n<\/div>\n\n\n\n<div style=\"height:50px\" aria-hidden=\"true\" class=\"wp-block-spacer\"><\/div>\n\n\n\n<h2 class=\"wp-block-heading\"><strong>Jak mo\u017cna wykorzysta\u0107 te dane do usprawnienia proces\u00f3w zbierania?<\/strong><\/h2>\n\n\n\n<p>Dla <strong>skutecznej windykacji wszystkie istotne dane powinny by\u0107 zawsze dost\u0119pne<\/strong>. Takie jak: pe\u0142ne adresy, bez adres\u00f3w skrytek pocztowych, nr telefonu, adres e-mail, data urodzenia i wiele innych.<\/p>\n\n\n\n<div style=\"height:20px\" aria-hidden=\"true\" class=\"wp-block-spacer\"><\/div>\n\n\n\n<h2 class=\"wp-block-heading\"><strong>Statystyki dotycz\u0105ce \u015bci\u0105gania d\u0142ug\u00f3w w Szwajcarii?<\/strong><\/h2>\n\n\n\n<p>Bankructwa firm rosn\u0105 i s\u0105 niemal na najwy\u017cszym poziomie. Z drugiej strony, realizowany jest niewielki spadek upad\u0142o\u015bci prywatnych.<\/p>\n\n\n\n<p>W 2020 roku <a href=\"https:\/\/www.bfs.admin.ch\/bfs\/de\/home\/statistiken\/querschnittsthemen\/wohlfahrtsmessung\/alle-indikatoren\/wirtschaft\/verschuldung-haushalte.html\">Federalny Urz\u0105d Statystyczny<\/a> stwierdzi\u0142, \u017ce 14,9% populacji \u017cyj\u0105cej w gospodarstwie domowym mia\u0142o co najmniej jedn\u0105 zaleg\u0142\u0105 p\u0142atno\u015b\u0107. Zauwa\u017caj\u0105 r\u00f3wnie\u017c, \u017ce 5,1% populacji \u017cyj\u0105cej w gospodarstwie domowym mia\u0142o co najmniej jedno zad\u0142u\u017cone konto lub jeden niesp\u0142acony d\u0142ug na karcie kredytowej.<\/p>\n\n\n\n<div style=\"height:50px\" aria-hidden=\"true\" class=\"wp-block-spacer\"><\/div>\n\n\n\n<div class=\"wp-block-group alignwide has-bleu-gris-background-color has-background\"><div class=\"wp-block-group__inner-container is-layout-constrained wp-block-group-is-layout-constrained\">\n<div style=\"height:30px\" aria-hidden=\"true\" class=\"wp-block-spacer\"><\/div>\n\n\n\n<p class=\"has-text-align-center marg0 has-marron-color has-text-color has-small-font-size\"><\/p>\n\n\n\n<h2 class=\"has-text-align-center marg0 wp-block-heading\" id=\"titre-2-a8530347-58d4-4393-abd8-f975470a0732\"><strong>Najcz\u0119\u015bciej zadawane pytania<\/strong><\/h2>\n\n\n\n<div style=\"height:30px\" aria-hidden=\"true\" class=\"wp-block-spacer\"><\/div>\n\n\n\n<div class=\"wp-block-advgb-accordions advgb-accordions-6d2a3204-a681-486b-81a1-d22cd8482309 advgb-accordion-wrapper\" data-collapsed=\"true\">\n<div class=\"wp-block-advgb-accordion-item advgb-accordion-item\" style=\"margin-bottom:15px\"><div class=\"advgb-accordion-header\" style=\"background-color:#000;color:#eee;border-style:solid;border-width:1px;border-radius:2px\"><span class=\"advgb-accordion-header-icon\"><svg fill=\"#fff\" xmlns=\"http:\/\/www.w3.org\/2000\/svg\" width=\"24\" height=\"24\" viewBox=\"0 0 24 24\"><path fill=\"none\" d=\"M0,0h24v24H0V0z\"><\/path><path d=\"M12,5.83L15.17,9l1.41-1.41L12,3L7.41,7.59L8.83,9L12,5.83z M12,18.17L8.83,15l-1.41,1.41L12,21l4.59-4.59L15.17,15 L12,18.17z\"><\/path><\/svg><\/span><h5 class=\"advgb-accordion-header-title\" style=\"color:inherit\"><strong><strong>Jakie s\u0105 koszty i op\u0142aty zwi\u0105zane z windykacj\u0105?<\/strong><\/strong><\/h5><\/div><div class=\"advgb-accordion-body\" style=\"border-style:solid !important;border-width:1px !important;border-color:undefined !important;border-top:none !important;border-radius:2px !important\">\n\n<p>Nie jeste\u015bmy w stanie poda\u0107 dok\u0142adnej kwoty op\u0142at, ale trzymamy si\u0119 drugorz\u0119dnych taryf.<\/p>\n\n\n<p>Wynika to z tego, \u017ce w Szwajcarii koszty zale\u017c\u0105 od r\u00f3\u017cnych czynnik\u00f3w.<\/p>\n\n\n<div class=\"wp-block-advgb-list advgb-dyn-e8e9645a\"><ul class=\"advgblist-dcdbecd7-ff14-4d11-a538-70ed830e9556 advgb-list advgb-list-arrow-right-alt\">\n\n<li class=\"advgb-dyn-ee97c39d\">Wysoko\u015b\u0107 roszczenia;<\/li>\n\n\n<li class=\"advgb-dyn-5b8c7a97\">W kt\u00f3rym kantonie jest np. B. wszcz\u0119te post\u0119powanie s\u0105dowe;<\/li>\n\n\n<li class=\"advgb-dyn-f796f63a\">Czy d\u0142u\u017cnik podnosi zarzut prawny, czy nie;<\/li>\n\n\n<li class=\"advgb-dyn-1323b205\">R\u00f3\u017cne taryfy przy negocjacjach. O tym, kto ostatecznie poniesie koszty, decyduje wy\u0142\u0105cznie s\u0119dzia jednoosobowy. Wierzyciel czy d\u0142u\u017cnik.<\/li>\n\n\n<li class=\"advgb-dyn-6456e1b2\">Z nowoczesnym oprogramowaniem u\u017cytkownika.<\/li>\n\n\n<li class=\"advgb-dyn-4ca8ba22\">R\u00f3\u017cne koszty zwi\u0105zane z kosztami agent\u00f3w. (Tutaj du\u017c\u0105 rol\u0119 odgrywaj\u0105 koszty dojazdu, czy reprezentacji prawnika).<\/li>\n\n<\/ul><\/div>\n\n\n<p>Wa\u017cne: Je\u015bli d\u0142u\u017cnik nie ma \u015brodk\u00f3w finansowych, wierzyciel musi przej\u0105\u0107 koszty, kt\u00f3re ju\u017c wy\u0142o\u017cy\u0142. Ponadto w Szwajcarii nie mo\u017cemy pobiera\u0107 \u017cadnych dodatkowych op\u0142at za odbi\u00f3r.<\/p>\n\n<\/div><\/div>\n\n\n\n<div class=\"wp-block-advgb-accordion-item advgb-accordion-item\" style=\"margin-bottom:15px\"><div class=\"advgb-accordion-header\" style=\"background-color:#000;color:#eee;border-style:solid;border-width:1px;border-radius:2px\"><span class=\"advgb-accordion-header-icon\"><svg fill=\"#fff\" xmlns=\"http:\/\/www.w3.org\/2000\/svg\" width=\"24\" height=\"24\" viewBox=\"0 0 24 24\"><path fill=\"none\" d=\"M0,0h24v24H0V0z\"><\/path><path d=\"M12,5.83L15.17,9l1.41-1.41L12,3L7.41,7.59L8.83,9L12,5.83z M12,18.17L8.83,15l-1.41,1.41L12,21l4.59-4.59L15.17,15 L12,18.17z\"><\/path><\/svg><\/span><h5 class=\"advgb-accordion-header-title\" style=\"color:inherit\"><strong><strong>Jak mog\u0119 zarz\u0105dza\u0107 ryzykiem zwi\u0105zanym z windykacj\u0105?<\/strong><\/strong><\/h5><\/div><div class=\"advgb-accordion-body\" style=\"border-style:solid !important;border-width:1px !important;border-color:undefined !important;border-top:none !important;border-radius:2px !important\">\n\n<p>Ocena ryzyka jest mo\u017cliwa dzi\u0119ki osobistej ocenie zagro\u017ce\u0144 oraz temu, \u017ce jako partner Sekundi utrzymujemy koszty na rozs\u0105dnym poziomie.<\/p>\n\n<\/div><\/div>\n<\/div>\n\n\n\n<div style=\"height:50px\" aria-hidden=\"true\" class=\"wp-block-spacer\"><\/div>\n<\/div><\/div>\n\n\n\n<div class=\"wp-block-group alignwide has-marron-background-color has-background\"><div class=\"wp-block-group__inner-container is-layout-constrained wp-block-group-is-layout-constrained\">\n<div style=\"height:30px\" aria-hidden=\"true\" class=\"wp-block-spacer\"><\/div>\n\n\n\n<div class=\"wp-block-columns are-vertically-aligned-center is-layout-flex wp-container-core-columns-is-layout-9d6595d7 wp-block-columns-is-layout-flex\">\n<div class=\"wp-block-column is-vertically-aligned-center is-layout-flow wp-block-column-is-layout-flow\" style=\"flex-basis:66.66%\">\n<p class=\"has-blanc-color has-text-color has-xxlarge-font-size\"><strong>Czy masz zaleg\u0142e d\u0142ugi w innym kraju<\/strong> <strong>i masz problemy z ich sp\u0142at\u0105?<\/strong><\/p>\n<\/div>\n\n\n\n<div class=\"wp-block-column is-vertically-aligned-center is-layout-flow wp-block-column-is-layout-flow\" style=\"flex-basis:33.33%\">\n<div class=\"wp-block-advgb-button aligncenter advgb-dyn-3d7aa1a3\"><a class=\"wp-block-advgb-button_link advgbbtn-3f0f76f6-2322-4a40-90ae-7bbd1725b1fa\" href=\"https:\/\/sekundi.eu\/pl\/kontakt\/\" target=\"_self\" rel=\"noopener noreferrer\"><span><span>Zg\u0142o\u015b swoje roszczenie<\/span><\/span><\/a><\/div>\n<\/div>\n<\/div>\n\n\n\n<div style=\"height:30px\" aria-hidden=\"true\" class=\"wp-block-spacer\"><\/div>\n<\/div><\/div>\n\n\n\n<div class=\"wp-block-group alignwide network\"><div class=\"wp-block-group__inner-container is-layout-constrained wp-block-group-is-layout-constrained\">\n<div style=\"height:50px\" aria-hidden=\"true\" class=\"wp-block-spacer\"><\/div>\n\n\n\n<p class=\"has-text-align-center marg0 has-marron-clair-color has-text-color has-small-font-size\"><strong>NASZA SIE\u0106<\/strong><\/p>\n\n\n\n<h2 class=\"has-text-align-center marg0 wp-block-heading\">Kraje obj\u0119te programem<\/h2>\n\n\n\n<div style=\"height:30px\" aria-hidden=\"true\" class=\"wp-block-spacer\"><\/div>\n\n\n<ul class='country-sitemap'><li><a href='https:\/\/sekundi.eu\/pl\/ameryce-poludniowej\/'>Windykacja nale\u017cno\u015bci w Ameryce Po\u0142udniowej<\/a><ul><li><a href='https:\/\/sekundi.eu\/pl\/ameryce-poludniowej\/windykacja-naleznosci-w-chile\/'><i class='fa-solid fa-map-pin'><\/i>Windykacja nale\u017cno\u015bci w Chile<\/a><\/li><li><a href='https:\/\/sekundi.eu\/pl\/ameryce-poludniowej\/windykacja-naleznosci-w-peru\/'><i class='fa-solid fa-map-pin'><\/i>Windykacja nale\u017cno\u015bci w Peru<\/a><\/li><\/li><\/ul><\/li><\/ul>\n\n\n\n<div style=\"height:50px\" aria-hidden=\"true\" class=\"wp-block-spacer\"><\/div>\n<\/div><\/div>\n<style class=\"advgb-styles-renderer\">.advgbbtn-8e85942a-86ef-4365-acc1-d6d31d2f44dc{font-size:18px;color:#fff !important;background-color:#7f634b !important;margin:0px 0px 0px 0px !important;padding:10px 30px 10px 30px;border-width:1px !important;border-style:none;border-radius:50px !important;}.advgbbtn-8e85942a-86ef-4365-acc1-d6d31d2f44dc:hover{box-shadow:1px 1px 12px 0px #ccc;opacity:1;transition:all 0.2s ease;}.advgbbtn-8e85942a-86ef-4365-acc1-d6d31d2f44dc > i {display: none !important;}.advgbbtn-8e85942a-86ef-4365-acc1-d6d31d2f44dc{font-size:18px;color:#fff !important;background-color:#7f634b !important;margin:0px 0px 0px 0px !important;padding:10px 30px 10px 30px;border-width:1px !important;border-style:none;border-radius:50px !important;}.advgbbtn-8e85942a-86ef-4365-acc1-d6d31d2f44dc:hover{box-shadow:1px 1px 12px 0px #ccc;opacity:1;transition:all 0.2s ease;}.advgbbtn-8e85942a-86ef-4365-acc1-d6d31d2f44dc > i {display: none !important;}.advgbbtn-8e85942a-86ef-4365-acc1-d6d31d2f44dc{font-size:18px;color:#fff !important;background-color:#7f634b !important;margin:0px 0px 0px 0px !important;padding:10px 30px 10px 30px;border-width:1px !important;border-style:none;border-radius:50px !important;}.advgbbtn-8e85942a-86ef-4365-acc1-d6d31d2f44dc:hover{box-shadow:1px 1px 12px 0px #ccc;opacity:1;transition:all 0.2s ease;}.advgbbtn-8e85942a-86ef-4365-acc1-d6d31d2f44dc > i {display: none !important;}.advgbbtn-8e85942a-86ef-4365-acc1-d6d31d2f44dc{font-size:18px;color:#fff !important;background-color:#7f634b !important;margin:0px 0px 0px 0px !important;padding:10px 30px 10px 30px;border-width:1px !important;border-style:none;border-radius:50px !important;}.advgbbtn-8e85942a-86ef-4365-acc1-d6d31d2f44dc:hover{box-shadow:1px 1px 12px 0px #ccc;opacity:1;transition:all 0.2s ease;}.advgbbtn-8e85942a-86ef-4365-acc1-d6d31d2f44dc > i {display: none !important;}.wp-block-advgb-list ul.advgblist-dcdbecd7-ff14-4d11-a538-70ed830e9556 > li{font-size:16px;}.wp-block-advgb-list ul.advgblist-dcdbecd7-ff14-4d11-a538-70ed830e9556 > li{padding-left:18px;margin-left:0;}.wp-block-advgb-list ul.advgblist-dcdbecd7-ff14-4d11-a538-70ed830e9556 > li:before{font-size:16px;color:#000;line-height:18px;margin:2px;padding:2px;margin-left:-20px}.wp-block-advgb-list ul.advgblist-dcdbecd7-ff14-4d11-a538-70ed830e9556 > li{font-size:16px;}.wp-block-advgb-list ul.advgblist-dcdbecd7-ff14-4d11-a538-70ed830e9556 > li{padding-left:18px;margin-left:0;}.wp-block-advgb-list ul.advgblist-dcdbecd7-ff14-4d11-a538-70ed830e9556 > li:before{font-size:16px;color:#000;line-height:18px;margin:2px;padding:2px;margin-left:-20px}.wp-block-advgb-list ul.advgblist-dcdbecd7-ff14-4d11-a538-70ed830e9556 > li{font-size:16px;}.wp-block-advgb-list ul.advgblist-dcdbecd7-ff14-4d11-a538-70ed830e9556 > li{padding-left:18px;margin-left:0;}.wp-block-advgb-list ul.advgblist-dcdbecd7-ff14-4d11-a538-70ed830e9556 > li:before{font-size:16px;color:#000;line-height:18px;margin:2px;padding:2px;margin-left:-20px}.wp-block-advgb-list ul.advgblist-dcdbecd7-ff14-4d11-a538-70ed830e9556 > li{font-size:16px;}.wp-block-advgb-list ul.advgblist-dcdbecd7-ff14-4d11-a538-70ed830e9556 > li{padding-left:18px;margin-left:0;}.wp-block-advgb-list ul.advgblist-dcdbecd7-ff14-4d11-a538-70ed830e9556 > li:before{font-size:16px;color:#000;line-height:18px;margin:2px;padding:2px;margin-left:-20px}.advgbbtn-3f0f76f6-2322-4a40-90ae-7bbd1725b1fa{font-size:18px;color:#fff !important;background-color:#7f634b !important;margin:0px 0px 0px 0px !important;padding:10px 30px 10px 30px;border-width:1px !important;border-color:#fff !important;border-style:solid !important;border-radius:50px !important;}.advgbbtn-3f0f76f6-2322-4a40-90ae-7bbd1725b1fa:hover{color:#7f634b !important;background-color:#fff !important;box-shadow:0px 0px 0px 0px #ccc;opacity:1;transition:all 0s ease;}.advgbbtn-3f0f76f6-2322-4a40-90ae-7bbd1725b1fa > i {display: none !important;}.advgbbtn-3f0f76f6-2322-4a40-90ae-7bbd1725b1fa{font-size:18px;color:#fff !important;background-color:#7f634b !important;margin:0px 0px 0px 0px !important;padding:10px 30px 10px 30px;border-width:1px !important;border-color:#fff !important;border-style:solid !important;border-radius:50px !important;}.advgbbtn-3f0f76f6-2322-4a40-90ae-7bbd1725b1fa:hover{color:#7f634b !important;background-color:#fff !important;box-shadow:0px 0px 0px 0px #ccc;opacity:1;transition:all 0s ease;}.advgbbtn-3f0f76f6-2322-4a40-90ae-7bbd1725b1fa > i {display: none !important;}.advgbbtn-3f0f76f6-2322-4a40-90ae-7bbd1725b1fa{font-size:18px;color:#fff !important;background-color:#7f634b !important;margin:0px 0px 0px 0px !important;padding:10px 30px 10px 30px;border-width:1px !important;border-color:#fff !important;border-style:solid !important;border-radius:50px !important;}.advgbbtn-3f0f76f6-2322-4a40-90ae-7bbd1725b1fa:hover{color:#7f634b !important;background-color:#fff !important;box-shadow:0px 0px 0px 0px #ccc;opacity:1;transition:all 0s ease;}.advgbbtn-3f0f76f6-2322-4a40-90ae-7bbd1725b1fa > i {display: none !important;}.advgbbtn-3f0f76f6-2322-4a40-90ae-7bbd1725b1fa{font-size:18px;color:#fff !important;background-color:#7f634b !important;margin:0px 0px 0px 0px !important;padding:10px 30px 10px 30px;border-width:1px !important;border-color:#fff !important;border-style:solid !important;border-radius:50px !important;}.advgbbtn-3f0f76f6-2322-4a40-90ae-7bbd1725b1fa:hover{color:#7f634b !important;background-color:#fff !important;box-shadow:0px 0px 0px 0px #ccc;opacity:1;transition:all 0s ease;}.advgbbtn-3f0f76f6-2322-4a40-90ae-7bbd1725b1fa > i {display: none !important;}<\/style>","protected":false},"excerpt":{"rendered":"<p>Czy masz mi\u0119dzynarodowy d\u0142ug w szwajcarskiej firmie? Jako firma mo\u017cesz otworzy\u0107 sw\u00f3j rynek na inne firmy w skali mi\u0119dzynarodowej. Ale je\u015bli nie p\u0142ac\u0105, to odzyskanie pieni\u0119dzy staje si\u0119 bardziej skomplikowane. Odkryj szybk\u0105 i skuteczn\u0105 windykacj\u0119 w Szwajcarii dzi\u0119ki sieci Sekundi. Co robimy? W Szwajcarii rozpoczyna si\u0119 proces egzekucji d\u0142ugu. W przypadku os\u00f3b fizycznych egzekucja opiera [&hellip;]<\/p>\n","protected":false},"author":1,"featured_media":0,"parent":3509,"menu_order":600,"comment_status":"closed","ping_status":"closed","template":"","meta":{"advgb_blocks_editor_width":"","advgb_blocks_columns_visual_guide":"","footnotes":""},"class_list":["post-5346","page","type-page","status-publish","hentry"],"yoast_head":"<!-- This site is optimized with the Yoast SEO plugin v27.5 - https:\/\/yoast.com\/product\/yoast-seo-wordpress\/ -->\n<title>Windykacja nale\u017cno\u015bci w Szwajcarii - Mi\u0119dzynarodowa windykacja d\u0142ug\u00f3w<\/title>\n<meta name=\"description\" content=\"Czy masz mi\u0119dzynarodowe roszczenia w szwajcarskiej firmie? Odkryj szybk\u0105 i skuteczn\u0105 windykacj\u0119 w Szwajcarii dzi\u0119ki sieci Sekundi.\" \/>\n<meta name=\"robots\" content=\"index, follow, max-snippet:-1, max-image-preview:large, max-video-preview:-1\" \/>\n<link rel=\"canonical\" href=\"https:\/\/sekundi.eu\/pl\/europie\/windykacja-naleznosci-w-szwajcarii\/\" \/>\n<meta property=\"og:locale\" content=\"pl_PL\" \/>\n<meta property=\"og:type\" content=\"article\" \/>\n<meta property=\"og:title\" content=\"Windykacja nale\u017cno\u015bci w Szwajcarii - Mi\u0119dzynarodowa windykacja d\u0142ug\u00f3w\" \/>\n<meta property=\"og:description\" content=\"Czy masz mi\u0119dzynarodowe roszczenia w szwajcarskiej firmie? Odkryj szybk\u0105 i skuteczn\u0105 windykacj\u0119 w Szwajcarii dzi\u0119ki sieci Sekundi.\" \/>\n<meta property=\"og:url\" content=\"https:\/\/sekundi.eu\/pl\/europie\/windykacja-naleznosci-w-szwajcarii\/\" \/>\n<meta property=\"og:site_name\" content=\"SEKUNDI\" \/>\n<meta property=\"article:modified_time\" content=\"2023-02-24T16:15:16+00:00\" \/>\n<meta property=\"og:image\" content=\"https:\/\/sekundi.eu\/wp-content\/uploads\/2023\/02\/recouvrement-amiable-min.jpeg\" \/>\n<meta name=\"twitter:card\" content=\"summary_large_image\" \/>\n<meta name=\"twitter:label1\" content=\"Szacowany czas czytania\" \/>\n\t<meta name=\"twitter:data1\" content=\"3 minuty\" \/>\n<script type=\"application\/ld+json\" class=\"yoast-schema-graph\">{\"@context\":\"https:\\\/\\\/schema.org\",\"@graph\":[{\"@type\":\"WebPage\",\"@id\":\"https:\\\/\\\/sekundi.eu\\\/pl\\\/europie\\\/windykacja-naleznosci-w-szwajcarii\\\/\",\"url\":\"https:\\\/\\\/sekundi.eu\\\/pl\\\/europie\\\/windykacja-naleznosci-w-szwajcarii\\\/\",\"name\":\"Windykacja nale\u017cno\u015bci w Szwajcarii - Mi\u0119dzynarodowa windykacja d\u0142ug\u00f3w\",\"isPartOf\":{\"@id\":\"https:\\\/\\\/sekundi.eu\\\/#website\"},\"primaryImageOfPage\":{\"@id\":\"https:\\\/\\\/sekundi.eu\\\/pl\\\/europie\\\/windykacja-naleznosci-w-szwajcarii\\\/#primaryimage\"},\"image\":{\"@id\":\"https:\\\/\\\/sekundi.eu\\\/pl\\\/europie\\\/windykacja-naleznosci-w-szwajcarii\\\/#primaryimage\"},\"thumbnailUrl\":\"https:\\\/\\\/sekundi.eu\\\/wp-content\\\/uploads\\\/2023\\\/02\\\/recouvrement-amiable-min.jpeg\",\"datePublished\":\"2023-01-03T11:30:57+00:00\",\"dateModified\":\"2023-02-24T16:15:16+00:00\",\"description\":\"Czy masz mi\u0119dzynarodowe roszczenia w szwajcarskiej firmie? Odkryj szybk\u0105 i skuteczn\u0105 windykacj\u0119 w Szwajcarii dzi\u0119ki sieci Sekundi.\",\"breadcrumb\":{\"@id\":\"https:\\\/\\\/sekundi.eu\\\/pl\\\/europie\\\/windykacja-naleznosci-w-szwajcarii\\\/#breadcrumb\"},\"inLanguage\":\"pl-PL\",\"potentialAction\":[{\"@type\":\"ReadAction\",\"target\":[\"https:\\\/\\\/sekundi.eu\\\/pl\\\/europie\\\/windykacja-naleznosci-w-szwajcarii\\\/\"]}]},{\"@type\":\"ImageObject\",\"inLanguage\":\"pl-PL\",\"@id\":\"https:\\\/\\\/sekundi.eu\\\/pl\\\/europie\\\/windykacja-naleznosci-w-szwajcarii\\\/#primaryimage\",\"url\":\"https:\\\/\\\/sekundi.eu\\\/wp-content\\\/uploads\\\/2023\\\/02\\\/recouvrement-amiable-min.jpeg\",\"contentUrl\":\"https:\\\/\\\/sekundi.eu\\\/wp-content\\\/uploads\\\/2023\\\/02\\\/recouvrement-amiable-min.jpeg\"},{\"@type\":\"BreadcrumbList\",\"@id\":\"https:\\\/\\\/sekundi.eu\\\/pl\\\/europie\\\/windykacja-naleznosci-w-szwajcarii\\\/#breadcrumb\",\"itemListElement\":[{\"@type\":\"ListItem\",\"position\":1,\"name\":\"Accueil\",\"item\":\"https:\\\/\\\/sekundi.eu\\\/pl\\\/\"},{\"@type\":\"ListItem\",\"position\":2,\"name\":\"Windykacja nale\u017cno\u015bci w Europie\",\"item\":\"https:\\\/\\\/sekundi.eu\\\/pl\\\/europie\\\/\"},{\"@type\":\"ListItem\",\"position\":3,\"name\":\"Windykacja nale\u017cno\u015bci w Szwajcarii\"}]},{\"@type\":\"WebSite\",\"@id\":\"https:\\\/\\\/sekundi.eu\\\/#website\",\"url\":\"https:\\\/\\\/sekundi.eu\\\/\",\"name\":\"SEKUNDI\",\"description\":\"\",\"publisher\":{\"@id\":\"https:\\\/\\\/sekundi.eu\\\/#organization\"},\"potentialAction\":[{\"@type\":\"SearchAction\",\"target\":{\"@type\":\"EntryPoint\",\"urlTemplate\":\"https:\\\/\\\/sekundi.eu\\\/?s={search_term_string}\"},\"query-input\":{\"@type\":\"PropertyValueSpecification\",\"valueRequired\":true,\"valueName\":\"search_term_string\"}}],\"inLanguage\":\"pl-PL\"},{\"@type\":\"Organization\",\"@id\":\"https:\\\/\\\/sekundi.eu\\\/#organization\",\"name\":\"Sekundi\",\"url\":\"https:\\\/\\\/sekundi.eu\\\/\",\"logo\":{\"@type\":\"ImageObject\",\"inLanguage\":\"pl-PL\",\"@id\":\"https:\\\/\\\/sekundi.eu\\\/#\\\/schema\\\/logo\\\/image\\\/\",\"url\":\"https:\\\/\\\/sekundi.eu\\\/wp-content\\\/uploads\\\/2022\\\/12\\\/logo_sekundi.png\",\"contentUrl\":\"https:\\\/\\\/sekundi.eu\\\/wp-content\\\/uploads\\\/2022\\\/12\\\/logo_sekundi.png\",\"width\":171,\"height\":46,\"caption\":\"Sekundi\"},\"image\":{\"@id\":\"https:\\\/\\\/sekundi.eu\\\/#\\\/schema\\\/logo\\\/image\\\/\"}}]}<\/script>\n<!-- \/ Yoast SEO plugin. -->","yoast_head_json":{"title":"Windykacja nale\u017cno\u015bci w Szwajcarii - Mi\u0119dzynarodowa windykacja d\u0142ug\u00f3w","description":"Czy masz mi\u0119dzynarodowe roszczenia w szwajcarskiej firmie? Odkryj szybk\u0105 i skuteczn\u0105 windykacj\u0119 w Szwajcarii dzi\u0119ki sieci Sekundi.","robots":{"index":"index","follow":"follow","max-snippet":"max-snippet:-1","max-image-preview":"max-image-preview:large","max-video-preview":"max-video-preview:-1"},"canonical":"https:\/\/sekundi.eu\/pl\/europie\/windykacja-naleznosci-w-szwajcarii\/","og_locale":"pl_PL","og_type":"article","og_title":"Windykacja nale\u017cno\u015bci w Szwajcarii - Mi\u0119dzynarodowa windykacja d\u0142ug\u00f3w","og_description":"Czy masz mi\u0119dzynarodowe roszczenia w szwajcarskiej firmie? Odkryj szybk\u0105 i skuteczn\u0105 windykacj\u0119 w Szwajcarii dzi\u0119ki sieci Sekundi.","og_url":"https:\/\/sekundi.eu\/pl\/europie\/windykacja-naleznosci-w-szwajcarii\/","og_site_name":"SEKUNDI","article_modified_time":"2023-02-24T16:15:16+00:00","og_image":[{"url":"https:\/\/sekundi.eu\/wp-content\/uploads\/2023\/02\/recouvrement-amiable-min.jpeg","type":"","width":"","height":""}],"twitter_card":"summary_large_image","twitter_misc":{"Szacowany czas czytania":"3 minuty"},"schema":{"@context":"https:\/\/schema.org","@graph":[{"@type":"WebPage","@id":"https:\/\/sekundi.eu\/pl\/europie\/windykacja-naleznosci-w-szwajcarii\/","url":"https:\/\/sekundi.eu\/pl\/europie\/windykacja-naleznosci-w-szwajcarii\/","name":"Windykacja nale\u017cno\u015bci w Szwajcarii - Mi\u0119dzynarodowa windykacja d\u0142ug\u00f3w","isPartOf":{"@id":"https:\/\/sekundi.eu\/#website"},"primaryImageOfPage":{"@id":"https:\/\/sekundi.eu\/pl\/europie\/windykacja-naleznosci-w-szwajcarii\/#primaryimage"},"image":{"@id":"https:\/\/sekundi.eu\/pl\/europie\/windykacja-naleznosci-w-szwajcarii\/#primaryimage"},"thumbnailUrl":"https:\/\/sekundi.eu\/wp-content\/uploads\/2023\/02\/recouvrement-amiable-min.jpeg","datePublished":"2023-01-03T11:30:57+00:00","dateModified":"2023-02-24T16:15:16+00:00","description":"Czy masz mi\u0119dzynarodowe roszczenia w szwajcarskiej firmie? Odkryj szybk\u0105 i skuteczn\u0105 windykacj\u0119 w Szwajcarii dzi\u0119ki sieci Sekundi.","breadcrumb":{"@id":"https:\/\/sekundi.eu\/pl\/europie\/windykacja-naleznosci-w-szwajcarii\/#breadcrumb"},"inLanguage":"pl-PL","potentialAction":[{"@type":"ReadAction","target":["https:\/\/sekundi.eu\/pl\/europie\/windykacja-naleznosci-w-szwajcarii\/"]}]},{"@type":"ImageObject","inLanguage":"pl-PL","@id":"https:\/\/sekundi.eu\/pl\/europie\/windykacja-naleznosci-w-szwajcarii\/#primaryimage","url":"https:\/\/sekundi.eu\/wp-content\/uploads\/2023\/02\/recouvrement-amiable-min.jpeg","contentUrl":"https:\/\/sekundi.eu\/wp-content\/uploads\/2023\/02\/recouvrement-amiable-min.jpeg"},{"@type":"BreadcrumbList","@id":"https:\/\/sekundi.eu\/pl\/europie\/windykacja-naleznosci-w-szwajcarii\/#breadcrumb","itemListElement":[{"@type":"ListItem","position":1,"name":"Accueil","item":"https:\/\/sekundi.eu\/pl\/"},{"@type":"ListItem","position":2,"name":"Windykacja nale\u017cno\u015bci w Europie","item":"https:\/\/sekundi.eu\/pl\/europie\/"},{"@type":"ListItem","position":3,"name":"Windykacja nale\u017cno\u015bci w Szwajcarii"}]},{"@type":"WebSite","@id":"https:\/\/sekundi.eu\/#website","url":"https:\/\/sekundi.eu\/","name":"SEKUNDI","description":"","publisher":{"@id":"https:\/\/sekundi.eu\/#organization"},"potentialAction":[{"@type":"SearchAction","target":{"@type":"EntryPoint","urlTemplate":"https:\/\/sekundi.eu\/?s={search_term_string}"},"query-input":{"@type":"PropertyValueSpecification","valueRequired":true,"valueName":"search_term_string"}}],"inLanguage":"pl-PL"},{"@type":"Organization","@id":"https:\/\/sekundi.eu\/#organization","name":"Sekundi","url":"https:\/\/sekundi.eu\/","logo":{"@type":"ImageObject","inLanguage":"pl-PL","@id":"https:\/\/sekundi.eu\/#\/schema\/logo\/image\/","url":"https:\/\/sekundi.eu\/wp-content\/uploads\/2022\/12\/logo_sekundi.png","contentUrl":"https:\/\/sekundi.eu\/wp-content\/uploads\/2022\/12\/logo_sekundi.png","width":171,"height":46,"caption":"Sekundi"},"image":{"@id":"https:\/\/sekundi.eu\/#\/schema\/logo\/image\/"}}]}},"coauthors":[],"author_meta":{"author_link":"https:\/\/sekundi.eu\/pl\/author\/sekimageundi\/","display_name":"Les Imageurs"},"relative_dates":{"created":"Posted 3 lata ago","modified":"Updated 3 lata ago"},"absolute_dates":{"created":"Posted on 2023-01-03","modified":"Updated on 2023-02-24"},"absolute_dates_time":{"created":"Posted on 2023-01-03 12:30","modified":"Updated on 2023-02-24 17:15"},"featured_img_caption":"","featured_img":false,"series_order":"","_links":{"self":[{"href":"https:\/\/sekundi.eu\/pl\/wp-json\/wp\/v2\/pages\/5346","targetHints":{"allow":["GET"]}}],"collection":[{"href":"https:\/\/sekundi.eu\/pl\/wp-json\/wp\/v2\/pages"}],"about":[{"href":"https:\/\/sekundi.eu\/pl\/wp-json\/wp\/v2\/types\/page"}],"author":[{"embeddable":true,"href":"https:\/\/sekundi.eu\/pl\/wp-json\/wp\/v2\/users\/1"}],"replies":[{"embeddable":true,"href":"https:\/\/sekundi.eu\/pl\/wp-json\/wp\/v2\/comments?post=5346"}],"version-history":[{"count":3,"href":"https:\/\/sekundi.eu\/pl\/wp-json\/wp\/v2\/pages\/5346\/revisions"}],"predecessor-version":[{"id":7122,"href":"https:\/\/sekundi.eu\/pl\/wp-json\/wp\/v2\/pages\/5346\/revisions\/7122"}],"up":[{"embeddable":true,"href":"https:\/\/sekundi.eu\/pl\/wp-json\/wp\/v2\/pages\/3509"}],"wp:attachment":[{"href":"https:\/\/sekundi.eu\/pl\/wp-json\/wp\/v2\/media?parent=5346"}],"curies":[{"name":"wp","href":"https:\/\/api.w.org\/{rel}","templated":true}]}}