{"id":2904,"date":"2023-02-09T14:29:19","date_gmt":"2023-02-09T13:29:19","guid":{"rendered":"https:\/\/sekundi.eu\/?page_id=2904"},"modified":"2023-02-17T11:10:11","modified_gmt":"2023-02-17T10:10:11","slug":"cobranca-de-dividas-em-portugal","status":"publish","type":"page","link":"https:\/\/sekundi.eu\/pt-pt\/europa\/cobranca-de-dividas-em-portugal\/","title":{"rendered":"Cobran\u00e7a de d\u00edvidas em Portugal"},"content":{"rendered":"\n<div style=\"height:50px\" aria-hidden=\"true\" class=\"wp-block-spacer\"><\/div>\n\n\n\n<p>\u00c9 uma empresa que trabalha internacionalmente? <strong>Tem um devedor em Portugal? <\/strong>Informe-se sobre os <strong>poss\u00edveis procedimentos e ac\u00e7\u00f5es para recuperar as suas facturas n\u00e3o pagas em Portugal.<\/strong><\/p>\n\n\n\n<p>Com Sekundi, a sua factura est\u00e1 nas m\u00e3os de um profissional de cobran\u00e7a estabelecido no pa\u00eds da sua d\u00edvida.<\/p>\n\n\n\n<div class=\"wp-block-columns are-vertically-aligned-center is-layout-flex wp-container-core-columns-is-layout-9d6595d7 wp-block-columns-is-layout-flex\">\n<div class=\"wp-block-column is-vertically-aligned-center is-layout-flow wp-block-column-is-layout-flow\" style=\"flex-basis:50%\">\n<h2 class=\"wp-block-heading\"><strong>Procedimentos legais apropriados para cobrar d\u00edvidas pendentes em Portugal<\/strong><\/h2>\n\n\n\n<p>Quanto aos meios processuais de cobran\u00e7a, em Portugal dispomos dos seguintes instrumentos:<\/p>\n\n\n\n<div class=\"wp-block-advgb-list\"><ul class=\"advgblist-30bbd744-82a7-4a29-843e-3aef8f9bd013\">\n<li>Injun\u00e7\u00e3o Europeia&nbsp;;<\/li>\n\n\n\n<li>Procedimento de injun\u00e7\u00e3o previsto na lei portuguesa&nbsp;;<\/li>\n\n\n\n<li>Ac\u00e7\u00e3o judicial de condena\u00e7\u00e3o sob a forma de processo comum.<\/li>\n<\/ul><\/div>\n\n\n\n<p>Os dois primeiros processos s\u00e3o menos dispendiosos e mais cel\u00e9res contudo n\u00e3o devem ser aplic\u00e1veis a casos mais complexos (disputas entre devedor e credor) principalmente se tivermos perante d\u00edvidas muito elevadas. A a\u00e7\u00e3o judicial \u00e9 certamente o procedimento mais moroso e com custos mais elevados contudo sabemos que muitas vezes poder\u00e1 ser a \u00fanica ferramenta poss\u00edvel para sermos bem sucedidos na cobran\u00e7a do valor solicitado.<\/p>\n<\/div>\n\n\n\n<div class=\"wp-block-column is-vertically-aligned-center is-layout-flow wp-block-column-is-layout-flow\" style=\"flex-basis:50%\"><div class=\"wp-block-image\">\n<figure class=\"alignright size-full\"><img loading=\"lazy\" decoding=\"async\" width=\"600\" height=\"400\" src=\"https:\/\/sekundi.eu\/wp-content\/uploads\/2023\/02\/accompagnement-recouvrement-min-2.jpeg\" alt=\"\" class=\"wp-image-1921\" srcset=\"https:\/\/sekundi.eu\/wp-content\/uploads\/2023\/02\/accompagnement-recouvrement-min-2.jpeg 600w, https:\/\/sekundi.eu\/wp-content\/uploads\/2023\/02\/accompagnement-recouvrement-min-2-300x200.jpeg 300w\" sizes=\"auto, (max-width: 600px) 100vw, 600px\" \/><\/figure>\n<\/div><\/div>\n<\/div>\n\n\n\n<div style=\"height:50px\" aria-hidden=\"true\" class=\"wp-block-spacer\"><\/div>\n\n\n\n<div class=\"wp-block-columns are-vertically-aligned-center is-layout-flex wp-container-core-columns-is-layout-9d6595d7 wp-block-columns-is-layout-flex\">\n<div class=\"wp-block-column is-vertically-aligned-center is-layout-flow wp-block-column-is-layout-flow\" style=\"flex-basis:50%\"><div class=\"wp-block-image\">\n<figure class=\"alignleft size-full\"><img loading=\"lazy\" decoding=\"async\" width=\"600\" height=\"338\" src=\"https:\/\/sekundi.eu\/wp-content\/uploads\/2023\/02\/qui-sommes-nous-experience-min.jpeg\" alt=\"\" class=\"wp-image-1926\" srcset=\"https:\/\/sekundi.eu\/wp-content\/uploads\/2023\/02\/qui-sommes-nous-experience-min.jpeg 600w, https:\/\/sekundi.eu\/wp-content\/uploads\/2023\/02\/qui-sommes-nous-experience-min-300x169.jpeg 300w\" sizes=\"auto, (max-width: 600px) 100vw, 600px\" \/><\/figure>\n<\/div><\/div>\n\n\n\n<div class=\"wp-block-column is-vertically-aligned-center is-layout-flow wp-block-column-is-layout-flow advgb-dyn-d620a7df\" style=\"flex-basis:50%\">\n<h2 class=\"wp-block-heading\"><strong>Como estabelecer uma estrat\u00e9gia de recolha eficaz?<\/strong><\/h2>\n\n\n\n<p>Come\u00e7amos por diferenciar se estamos perante um cliente B2B ou B2C. Adicionalmente avaliamos se estamos perante uma carteira em que ainda existe fatura\u00e7\u00e3o\/presta\u00e7\u00f5es a vencer ou uma carteira que j\u00e1 se encontra completamente \u00abrescindida&nbsp;\u00bb.<\/p>\n\n\n\n<p>Recolhemos todos os dados sobre a carteira para podermos definir as melhores estrat\u00e9gias - por exemplo a antiguidade das d\u00edvidas e os seus valores m\u00e9dios. Independemente do cliente ser B2B ou B2C existe uma prioridade para obtermos o m\u00e1ximo sucesso poss\u00edvel - a diminui\u00e7\u00e3o do n\u00famero de incontact\u00e1veis atrav\u00e9s da automatiza\u00e7\u00e3o do envio de comunica\u00e7\u00f5es para conseguirmos chegar ao contacto do devedor.<\/p>\n\n\n\n<p>De seguida, partindo do pressuposto que somos bem sucedidos no contacto com o devedor, a primeira abordagem \u00e9 sempre focada na tentativa de obten\u00e7\u00e3o do pagamento integral ou de um plano de pagamento, avaliando sempre a solvabilidade do devedor, para fundamentar estes acordos de pagamento na sua capacidade real e, desta forma, minimizar o avan\u00e7o para a solu\u00e7\u00e3o judicial. O objetivo de evitar o avan\u00e7o para a fase judicial decorre da natureza do sistema em Portugal, que apesar de algumas melhorias \u00e9 extremamente lento e dispendioso. Em Portugal costuma dizer-se \u00abmais vale um mau acordo do que uma boa demanda\u00bb.<\/p>\n<\/div>\n<\/div>\n\n\n\n<div style=\"height:50px\" aria-hidden=\"true\" class=\"wp-block-spacer\"><\/div>\n\n\n\n<figure class=\"wp-block-image alignfull size-full\"><img loading=\"lazy\" decoding=\"async\" width=\"1920\" height=\"300\" src=\"https:\/\/sekundi.eu\/wp-content\/uploads\/2023\/02\/joshua-rawson-harris-k3fmuSvQi2A-unsplash.jpg\" alt=\"\" class=\"wp-image-2903\" srcset=\"https:\/\/sekundi.eu\/wp-content\/uploads\/2023\/02\/joshua-rawson-harris-k3fmuSvQi2A-unsplash.jpg 1920w, https:\/\/sekundi.eu\/wp-content\/uploads\/2023\/02\/joshua-rawson-harris-k3fmuSvQi2A-unsplash-300x47.jpg 300w, https:\/\/sekundi.eu\/wp-content\/uploads\/2023\/02\/joshua-rawson-harris-k3fmuSvQi2A-unsplash-1024x160.jpg 1024w, https:\/\/sekundi.eu\/wp-content\/uploads\/2023\/02\/joshua-rawson-harris-k3fmuSvQi2A-unsplash-768x120.jpg 768w, https:\/\/sekundi.eu\/wp-content\/uploads\/2023\/02\/joshua-rawson-harris-k3fmuSvQi2A-unsplash-1536x240.jpg 1536w\" sizes=\"auto, (max-width: 1920px) 100vw, 1920px\" \/><\/figure>\n\n\n\n<div class=\"wp-block-columns alignwide margt-300 animated fadeInUp is-layout-flex wp-container-core-columns-is-layout-9d6595d7 wp-block-columns-is-layout-flex\">\n<div class=\"wp-block-column is-layout-flow wp-block-column-is-layout-flow\" style=\"flex-basis:40%\">\n<div class=\"wp-block-group arrondi has-blanc-color has-marron-noir-background-color has-text-color has-background\"><div class=\"wp-block-group__inner-container is-layout-constrained wp-block-group-is-layout-constrained\">\n<div style=\"height:30px\" aria-hidden=\"true\" class=\"wp-block-spacer\"><\/div>\n\n\n\n<h2 class=\"marg0 has-blanc-color has-text-color wp-block-heading\"><strong>Como gerir as rela\u00e7\u00f5es com os devedores internacionais em Portugal?<\/strong><\/h2>\n\n\n\n<div style=\"height:20px\" aria-hidden=\"true\" class=\"wp-block-spacer\"><\/div>\n\n\n\n<p>Contratar uma empresa de recupera\u00e7\u00e3o local pode facilitar e at\u00e9 fazer a diferen\u00e7a dado o seu maior conhecimento da legisla\u00e7\u00e3o e das praticas habituais. <\/p>\n\n\n\n<p>Esse reconhecimento por parte devedor s\u00f3 por si representa uma press\u00e3o adicional, e a amea\u00e7a de interposi\u00e7\u00e3o de a\u00e7\u00e3o judicial constitui uma grande ferramenta e os passos subsequentes desde a interposi\u00e7\u00e3o da a\u00e7\u00e3o at\u00e9 \u00e0 execu\u00e7\u00e3o da decis\u00e3o s\u00e3o tudo facilitadores da resolu\u00e7\u00e3o de d\u00edvidas.<\/p>\n\n\n\n<div style=\"height:30px\" aria-hidden=\"true\" class=\"wp-block-spacer\"><\/div>\n\n\n\n<div class=\"wp-block-advgb-button alignnone\"><a class=\"wp-block-advgb-button_link advgbbtn-c527b67f-5019-46e5-a44e-39326bb26383\" href=\"https:\/\/sekundi.eu\/contact\/\" target=\"_self\" rel=\"noopener noreferrer\"><span>Contact-us<\/span><\/a><\/div>\n<\/div><\/div>\n<\/div>\n\n\n\n<div class=\"wp-block-column is-layout-flow wp-block-column-is-layout-flow\" style=\"flex-basis:60%\"><\/div>\n<\/div>\n\n\n\n<div style=\"height:20px\" aria-hidden=\"true\" class=\"wp-block-spacer\"><\/div>\n\n\n\n<h2 class=\"wp-block-heading\"><strong>Automatizar o processo de cobran\u00e7a de d\u00edvidas em Portugal<\/strong><\/h2>\n\n\n\n<p>A automatiza\u00e7\u00e3o dos processos garante uma capacidade tendencialmente ilimitada de intera\u00e7\u00e3o com os devedores atrav\u00e9s de envio de notifica\u00e7\u00f5es autom\u00e1ticas (nomeadamente , SMS, VMS, Emails, chamadas 100% autom\u00e1ticas atraves de IVR\/TTS) , de forma tempestiva pr\u00e9-definida e n\u00e3o sujeita a falhas humanas. Consequentemente e globalmente \u00e9 um processo muito mais eficaz.<\/p>\n\n\n\n<p>Esta capacidade pode ser levada ao extremo usando bots que recorrendo a Intelig\u00eancia Artificial s\u00e3o capazes de articiular discursos automaticos com devedores (ex&nbsp;: CHATGPT). Todos estes processos podem ser articulados com estruturas humanas de contacto e garantir a maximiza\u00e7\u00e3o da efici\u00eancia das cobran\u00e7as. O automatismo nas cobran\u00e7as \u00e9 seguramente o futuro - uma m\u00e1quina n\u00e3o \u00ab&nbsp;julga&nbsp;\u00bb e n\u00e3o tem estados de alma, respondendo objetivamente ao devedor sempre orientada para a obten\u00e7\u00e3o da cobran\u00e7a.<\/p>\n\n\n\n<div style=\"height:20px\" aria-hidden=\"true\" class=\"wp-block-spacer\"><\/div>\n\n\n\n<div class=\"wp-block-columns are-vertically-aligned-center is-layout-flex wp-container-core-columns-is-layout-9d6595d7 wp-block-columns-is-layout-flex\">\n<div class=\"wp-block-column is-vertically-aligned-center is-layout-flow wp-block-column-is-layout-flow\" style=\"flex-basis:50%\">\n<div class=\"wp-block-group\"><div class=\"wp-block-group__inner-container is-layout-constrained wp-block-group-is-layout-constrained\">\n<h2 class=\"wp-block-heading\"><strong>Estat\u00edsticas sobre a cobran\u00e7a da d\u00edvida internacional em Portugal<\/strong><\/h2>\n\n\n\n<p>Dados de 2022 mostram que&nbsp;:<\/p>\n\n\n\n<div class=\"wp-block-advgb-list\"><ul class=\"advgblist-de7e8cef-3934-473a-ab67-1a8b7a23b3ce\">\n<li>No segmento de consumidores (B2C) os prazos m\u00e9dios de pagamento oferecidos aos clientes foram de 23 dias e os prazos m\u00e9dios de pagamento verificados foram de 31 dias \u2013 8 dias de atraso m\u00e9dio&nbsp;;<\/li>\n\n\n\n<li>No segmento empresarial (B2B) os prazos m\u00e9dios de pagamento oferecidos aos clientes foram de 44 dias e os prazos m\u00e9dios de pagamento verificados foram de 57 dias \u2013 13 dias de atraso m\u00e9dio.<\/li>\n<\/ul><\/div>\n\n\n\n<p>Os mesmos dados de 2022 mostram que&nbsp;:<\/p>\n\n\n\n<div class=\"wp-block-advgb-list\"><ul class=\"advgblist-408a8d8b-3bc9-4e9b-aa8c-58e2375f4583\">\n<li>71% dos devedores que pagam depois das datas de pagamento estabelecidas acabam por se revelar problem\u00e1ticos e que 75% dos pagamentos efetuados com atrasos longos s\u00e3o problem\u00e1ticos.<\/li>\n<\/ul><\/div>\n\n\n\n<p>Estes dados revelam a import\u00e2ncia de uma gest\u00e3o preventiva cuidada e de uma gest\u00e3o ativa e assertiva ap\u00f3s vencimento das d\u00edvidas - o papel das empresas de recupera\u00e7\u00e3o de cr\u00e9ditos \u00e9 crucial neste processo.<\/p>\n<\/div><\/div>\n<\/div>\n\n\n\n<div class=\"wp-block-column is-vertically-aligned-center is-layout-flow wp-block-column-is-layout-flow\" style=\"flex-basis:50%\">\n<figure class=\"wp-block-image size-full\"><img loading=\"lazy\" decoding=\"async\" width=\"600\" height=\"400\" src=\"https:\/\/sekundi.eu\/wp-content\/uploads\/2023\/02\/HP-chiffres-croissances.jpeg\" alt=\"\" class=\"wp-image-2855\" srcset=\"https:\/\/sekundi.eu\/wp-content\/uploads\/2023\/02\/HP-chiffres-croissances.jpeg 600w, https:\/\/sekundi.eu\/wp-content\/uploads\/2023\/02\/HP-chiffres-croissances-300x200.jpeg 300w\" sizes=\"auto, (max-width: 600px) 100vw, 600px\" \/><\/figure>\n<\/div>\n<\/div>\n\n\n\n<div style=\"height:50px\" aria-hidden=\"true\" class=\"wp-block-spacer\"><\/div>\n\n\n\n<div class=\"wp-block-group alignwide has-bleu-gris-background-color has-background\"><div class=\"wp-block-group__inner-container is-layout-constrained wp-block-group-is-layout-constrained\">\n<div style=\"height:30px\" aria-hidden=\"true\" class=\"wp-block-spacer\"><\/div>\n\n\n\n<p class=\"has-text-align-center marg0 has-marron-color has-text-color has-small-font-size\"><\/p>\n\n\n\n<h2 class=\"has-text-align-center marg0 wp-block-heading\" id=\"titre-2-a8530347-58d4-4393-abd8-f975470a0732\"><strong>Quest\u00f5es sobre a cobran\u00e7a de d\u00edvidas em Portugal<\/strong><\/h2>\n\n\n\n<div style=\"height:30px\" aria-hidden=\"true\" class=\"wp-block-spacer\"><\/div>\n\n\n\n<div class=\"wp-block-advgb-accordions advgb-accordions-57d9b22c-84c3-47e4-abc0-a7ebdb417752 advgb-accordion-wrapper\" data-collapsed=\"true\">\n<div class=\"wp-block-advgb-accordion-item advgb-accordion-item\" style=\"margin-bottom:15px\"><div class=\"advgb-accordion-header\" style=\"background-color:#000;color:#eee;border-style:solid;border-width:1px;border-radius:2px\"><span class=\"advgb-accordion-header-icon\"><svg fill=\"#fff\" xmlns=\"http:\/\/www.w3.org\/2000\/svg\" width=\"24\" height=\"24\" viewBox=\"0 0 24 24\"><path fill=\"none\" d=\"M0,0h24v24H0V0z\"><\/path><path d=\"M12,5.83L15.17,9l1.41-1.41L12,3L7.41,7.59L8.83,9L12,5.83z M12,18.17L8.83,15l-1.41,1.41L12,21l4.59-4.59L15.17,15 L12,18.17z\"><\/path><\/svg><\/span><h5 class=\"advgb-accordion-header-title\" style=\"color:inherit\"><strong>Quais s\u00e3o os custos e taxas associados \u00e0 cobran\u00e7a de d\u00edvidas?<\/strong><\/h5><\/div><div class=\"advgb-accordion-body\" style=\"border-style:solid !important;border-width:1px !important;border-color:undefined !important;border-top:none !important;border-radius:2px !important\">\n<p>No que respeita aos fees de recupera\u00e7\u00e3o extra-judicial estes est\u00e3o 100% dependentes do sucesso na cobran\u00e7a e s\u00e3o uma percentagem do valor cobrado que depende n\u00e3o s\u00f3 do valor recuperado mas muito da antiguidade da d\u00edvida. Os fees v\u00e3o de um valor m\u00ednimo (normalmente inferior a 1%) no caso das cobran\u00e7as preventivas (desencadeadas antes da data de vencimento das faturas), at\u00e9 valores que podem ultrapassar os 20% (sendo tanto maiores quanto maior a antiguidade das d\u00edvidas e menor o seu valor m\u00e9dio).<\/p>\n<\/div><\/div>\n\n\n\n<div class=\"wp-block-advgb-accordion-item advgb-accordion-item\" style=\"margin-bottom:15px\"><div class=\"advgb-accordion-header\" style=\"background-color:#000;color:#eee;border-style:solid;border-width:1px;border-radius:2px\"><span class=\"advgb-accordion-header-icon\"><svg fill=\"#fff\" xmlns=\"http:\/\/www.w3.org\/2000\/svg\" width=\"24\" height=\"24\" viewBox=\"0 0 24 24\"><path fill=\"none\" d=\"M0,0h24v24H0V0z\"><\/path><path d=\"M12,5.83L15.17,9l1.41-1.41L12,3L7.41,7.59L8.83,9L12,5.83z M12,18.17L8.83,15l-1.41,1.41L12,21l4.59-4.59L15.17,15 L12,18.17z\"><\/path><\/svg><\/span><h5 class=\"advgb-accordion-header-title\" style=\"color:inherit\"><strong>Como pode a informa\u00e7\u00e3o do cliente ser utilizada para melhorar a recolha?<\/strong><\/h5><\/div><div class=\"advgb-accordion-body\" style=\"border-style:solid !important;border-width:1px !important;border-color:undefined !important;border-top:none !important;border-radius:2px !important\">\n<p>A Automatiza\u00e7\u00e3o dos processos \u00e9 uma das tend\u00eancias desta ind\u00fastria dado que o processo de cobran\u00e7a \u00e9 seguramente dos mais automatizaveis. A capacidade de an\u00e1lise e de tratamento de dados \u00e9 fundamental neste percurso de criar processos 100% autom\u00e1ticos, mais eficazes do que os que se baseiam em operadores humanos e praticas manuais ou semi-automaticas. O desenvolvimento da intelig\u00eancia artificial e de data <em>analytics<\/em>, s\u00e3o elementos fundamentais na melhoria dos processos de recupera\u00e7\u00e3o de cr\u00e9dito.<\/p>\n<\/div><\/div>\n\n\n\n<div class=\"wp-block-advgb-accordion-item advgb-accordion-item\" style=\"margin-bottom:15px\"><div class=\"advgb-accordion-header\" style=\"background-color:#000;color:#eee;border-style:solid;border-width:1px;border-radius:2px\"><span class=\"advgb-accordion-header-icon\"><svg fill=\"#fff\" xmlns=\"http:\/\/www.w3.org\/2000\/svg\" width=\"24\" height=\"24\" viewBox=\"0 0 24 24\"><path fill=\"none\" d=\"M0,0h24v24H0V0z\"><\/path><path d=\"M12,5.83L15.17,9l1.41-1.41L12,3L7.41,7.59L8.83,9L12,5.83z M12,18.17L8.83,15l-1.41,1.41L12,21l4.59-4.59L15.17,15 L12,18.17z\"><\/path><\/svg><\/span><h5 class=\"advgb-accordion-header-title\" style=\"color:inherit\"><strong>Como posso medir o desempenho da minha estrat\u00e9gia de recolha?<\/strong><\/h5><\/div><div class=\"advgb-accordion-body\" style=\"border-style:solid !important;border-width:1px !important;border-color:undefined !important;border-top:none !important;border-radius:2px !important\">\n<p>A medida de performance das estrat\u00e9gias de recupera\u00e7\u00f5es pode ser efetuada atrav\u00e9s de:<\/p>\n\n\n\n<div class=\"wp-block-advgb-list\"><ul class=\"advgblist-43e74f26-a8a1-42c7-8929-e367754683d6\">\n<li>An\u00e1lise de tend\u00eancias \u2013 medida da evolu\u00e7\u00e3o do resultado ao longo de periodos de tempo;<\/li>\n\n\n\n<li>An\u00e1lise comparativa \u2013 avalia\u00e7\u00e3o do desempenho em universos similares (per\u00edodos hom\u00f3logos de tempo, grupos similares de clientes, etc)&nbsp;;<\/li>\n\n\n\n<li>Desenvolvimento e avalia\u00e7\u00e3o de estrat\u00e9gias <em>champion<\/em> e <em>challenger<\/em>;<\/li>\n\n\n\n<li>Sempre que dispon\u00edveis, compara\u00e7\u00e3o com dados de empresas de cobran\u00e7a concorrentes;<\/li>\n\n\n\n<li>Desenvolvimento de inqu\u00e9ritos de satisfa\u00e7\u00e3o junto dos clientes (credores).<\/li>\n<\/ul><\/div>\n<\/div><\/div>\n\n\n\n<div class=\"wp-block-advgb-accordion-item advgb-accordion-item\" style=\"margin-bottom:15px\"><div class=\"advgb-accordion-header\" style=\"background-color:#000;color:#eee;border-style:solid;border-width:1px;border-radius:2px\"><span class=\"advgb-accordion-header-icon\"><svg fill=\"#fff\" xmlns=\"http:\/\/www.w3.org\/2000\/svg\" width=\"24\" height=\"24\" viewBox=\"0 0 24 24\"><path fill=\"none\" d=\"M0,0h24v24H0V0z\"><\/path><path d=\"M12,5.83L15.17,9l1.41-1.41L12,3L7.41,7.59L8.83,9L12,5.83z M12,18.17L8.83,15l-1.41,1.41L12,21l4.59-4.59L15.17,15 L12,18.17z\"><\/path><\/svg><\/span><h5 class=\"advgb-accordion-header-title\" style=\"color:inherit\"><strong>Como gerir o risco de contas por pagar?<\/strong><\/h5><\/div><div class=\"advgb-accordion-body\" style=\"border-style:solid !important;border-width:1px !important;border-color:undefined !important;border-top:none !important;border-radius:2px !important\">\n<p>A automatiza\u00e7\u00e3o, porque contribui para a standartiza\u00e7\u00e3o e para o total controlo da informa\u00e7\u00e3o que passa para o devedor, \u00e9 uma grande ferramenta na gest\u00e3o dos riscos da cobran\u00e7a.<\/p>\n\n\n\n<p>Em paralelo a implementa\u00e7\u00e3o de processos de qualidade tamb\u00e9m permite uma diminui\u00e7\u00e3o dos erros e consequentemente uma mitiga\u00e7\u00e3o dos riscos.<\/p>\n\n\n\n<p>A defesa de uma cultura forte de rigor, respeito pelos devedores e de auditoria interna sempre presente permite tamb\u00e9m mitigar os riscos da cobran\u00e7a.<\/p>\n\n\n\n<p>O uso da tecnologia, nomeadamente das ferramentas de \u00ab&nbsp;speech analytics&nbsp;\u00bb permite a dete\u00e7\u00e3o autom\u00e1tica de erros de discurso e de palavras proibidas que, por sua vez, permitem identificar necessidades de treino especifico das equipas e de mitiga\u00e7\u00e3o dos riscos da cobran\u00e7a.<\/p>\n<\/div><\/div>\n<\/div>\n\n\n\n<div style=\"height:50px\" aria-hidden=\"true\" class=\"wp-block-spacer\"><\/div>\n<\/div><\/div>\n\n\n\n<div class=\"wp-block-group alignwide has-marron-background-color has-background\"><div class=\"wp-block-group__inner-container is-layout-constrained wp-block-group-is-layout-constrained\">\n<div style=\"height:30px\" aria-hidden=\"true\" class=\"wp-block-spacer\"><\/div>\n\n\n\n<div class=\"wp-block-columns are-vertically-aligned-center is-layout-flex wp-container-core-columns-is-layout-9d6595d7 wp-block-columns-is-layout-flex\">\n<div class=\"wp-block-column is-vertically-aligned-center is-layout-flow wp-block-column-is-layout-flow\" style=\"flex-basis:66.66%\">\n<p class=\"has-blanc-color has-text-color has-xxlarge-font-size\"><strong>Tem contas a receber pendentes noutro pa\u00eds<\/strong> <strong>e est\u00e1 a ter dificuldades em receb\u00ea-las?<\/strong><\/p>\n<\/div>\n\n\n\n<div class=\"wp-block-column is-vertically-aligned-center is-layout-flow wp-block-column-is-layout-flow\" style=\"flex-basis:33.33%\">\n<div class=\"wp-block-advgb-button aligncenter advgb-dyn-5ded35c7\"><a class=\"wp-block-advgb-button_link advgbbtn-3f0f76f6-2322-4a40-90ae-7bbd1725b1fa\" href=\"https:\/\/sekundi.eu\/de\/kontakt\/\" target=\"_self\" rel=\"noopener noreferrer\"><span><span>Apresente a sua reclama\u00e7\u00e3o<\/span><\/span><\/a><\/div>\n<\/div>\n<\/div>\n\n\n\n<div style=\"height:30px\" aria-hidden=\"true\" class=\"wp-block-spacer\"><\/div>\n<\/div><\/div>\n\n\n\n<div class=\"wp-block-group alignwide network\"><div class=\"wp-block-group__inner-container is-layout-constrained wp-block-group-is-layout-constrained\">\n<div style=\"height:50px\" aria-hidden=\"true\" class=\"wp-block-spacer\"><\/div>\n\n\n\n<p class=\"has-text-align-center marg0 has-marron-clair-color has-text-color has-small-font-size\"><strong>A NOSSA REDE<\/strong><\/p>\n\n\n\n<h2 class=\"has-text-align-center marg0 wp-block-heading\">Pa\u00edses cobertos<\/h2>\n\n\n\n<div style=\"height:30px\" aria-hidden=\"true\" class=\"wp-block-spacer\"><\/div>\n\n\n<ul class='country-sitemap'><li><a href='https:\/\/sekundi.eu\/pt-pt\/america-do-sul\/'>Cobran\u00e7a de d\u00edvidas na Am\u00e9rica do Sul<\/a><ul><li><a href='https:\/\/sekundi.eu\/pt-pt\/america-do-sul\/cobranca-de-dividas-no-chile\/'><i class='fa-solid fa-map-pin'><\/i>Cobran\u00e7a de d\u00edvidas no Chile<\/a><\/li><li><a href='https:\/\/sekundi.eu\/pt-pt\/america-do-sul\/cobranca-de-dividas-no-peru\/'><i class='fa-solid fa-map-pin'><\/i>Cobran\u00e7a de d\u00edvidas no Peru<\/a><\/li><\/li><\/ul><\/li><\/ul>\n\n\n\n<div style=\"height:50px\" aria-hidden=\"true\" class=\"wp-block-spacer\"><\/div>\n<\/div><\/div>\n<style class=\"advgb-styles-renderer\">.wp-block-advgb-list ul.advgblist-30bbd744-82a7-4a29-843e-3aef8f9bd013 > li{font-size:16px;}.wp-block-advgb-list ul.advgblist-30bbd744-82a7-4a29-843e-3aef8f9bd013 > li{font-size:16px;}.wp-block-advgb-list ul.advgblist-30bbd744-82a7-4a29-843e-3aef8f9bd013 > li{font-size:16px;}.advgbbtn-c527b67f-5019-46e5-a44e-39326bb26383{font-size:18px;color:#2f2f2f !important;background-color:#fff !important;margin:0px 0px 0px 0px !important;padding:10px 30px 10px 30px;border-width:3px !important;border-color:#dde3e9 !important;border-style:solid !important;border-radius:50px !important;}.advgbbtn-c527b67f-5019-46e5-a44e-39326bb26383:hover{background-color:#dde3e9 !important;box-shadow:0px 0px 0px 0px #ccc;opacity:1;transition:all 0.2s ease;}.advgbbtn-c527b67f-5019-46e5-a44e-39326bb26383 > i {display: none !important;}.wp-block-advgb-list ul.advgblist-de7e8cef-3934-473a-ab67-1a8b7a23b3ce > li{font-size:16px;}.wp-block-advgb-list ul.advgblist-408a8d8b-3bc9-4e9b-aa8c-58e2375f4583 > li{font-size:16px;}.wp-block-advgb-list ul.advgblist-de7e8cef-3934-473a-ab67-1a8b7a23b3ce > li{font-size:16px;}.wp-block-advgb-list ul.advgblist-408a8d8b-3bc9-4e9b-aa8c-58e2375f4583 > li{font-size:16px;}.wp-block-advgb-list ul.advgblist-de7e8cef-3934-473a-ab67-1a8b7a23b3ce > li{font-size:16px;}.wp-block-advgb-list ul.advgblist-408a8d8b-3bc9-4e9b-aa8c-58e2375f4583 > li{font-size:16px;}.wp-block-advgb-list ul.advgblist-de7e8cef-3934-473a-ab67-1a8b7a23b3ce > li{font-size:16px;}.wp-block-advgb-list ul.advgblist-408a8d8b-3bc9-4e9b-aa8c-58e2375f4583 > li{font-size:16px;}.wp-block-advgb-list ul.advgblist-43e74f26-a8a1-42c7-8929-e367754683d6 > li{font-size:16px;}.wp-block-advgb-list ul.advgblist-43e74f26-a8a1-42c7-8929-e367754683d6 > li{font-size:16px;}.wp-block-advgb-list ul.advgblist-43e74f26-a8a1-42c7-8929-e367754683d6 > li{font-size:16px;}.wp-block-advgb-list ul.advgblist-43e74f26-a8a1-42c7-8929-e367754683d6 > li{font-size:16px;}.advgbbtn-3f0f76f6-2322-4a40-90ae-7bbd1725b1fa{font-size:18px;color:#fff !important;background-color:#7f634b !important;margin:0px 0px 0px 0px !important;padding:10px 30px 10px 30px;border-width:1px !important;border-color:#fff !important;border-style:solid !important;border-radius:50px !important;}.advgbbtn-3f0f76f6-2322-4a40-90ae-7bbd1725b1fa:hover{color:#7f634b !important;background-color:#fff !important;box-shadow:0px 0px 0px 0px #ccc;opacity:1;transition:all 0s ease;}.advgbbtn-3f0f76f6-2322-4a40-90ae-7bbd1725b1fa > i {display: none !important;}.advgbbtn-3f0f76f6-2322-4a40-90ae-7bbd1725b1fa{font-size:18px;color:#fff !important;background-color:#7f634b !important;margin:0px 0px 0px 0px !important;padding:10px 30px 10px 30px;border-width:1px !important;border-color:#fff !important;border-style:solid !important;border-radius:50px !important;}.advgbbtn-3f0f76f6-2322-4a40-90ae-7bbd1725b1fa:hover{color:#7f634b !important;background-color:#fff !important;box-shadow:0px 0px 0px 0px #ccc;opacity:1;transition:all 0s ease;}.advgbbtn-3f0f76f6-2322-4a40-90ae-7bbd1725b1fa > i {display: none !important;}.advgbbtn-3f0f76f6-2322-4a40-90ae-7bbd1725b1fa{font-size:18px;color:#fff !important;background-color:#7f634b !important;margin:0px 0px 0px 0px !important;padding:10px 30px 10px 30px;border-width:1px !important;border-color:#fff !important;border-style:solid !important;border-radius:50px !important;}.advgbbtn-3f0f76f6-2322-4a40-90ae-7bbd1725b1fa:hover{color:#7f634b !important;background-color:#fff !important;box-shadow:0px 0px 0px 0px #ccc;opacity:1;transition:all 0s ease;}.advgbbtn-3f0f76f6-2322-4a40-90ae-7bbd1725b1fa > i {display: none !important;}.advgbbtn-3f0f76f6-2322-4a40-90ae-7bbd1725b1fa{font-size:18px;color:#fff !important;background-color:#7f634b !important;margin:0px 0px 0px 0px !important;padding:10px 30px 10px 30px;border-width:1px !important;border-color:#fff !important;border-style:solid !important;border-radius:50px !important;}.advgbbtn-3f0f76f6-2322-4a40-90ae-7bbd1725b1fa:hover{color:#7f634b !important;background-color:#fff !important;box-shadow:0px 0px 0px 0px #ccc;opacity:1;transition:all 0s ease;}.advgbbtn-3f0f76f6-2322-4a40-90ae-7bbd1725b1fa > i {display: none !important;}<\/style>","protected":false},"excerpt":{"rendered":"<p>\u00c9 uma empresa que trabalha internacionalmente? Tem um devedor em Portugal? Informe-se sobre os poss\u00edveis procedimentos e ac\u00e7\u00f5es para recuperar as suas facturas n\u00e3o pagas em Portugal. Com Sekundi, a sua factura est\u00e1 nas m\u00e3os de um profissional de cobran\u00e7a estabelecido no pa\u00eds da sua d\u00edvida. Procedimentos legais apropriados para cobrar d\u00edvidas pendentes em Portugal [&hellip;]<\/p>\n","protected":false},"author":1,"featured_media":0,"parent":3511,"menu_order":24,"comment_status":"closed","ping_status":"closed","template":"","meta":{"advgb_blocks_editor_width":"","advgb_blocks_columns_visual_guide":"","footnotes":""},"class_list":["post-2904","page","type-page","status-publish","hentry"],"yoast_head":"<!-- This site is optimized with the Yoast SEO plugin v27.5 - https:\/\/yoast.com\/product\/yoast-seo-wordpress\/ -->\n<title>Cobran\u00e7a de d\u00edvidas em Portugal - Recupera\u00e7\u00e3o de d\u00edvida internacional<\/title>\n<meta name=\"description\" content=\"\u00c9 uma empresa que trabalha internacionalmente? Tem um devedor em Portugal? Procedimentos para recuperar as suas facturas n\u00e3o pagas em Portugal.\" \/>\n<meta name=\"robots\" content=\"index, follow, max-snippet:-1, max-image-preview:large, max-video-preview:-1\" \/>\n<link rel=\"canonical\" href=\"https:\/\/sekundi.eu\/pt-pt\/europa\/cobranca-de-dividas-em-portugal\/\" \/>\n<meta property=\"og:locale\" content=\"pt_PT\" \/>\n<meta property=\"og:type\" content=\"article\" \/>\n<meta property=\"og:title\" content=\"Cobran\u00e7a de d\u00edvidas em Portugal - Recupera\u00e7\u00e3o de d\u00edvida internacional\" \/>\n<meta property=\"og:description\" content=\"\u00c9 uma empresa que trabalha internacionalmente? Tem um devedor em Portugal? Procedimentos para recuperar as suas facturas n\u00e3o pagas em Portugal.\" \/>\n<meta property=\"og:url\" content=\"https:\/\/sekundi.eu\/pt-pt\/europa\/cobranca-de-dividas-em-portugal\/\" \/>\n<meta property=\"og:site_name\" content=\"SEKUNDI\" \/>\n<meta property=\"article:modified_time\" content=\"2023-02-17T10:10:11+00:00\" \/>\n<meta property=\"og:image\" content=\"https:\/\/sekundi.eu\/wp-content\/uploads\/2023\/02\/accompagnement-recouvrement-min-2.jpeg\" \/>\n<meta name=\"twitter:card\" content=\"summary_large_image\" \/>\n<meta name=\"twitter:label1\" content=\"Tempo estimado de leitura\" \/>\n\t<meta name=\"twitter:data1\" content=\"6 minutos\" \/>\n<script type=\"application\/ld+json\" class=\"yoast-schema-graph\">{\"@context\":\"https:\\\/\\\/schema.org\",\"@graph\":[{\"@type\":\"WebPage\",\"@id\":\"https:\\\/\\\/sekundi.eu\\\/pt-pt\\\/europa\\\/cobranca-de-dividas-em-portugal\\\/\",\"url\":\"https:\\\/\\\/sekundi.eu\\\/pt-pt\\\/europa\\\/cobranca-de-dividas-em-portugal\\\/\",\"name\":\"Cobran\u00e7a de d\u00edvidas em Portugal - Recupera\u00e7\u00e3o de d\u00edvida internacional\",\"isPartOf\":{\"@id\":\"https:\\\/\\\/sekundi.eu\\\/#website\"},\"primaryImageOfPage\":{\"@id\":\"https:\\\/\\\/sekundi.eu\\\/pt-pt\\\/europa\\\/cobranca-de-dividas-em-portugal\\\/#primaryimage\"},\"image\":{\"@id\":\"https:\\\/\\\/sekundi.eu\\\/pt-pt\\\/europa\\\/cobranca-de-dividas-em-portugal\\\/#primaryimage\"},\"thumbnailUrl\":\"https:\\\/\\\/sekundi.eu\\\/wp-content\\\/uploads\\\/2023\\\/02\\\/accompagnement-recouvrement-min-2.jpeg\",\"datePublished\":\"2023-02-09T13:29:19+00:00\",\"dateModified\":\"2023-02-17T10:10:11+00:00\",\"description\":\"\u00c9 uma empresa que trabalha internacionalmente? Tem um devedor em Portugal? Procedimentos para recuperar as suas facturas n\u00e3o pagas em Portugal.\",\"breadcrumb\":{\"@id\":\"https:\\\/\\\/sekundi.eu\\\/pt-pt\\\/europa\\\/cobranca-de-dividas-em-portugal\\\/#breadcrumb\"},\"inLanguage\":\"pt-PT\",\"potentialAction\":[{\"@type\":\"ReadAction\",\"target\":[\"https:\\\/\\\/sekundi.eu\\\/pt-pt\\\/europa\\\/cobranca-de-dividas-em-portugal\\\/\"]}]},{\"@type\":\"ImageObject\",\"inLanguage\":\"pt-PT\",\"@id\":\"https:\\\/\\\/sekundi.eu\\\/pt-pt\\\/europa\\\/cobranca-de-dividas-em-portugal\\\/#primaryimage\",\"url\":\"https:\\\/\\\/sekundi.eu\\\/wp-content\\\/uploads\\\/2023\\\/02\\\/accompagnement-recouvrement-min-2.jpeg\",\"contentUrl\":\"https:\\\/\\\/sekundi.eu\\\/wp-content\\\/uploads\\\/2023\\\/02\\\/accompagnement-recouvrement-min-2.jpeg\"},{\"@type\":\"BreadcrumbList\",\"@id\":\"https:\\\/\\\/sekundi.eu\\\/pt-pt\\\/europa\\\/cobranca-de-dividas-em-portugal\\\/#breadcrumb\",\"itemListElement\":[{\"@type\":\"ListItem\",\"position\":1,\"name\":\"Accueil\",\"item\":\"https:\\\/\\\/sekundi.eu\\\/pt-pt\\\/\"},{\"@type\":\"ListItem\",\"position\":2,\"name\":\"Cobran\u00e7a de d\u00edvidas na Europa\",\"item\":\"https:\\\/\\\/sekundi.eu\\\/pt-pt\\\/europa\\\/\"},{\"@type\":\"ListItem\",\"position\":3,\"name\":\"Cobran\u00e7a de d\u00edvidas em Portugal\"}]},{\"@type\":\"WebSite\",\"@id\":\"https:\\\/\\\/sekundi.eu\\\/#website\",\"url\":\"https:\\\/\\\/sekundi.eu\\\/\",\"name\":\"SEKUNDI\",\"description\":\"\",\"publisher\":{\"@id\":\"https:\\\/\\\/sekundi.eu\\\/#organization\"},\"potentialAction\":[{\"@type\":\"SearchAction\",\"target\":{\"@type\":\"EntryPoint\",\"urlTemplate\":\"https:\\\/\\\/sekundi.eu\\\/?s={search_term_string}\"},\"query-input\":{\"@type\":\"PropertyValueSpecification\",\"valueRequired\":true,\"valueName\":\"search_term_string\"}}],\"inLanguage\":\"pt-PT\"},{\"@type\":\"Organization\",\"@id\":\"https:\\\/\\\/sekundi.eu\\\/#organization\",\"name\":\"Sekundi\",\"url\":\"https:\\\/\\\/sekundi.eu\\\/\",\"logo\":{\"@type\":\"ImageObject\",\"inLanguage\":\"pt-PT\",\"@id\":\"https:\\\/\\\/sekundi.eu\\\/#\\\/schema\\\/logo\\\/image\\\/\",\"url\":\"https:\\\/\\\/sekundi.eu\\\/wp-content\\\/uploads\\\/2022\\\/12\\\/logo_sekundi.png\",\"contentUrl\":\"https:\\\/\\\/sekundi.eu\\\/wp-content\\\/uploads\\\/2022\\\/12\\\/logo_sekundi.png\",\"width\":171,\"height\":46,\"caption\":\"Sekundi\"},\"image\":{\"@id\":\"https:\\\/\\\/sekundi.eu\\\/#\\\/schema\\\/logo\\\/image\\\/\"}}]}<\/script>\n<!-- \/ Yoast SEO plugin. -->","yoast_head_json":{"title":"Cobran\u00e7a de d\u00edvidas em Portugal - Recupera\u00e7\u00e3o de d\u00edvida internacional","description":"\u00c9 uma empresa que trabalha internacionalmente? Tem um devedor em Portugal? Procedimentos para recuperar as suas facturas n\u00e3o pagas em Portugal.","robots":{"index":"index","follow":"follow","max-snippet":"max-snippet:-1","max-image-preview":"max-image-preview:large","max-video-preview":"max-video-preview:-1"},"canonical":"https:\/\/sekundi.eu\/pt-pt\/europa\/cobranca-de-dividas-em-portugal\/","og_locale":"pt_PT","og_type":"article","og_title":"Cobran\u00e7a de d\u00edvidas em Portugal - Recupera\u00e7\u00e3o de d\u00edvida internacional","og_description":"\u00c9 uma empresa que trabalha internacionalmente? Tem um devedor em Portugal? Procedimentos para recuperar as suas facturas n\u00e3o pagas em Portugal.","og_url":"https:\/\/sekundi.eu\/pt-pt\/europa\/cobranca-de-dividas-em-portugal\/","og_site_name":"SEKUNDI","article_modified_time":"2023-02-17T10:10:11+00:00","og_image":[{"url":"https:\/\/sekundi.eu\/wp-content\/uploads\/2023\/02\/accompagnement-recouvrement-min-2.jpeg","type":"","width":"","height":""}],"twitter_card":"summary_large_image","twitter_misc":{"Tempo estimado de leitura":"6 minutos"},"schema":{"@context":"https:\/\/schema.org","@graph":[{"@type":"WebPage","@id":"https:\/\/sekundi.eu\/pt-pt\/europa\/cobranca-de-dividas-em-portugal\/","url":"https:\/\/sekundi.eu\/pt-pt\/europa\/cobranca-de-dividas-em-portugal\/","name":"Cobran\u00e7a de d\u00edvidas em Portugal - Recupera\u00e7\u00e3o de d\u00edvida internacional","isPartOf":{"@id":"https:\/\/sekundi.eu\/#website"},"primaryImageOfPage":{"@id":"https:\/\/sekundi.eu\/pt-pt\/europa\/cobranca-de-dividas-em-portugal\/#primaryimage"},"image":{"@id":"https:\/\/sekundi.eu\/pt-pt\/europa\/cobranca-de-dividas-em-portugal\/#primaryimage"},"thumbnailUrl":"https:\/\/sekundi.eu\/wp-content\/uploads\/2023\/02\/accompagnement-recouvrement-min-2.jpeg","datePublished":"2023-02-09T13:29:19+00:00","dateModified":"2023-02-17T10:10:11+00:00","description":"\u00c9 uma empresa que trabalha internacionalmente? Tem um devedor em Portugal? Procedimentos para recuperar as suas facturas n\u00e3o pagas em Portugal.","breadcrumb":{"@id":"https:\/\/sekundi.eu\/pt-pt\/europa\/cobranca-de-dividas-em-portugal\/#breadcrumb"},"inLanguage":"pt-PT","potentialAction":[{"@type":"ReadAction","target":["https:\/\/sekundi.eu\/pt-pt\/europa\/cobranca-de-dividas-em-portugal\/"]}]},{"@type":"ImageObject","inLanguage":"pt-PT","@id":"https:\/\/sekundi.eu\/pt-pt\/europa\/cobranca-de-dividas-em-portugal\/#primaryimage","url":"https:\/\/sekundi.eu\/wp-content\/uploads\/2023\/02\/accompagnement-recouvrement-min-2.jpeg","contentUrl":"https:\/\/sekundi.eu\/wp-content\/uploads\/2023\/02\/accompagnement-recouvrement-min-2.jpeg"},{"@type":"BreadcrumbList","@id":"https:\/\/sekundi.eu\/pt-pt\/europa\/cobranca-de-dividas-em-portugal\/#breadcrumb","itemListElement":[{"@type":"ListItem","position":1,"name":"Accueil","item":"https:\/\/sekundi.eu\/pt-pt\/"},{"@type":"ListItem","position":2,"name":"Cobran\u00e7a de d\u00edvidas na Europa","item":"https:\/\/sekundi.eu\/pt-pt\/europa\/"},{"@type":"ListItem","position":3,"name":"Cobran\u00e7a de d\u00edvidas em Portugal"}]},{"@type":"WebSite","@id":"https:\/\/sekundi.eu\/#website","url":"https:\/\/sekundi.eu\/","name":"SEKUNDI","description":"","publisher":{"@id":"https:\/\/sekundi.eu\/#organization"},"potentialAction":[{"@type":"SearchAction","target":{"@type":"EntryPoint","urlTemplate":"https:\/\/sekundi.eu\/?s={search_term_string}"},"query-input":{"@type":"PropertyValueSpecification","valueRequired":true,"valueName":"search_term_string"}}],"inLanguage":"pt-PT"},{"@type":"Organization","@id":"https:\/\/sekundi.eu\/#organization","name":"Sekundi","url":"https:\/\/sekundi.eu\/","logo":{"@type":"ImageObject","inLanguage":"pt-PT","@id":"https:\/\/sekundi.eu\/#\/schema\/logo\/image\/","url":"https:\/\/sekundi.eu\/wp-content\/uploads\/2022\/12\/logo_sekundi.png","contentUrl":"https:\/\/sekundi.eu\/wp-content\/uploads\/2022\/12\/logo_sekundi.png","width":171,"height":46,"caption":"Sekundi"},"image":{"@id":"https:\/\/sekundi.eu\/#\/schema\/logo\/image\/"}}]}},"coauthors":[],"author_meta":{"author_link":"https:\/\/sekundi.eu\/pt-pt\/author\/sekimageundi\/","display_name":"Les Imageurs"},"relative_dates":{"created":"Posted 3 anos ago","modified":"Updated 3 anos ago"},"absolute_dates":{"created":"Posted on 9 de Fevereiro, 2023","modified":"Updated on 17 de Fevereiro, 2023"},"absolute_dates_time":{"created":"Posted on 9 de Fevereiro, 2023 14:29","modified":"Updated on 17 de Fevereiro, 2023 11:10"},"featured_img_caption":"","featured_img":false,"series_order":"","_links":{"self":[{"href":"https:\/\/sekundi.eu\/pt-pt\/wp-json\/wp\/v2\/pages\/2904","targetHints":{"allow":["GET"]}}],"collection":[{"href":"https:\/\/sekundi.eu\/pt-pt\/wp-json\/wp\/v2\/pages"}],"about":[{"href":"https:\/\/sekundi.eu\/pt-pt\/wp-json\/wp\/v2\/types\/page"}],"author":[{"embeddable":true,"href":"https:\/\/sekundi.eu\/pt-pt\/wp-json\/wp\/v2\/users\/1"}],"replies":[{"embeddable":true,"href":"https:\/\/sekundi.eu\/pt-pt\/wp-json\/wp\/v2\/comments?post=2904"}],"version-history":[{"count":12,"href":"https:\/\/sekundi.eu\/pt-pt\/wp-json\/wp\/v2\/pages\/2904\/revisions"}],"predecessor-version":[{"id":5859,"href":"https:\/\/sekundi.eu\/pt-pt\/wp-json\/wp\/v2\/pages\/2904\/revisions\/5859"}],"up":[{"embeddable":true,"href":"https:\/\/sekundi.eu\/pt-pt\/wp-json\/wp\/v2\/pages\/3511"}],"wp:attachment":[{"href":"https:\/\/sekundi.eu\/pt-pt\/wp-json\/wp\/v2\/media?parent=2904"}],"curies":[{"name":"wp","href":"https:\/\/api.w.org\/{rel}","templated":true}]}}