{"id":3246,"date":"2023-02-06T16:39:43","date_gmt":"2023-02-06T15:39:43","guid":{"rendered":"https:\/\/sekundi.eu\/cobranca-de-dividas-na-noruega\/"},"modified":"2023-02-17T11:02:18","modified_gmt":"2023-02-17T10:02:18","slug":"cobranca-de-dividas-na-noruega","status":"publish","type":"page","link":"https:\/\/sekundi.eu\/pt-pt\/europa\/cobranca-de-dividas-na-noruega\/","title":{"rendered":"Cobran\u00e7a de d\u00edvidas na Noruega"},"content":{"rendered":"\n<div style=\"height:50px\" aria-hidden=\"true\" class=\"wp-block-spacer\"><\/div>\n\n\n\n<p>A cobran\u00e7a de d\u00edvidas \u00e9 a forma habitual de garantir o pagamento de bens e servi\u00e7os vendidos quando o cliente n\u00e3o paga a factura. As autoridades norueguesas t\u00eam regras claras sobre a forma de cobrar as facturas em atraso. Em termos simples, trata-se dos tipos de lembretes que podem ser enviados a que horas, e quanto \u00e9 que o seu cliente pode ser cobrado. Isto est\u00e1 regulamentado na Lei de Cobran\u00e7a de D\u00edvidas.<br><br>Estamos empenhados em ajudar os nossos clientes a serem pagos o mais rapidamente poss\u00edvel, assegurando ao mesmo tempo que aqueles que devem dinheiro sejam tratados de forma justa. Por conseguinte, acrescent\u00e1mos algumas etapas extra ao processo para que o cliente final tenha um acompanhamento pr\u00f3ximo e ajude a criar um plano de reembolso, se necess\u00e1rio. Utilizamos uma combina\u00e7\u00e3o de SMS e telefone e tentamos sempre encontrar boas solu\u00e7\u00f5es.<\/p>\n\n\n\n<div class=\"wp-block-columns are-vertically-aligned-center is-layout-flex wp-container-core-columns-is-layout-9d6595d7 wp-block-columns-is-layout-flex\">\n<div class=\"wp-block-column is-vertically-aligned-center is-layout-flow wp-block-column-is-layout-flow\" style=\"flex-basis:50%\">\n<h2 class=\"wp-block-heading\"><strong>Como estabelecer uma estrat\u00e9gia eficaz de cobran\u00e7a de d\u00edvidas?<\/strong><\/h2>\n\n\n\n<p>Pode escolher um processo parcial ou totalmente autom\u00e1tico. Isto significa que o Kravia recupera e inicia automaticamente a cobran\u00e7a das facturas que est\u00e3o prontas para cobran\u00e7a, e continua a trabalhar nelas sem que o credor tenha de gastar tempo em aprova\u00e7\u00f5es e esclarecimentos. Isto faz com que o processo seja muito eficiente.<\/p>\n<\/div>\n\n\n\n<div class=\"wp-block-column is-vertically-aligned-center is-layout-flow wp-block-column-is-layout-flow\" style=\"flex-basis:50%\"><div class=\"wp-block-image\">\n<figure class=\"alignright size-full\"><img loading=\"lazy\" decoding=\"async\" width=\"600\" height=\"400\" src=\"https:\/\/sekundi.eu\/wp-content\/uploads\/2023\/02\/accompagnement-recouvrement-min-2.jpeg\" alt=\"\" class=\"wp-image-1921\" srcset=\"https:\/\/sekundi.eu\/wp-content\/uploads\/2023\/02\/accompagnement-recouvrement-min-2.jpeg 600w, https:\/\/sekundi.eu\/wp-content\/uploads\/2023\/02\/accompagnement-recouvrement-min-2-300x200.jpeg 300w\" sizes=\"auto, (max-width: 600px) 100vw, 600px\" \/><\/figure>\n<\/div><\/div>\n<\/div>\n\n\n\n<div style=\"height:50px\" aria-hidden=\"true\" class=\"wp-block-spacer\"><\/div>\n\n\n\n<figure class=\"wp-block-image alignfull size-full\"><img loading=\"lazy\" decoding=\"async\" width=\"1920\" height=\"300\" src=\"https:\/\/sekundi.eu\/wp-content\/uploads\/2023\/02\/joshua-rawson-harris-k3fmuSvQi2A-unsplash.jpg\" alt=\"\" class=\"wp-image-2633\" srcset=\"https:\/\/sekundi.eu\/wp-content\/uploads\/2023\/02\/joshua-rawson-harris-k3fmuSvQi2A-unsplash.jpg 1920w, https:\/\/sekundi.eu\/wp-content\/uploads\/2023\/02\/joshua-rawson-harris-k3fmuSvQi2A-unsplash-300x47.jpg 300w, https:\/\/sekundi.eu\/wp-content\/uploads\/2023\/02\/joshua-rawson-harris-k3fmuSvQi2A-unsplash-1024x160.jpg 1024w, https:\/\/sekundi.eu\/wp-content\/uploads\/2023\/02\/joshua-rawson-harris-k3fmuSvQi2A-unsplash-768x120.jpg 768w, https:\/\/sekundi.eu\/wp-content\/uploads\/2023\/02\/joshua-rawson-harris-k3fmuSvQi2A-unsplash-1536x240.jpg 1536w\" sizes=\"auto, (max-width: 1920px) 100vw, 1920px\" \/><\/figure>\n\n\n\n<div class=\"wp-block-columns alignwide margt-300 animated fadeInUp is-layout-flex wp-container-core-columns-is-layout-9d6595d7 wp-block-columns-is-layout-flex\">\n<div class=\"wp-block-column is-layout-flow wp-block-column-is-layout-flow\" style=\"flex-basis:40%\">\n<div class=\"wp-block-group arrondi has-blanc-color has-marron-noir-background-color has-text-color has-background\"><div class=\"wp-block-group__inner-container is-layout-constrained wp-block-group-is-layout-constrained\">\n<div style=\"height:30px\" aria-hidden=\"true\" class=\"wp-block-spacer\"><\/div>\n\n\n\n<h2 class=\"marg0 has-blanc-color has-text-color wp-block-heading\">Assegurar a cobran\u00e7a de d\u00edvidas a n\u00edvel internacional<\/h2>\n\n\n\n<div style=\"height:20px\" aria-hidden=\"true\" class=\"wp-block-spacer\"><\/div>\n\n\n\n<p>Cobran\u00e7a de d\u00edvidas internacionais em coopera\u00e7\u00e3o com a rede Sekundi.<\/p>\n\n\n\n<p>A cobran\u00e7a de d\u00edvidas internacionais \u00e9 um servi\u00e7o que lhe oferecemos quando a pessoa que lhe deve dinheiro \u00e9 residente ou tem o seu escrit\u00f3rio comercial num pa\u00eds que n\u00e3o o seu.<\/p>\n\n\n\n<div style=\"height:30px\" aria-hidden=\"true\" class=\"wp-block-spacer\"><\/div>\n\n\n\n<div class=\"wp-block-advgb-button alignnone advgb-dyn-b9cc4190\"><a class=\"wp-block-advgb-button_link advgbbtn-2a0fec2a-da25-427e-b821-dc1e0b9d86f6\" href=\"https:\/\/sekundi.eu\/pt-pt\/contacto\/\" target=\"_blank\" rel=\"noopener noreferrer\"><span><span><span>O mar<\/span><\/span><\/span><\/a><\/div>\n\n\n\n<div style=\"height:30px\" aria-hidden=\"true\" class=\"wp-block-spacer\"><\/div>\n<\/div><\/div>\n<\/div>\n\n\n\n<div class=\"wp-block-column is-layout-flow wp-block-column-is-layout-flow\" style=\"flex-basis:60%\"><\/div>\n<\/div>\n\n\n\n<div style=\"height:50px\" aria-hidden=\"true\" class=\"wp-block-spacer\"><\/div>\n\n\n\n<div class=\"wp-block-columns are-vertically-aligned-center is-layout-flex wp-container-core-columns-is-layout-9d6595d7 wp-block-columns-is-layout-flex\">\n<div class=\"wp-block-column is-vertically-aligned-center is-layout-flow wp-block-column-is-layout-flow\" style=\"flex-basis:50%\"><div class=\"wp-block-image\">\n<figure class=\"alignleft size-full\"><img loading=\"lazy\" decoding=\"async\" width=\"600\" height=\"338\" src=\"https:\/\/sekundi.eu\/wp-content\/uploads\/2023\/02\/qui-sommes-nous-experience-min.jpeg\" alt=\"\" class=\"wp-image-1926\" srcset=\"https:\/\/sekundi.eu\/wp-content\/uploads\/2023\/02\/qui-sommes-nous-experience-min.jpeg 600w, https:\/\/sekundi.eu\/wp-content\/uploads\/2023\/02\/qui-sommes-nous-experience-min-300x169.jpeg 300w\" sizes=\"auto, (max-width: 600px) 100vw, 600px\" \/><\/figure>\n<\/div><\/div>\n\n\n\n<div class=\"wp-block-column is-vertically-aligned-center is-layout-flow wp-block-column-is-layout-flow advgb-dyn-bb36cbb9\" style=\"flex-basis:50%\">\n<h2 class=\"wp-block-heading\"><strong>Rela\u00e7\u00f5es com devedores internacionais<\/strong><\/h2>\n\n\n\n<p>Podemos ajud\u00e1-lo com a cobran\u00e7a de d\u00edvidas internacionais. Se a sua empresa tiver enviado facturas a empresas ou indiv\u00edduos estrangeiros, Kravia pode ajud\u00e1-lo a tratar do seu caso de cobran\u00e7a de d\u00edvidas no pa\u00eds em quest\u00e3o. A pr\u00f3pria Kravia tem opera\u00e7\u00f5es na Noruega e na Finl\u00e2ndia. Para o resto do mundo, fazemos parte de redes internacionais para as quais podemos encaminhar casos. <\/p>\n\n\n\n<p>Para facilitar a recolha, a coisa mais importante que pode fazer \u00e9 fornecer informa\u00e7\u00f5es correctas (por exemplo, morada correcta, factura original) e responder o mais rapidamente poss\u00edvel a quaisquer pedidos do Kravia. A cobran\u00e7a de d\u00edvidas \u00e9 um assunto delicado e quanto mais cedo o caso for enviado para Kravia e quanto mais rapidamente forem feitos esclarecimentos, mais prov\u00e1vel \u00e9 que o caso seja resolvido.<\/p>\n<\/div>\n<\/div>\n\n\n\n<div style=\"height:50px\" aria-hidden=\"true\" class=\"wp-block-spacer\"><\/div>\n\n\n\n<h2 class=\"wp-block-heading\"><strong>Estat\u00edsticas actuais sobre a cobran\u00e7a de d\u00edvidas na Noruega<\/strong><\/h2>\n\n\n\n<p>Resolvemos 80% dos casos de cobran\u00e7a de d\u00edvidas no prazo de 90 dias. A cobran\u00e7a da d\u00edvida \u00e9 perec\u00edvel e quanto mais cedo o caso for enviado, mais prov\u00e1vel \u00e9 que seja resolvido.<\/p>\n\n\n\n<p>De acordo com um estudo da Allianz, \"<a href=\"https:\/\/www.allianz-trade.fr\/content\/dam\/onemarketing\/aztrade\/allianz-trade_fr\/news\/200622\/2022_06_20_Collection_Complexity_AZT_FINAL.pdf\">Commercial debt collection<\/a>\", a Noruega \u00e9 um bom pagador com uma \"Collection Complexity Score\" de 37. Isto deve-se principalmente ao comportamento de pagamento das empresas norueguesas e \u00e0 efici\u00eancia dos tribunais em proferir decis\u00f5es r\u00e1pidas. A recupera\u00e7\u00e3o de contas n\u00e3o pagas na Noruega \u00e9 quase certa, especialmente se utilizar uma empresa especializada que tenha a licen\u00e7a necess\u00e1ria e esteja familiarizada com as pr\u00e1ticas actuais.<\/p>\n\n\n\n<div style=\"height:20px\" aria-hidden=\"true\" class=\"wp-block-spacer\"><\/div>\n\n\n\n<div style=\"height:50px\" aria-hidden=\"true\" class=\"wp-block-spacer\"><\/div>\n\n\n\n<div class=\"wp-block-group alignwide has-bleu-gris-background-color has-background\"><div class=\"wp-block-group__inner-container is-layout-constrained wp-block-group-is-layout-constrained\">\n<div style=\"height:30px\" aria-hidden=\"true\" class=\"wp-block-spacer\"><\/div>\n\n\n\n<p class=\"has-text-align-center marg0 has-marron-color has-text-color has-small-font-size\"><\/p>\n\n\n\n<h2 class=\"has-text-align-center marg0 wp-block-heading\" id=\"titre-2-a8530347-58d4-4393-abd8-f975470a0732\"><strong>Perguntas mais frequentes sobre a cobran\u00e7a de d\u00edvidas na Noruega<\/strong><\/h2>\n\n\n\n<div style=\"height:30px\" aria-hidden=\"true\" class=\"wp-block-spacer\"><\/div>\n\n\n\n<div class=\"wp-block-advgb-accordions advgb-accordions-778d93fc-8c4c-487e-bdbe-3fd9bf169828 advgb-accordion-wrapper\" data-collapsed=\"true\">\n<div class=\"wp-block-advgb-accordion-item advgb-accordion-item\" style=\"margin-bottom:15px\"><div class=\"advgb-accordion-header\" style=\"background-color:#000;color:#eee;border-style:solid;border-width:1px;border-radius:2px\"><span class=\"advgb-accordion-header-icon\"><svg fill=\"#fff\" xmlns=\"http:\/\/www.w3.org\/2000\/svg\" width=\"24\" height=\"24\" viewBox=\"0 0 24 24\"><path fill=\"none\" d=\"M0,0h24v24H0V0z\"><\/path><path d=\"M12,5.83L15.17,9l1.41-1.41L12,3L7.41,7.59L8.83,9L12,5.83z M12,18.17L8.83,15l-1.41,1.41L12,21l4.59-4.59L15.17,15 L12,18.17z\"><\/path><\/svg><\/span><h5 class=\"advgb-accordion-header-title\" style=\"color:inherit\"><strong><strong>Como posso automatizar os processos de cobran\u00e7a de d\u00edvidas para os tornar mais eficientes?<\/strong><\/strong><\/h5><\/div><div class=\"advgb-accordion-body\" style=\"border-style:solid !important;border-width:1px !important;border-color:undefined !important;border-top:none !important;border-radius:2px !important\">\n\n<p>Kravia recomenda um processo de cobran\u00e7a de d\u00edvidas totalmente automatizado. Isto significa que o Kravia recupera e inicia automaticamente a cobran\u00e7a das facturas que est\u00e3o prontas para cobran\u00e7a, e continua a trabalhar nelas sem que o credor tenha de gastar tempo em aprova\u00e7\u00f5es e esclarecimentos.<\/p>\n\n<\/div><\/div>\n\n\n\n<div class=\"wp-block-advgb-accordion-item advgb-accordion-item\" style=\"margin-bottom:15px\"><div class=\"advgb-accordion-header\" style=\"background-color:#000;color:#eee;border-style:solid;border-width:1px;border-radius:2px\"><span class=\"advgb-accordion-header-icon\"><svg fill=\"#fff\" xmlns=\"http:\/\/www.w3.org\/2000\/svg\" width=\"24\" height=\"24\" viewBox=\"0 0 24 24\"><path fill=\"none\" d=\"M0,0h24v24H0V0z\"><\/path><path d=\"M12,5.83L15.17,9l1.41-1.41L12,3L7.41,7.59L8.83,9L12,5.83z M12,18.17L8.83,15l-1.41,1.41L12,21l4.59-4.59L15.17,15 L12,18.17z\"><\/path><\/svg><\/span><h5 class=\"advgb-accordion-header-title\" style=\"color:inherit\"><strong><strong>Como posso gerir os riscos associados \u00e0 cobran\u00e7a de d\u00edvidas?<\/strong><\/strong><\/h5><\/div><div class=\"advgb-accordion-body\" style=\"border-style:solid !important;border-width:1px !important;border-color:undefined !important;border-top:none !important;border-radius:2px !important\">\n\n<p>Kravia gere o risco para si, a coisa mais importante que faz \u00e9 fornecer informa\u00e7\u00f5es correctas (por exemplo, morada correcta, factura original) e responder o mais rapidamente poss\u00edvel a quaisquer perguntas da nossa parte. A cobran\u00e7a de d\u00edvidas \u00e9 um assunto delicado e quanto mais cedo o caso for enviado para Kravia e quanto mais rapidamente forem feitos esclarecimentos, mais prov\u00e1vel \u00e9 que o caso seja resolvido.<\/p>\n\n<\/div><\/div>\n<\/div>\n\n\n\n<div style=\"height:50px\" aria-hidden=\"true\" class=\"wp-block-spacer\"><\/div>\n<\/div><\/div>\n\n\n\n<div class=\"wp-block-group alignwide has-marron-background-color has-background\"><div class=\"wp-block-group__inner-container is-layout-constrained wp-block-group-is-layout-constrained\">\n<div style=\"height:30px\" aria-hidden=\"true\" class=\"wp-block-spacer\"><\/div>\n\n\n\n<div class=\"wp-block-columns are-vertically-aligned-center is-layout-flex wp-container-core-columns-is-layout-9d6595d7 wp-block-columns-is-layout-flex\">\n<div class=\"wp-block-column is-vertically-aligned-center is-layout-flow wp-block-column-is-layout-flow\" style=\"flex-basis:66.66%\">\n<p class=\"has-blanc-color has-text-color has-xxlarge-font-size\"><strong>Tem contas a receber pendentes noutro pa\u00eds<\/strong> <strong>e est\u00e1 a ter dificuldades em receb\u00ea-las?<\/strong><\/p>\n<\/div>\n\n\n\n<div class=\"wp-block-column is-vertically-aligned-center is-layout-flow wp-block-column-is-layout-flow\" style=\"flex-basis:33.33%\">\n<div class=\"wp-block-advgb-button aligncenter advgb-dyn-5ded35c7\"><a class=\"wp-block-advgb-button_link advgbbtn-3f0f76f6-2322-4a40-90ae-7bbd1725b1fa\" href=\"https:\/\/sekundi.eu\/de\/kontakt\/\" target=\"_self\" rel=\"noopener noreferrer\"><span><span>Apresente a sua reclama\u00e7\u00e3o<\/span><\/span><\/a><\/div>\n<\/div>\n<\/div>\n\n\n\n<div style=\"height:30px\" aria-hidden=\"true\" class=\"wp-block-spacer\"><\/div>\n<\/div><\/div>\n\n\n\n<div class=\"wp-block-group alignwide network\"><div class=\"wp-block-group__inner-container is-layout-constrained wp-block-group-is-layout-constrained\">\n<div style=\"height:50px\" aria-hidden=\"true\" class=\"wp-block-spacer\"><\/div>\n\n\n\n<p class=\"has-text-align-center marg0 has-marron-clair-color has-text-color has-small-font-size\"><strong>A NOSSA REDE<\/strong><\/p>\n\n\n\n<h2 class=\"has-text-align-center marg0 wp-block-heading\">Pa\u00edses cobertos<\/h2>\n\n\n\n<div style=\"height:30px\" aria-hidden=\"true\" class=\"wp-block-spacer\"><\/div>\n\n\n<ul class='country-sitemap'><li><a href='https:\/\/sekundi.eu\/pt-pt\/america-do-sul\/'>Cobran\u00e7a de d\u00edvidas na Am\u00e9rica do Sul<\/a><ul><li><a href='https:\/\/sekundi.eu\/pt-pt\/america-do-sul\/cobranca-de-dividas-no-chile\/'><i class='fa-solid fa-map-pin'><\/i>Cobran\u00e7a de d\u00edvidas no Chile<\/a><\/li><li><a href='https:\/\/sekundi.eu\/pt-pt\/america-do-sul\/cobranca-de-dividas-no-peru\/'><i class='fa-solid fa-map-pin'><\/i>Cobran\u00e7a de d\u00edvidas no Peru<\/a><\/li><\/li><\/ul><\/li><\/ul>\n\n\n\n<div style=\"height:50px\" aria-hidden=\"true\" class=\"wp-block-spacer\"><\/div>\n<\/div><\/div>\n<style class=\"advgb-styles-renderer\">.advgbbtn-2a0fec2a-da25-427e-b821-dc1e0b9d86f6{font-size:18px;color:#fff !important;background-color:#7f634b !important;margin:0px 0px 0px 0px !important;padding:10px 30px 10px 30px;border-width:1px !important;border-style:none;border-radius:50px !important;}.advgbbtn-2a0fec2a-da25-427e-b821-dc1e0b9d86f6:hover{box-shadow:1px 1px 12px 0px #ccc;opacity:1;transition:all 0.2s ease;}.advgbbtn-2a0fec2a-da25-427e-b821-dc1e0b9d86f6 > i {display: none !important;}.advgbbtn-2a0fec2a-da25-427e-b821-dc1e0b9d86f6{font-size:18px;color:#fff !important;background-color:#7f634b !important;margin:0px 0px 0px 0px !important;padding:10px 30px 10px 30px;border-width:1px !important;border-style:none;border-radius:50px !important;}.advgbbtn-2a0fec2a-da25-427e-b821-dc1e0b9d86f6:hover{box-shadow:1px 1px 12px 0px #ccc;opacity:1;transition:all 0.2s ease;}.advgbbtn-2a0fec2a-da25-427e-b821-dc1e0b9d86f6 > i {display: none !important;}.advgbbtn-2a0fec2a-da25-427e-b821-dc1e0b9d86f6{font-size:18px;color:#fff !important;background-color:#7f634b !important;margin:0px 0px 0px 0px !important;padding:10px 30px 10px 30px;border-width:1px !important;border-style:none;border-radius:50px !important;}.advgbbtn-2a0fec2a-da25-427e-b821-dc1e0b9d86f6:hover{box-shadow:1px 1px 12px 0px #ccc;opacity:1;transition:all 0.2s ease;}.advgbbtn-2a0fec2a-da25-427e-b821-dc1e0b9d86f6 > i {display: none !important;}.advgbbtn-2a0fec2a-da25-427e-b821-dc1e0b9d86f6{font-size:18px;color:#fff !important;background-color:#7f634b !important;margin:0px 0px 0px 0px !important;padding:10px 30px 10px 30px;border-width:1px !important;border-style:none;border-radius:50px !important;}.advgbbtn-2a0fec2a-da25-427e-b821-dc1e0b9d86f6:hover{box-shadow:1px 1px 12px 0px #ccc;opacity:1;transition:all 0.2s ease;}.advgbbtn-2a0fec2a-da25-427e-b821-dc1e0b9d86f6 > i {display: none !important;}.advgbbtn-3f0f76f6-2322-4a40-90ae-7bbd1725b1fa{font-size:18px;color:#fff !important;background-color:#7f634b !important;margin:0px 0px 0px 0px !important;padding:10px 30px 10px 30px;border-width:1px !important;border-color:#fff !important;border-style:solid !important;border-radius:50px !important;}.advgbbtn-3f0f76f6-2322-4a40-90ae-7bbd1725b1fa:hover{color:#7f634b !important;background-color:#fff !important;box-shadow:0px 0px 0px 0px #ccc;opacity:1;transition:all 0s ease;}.advgbbtn-3f0f76f6-2322-4a40-90ae-7bbd1725b1fa > i {display: none !important;}.advgbbtn-3f0f76f6-2322-4a40-90ae-7bbd1725b1fa{font-size:18px;color:#fff !important;background-color:#7f634b !important;margin:0px 0px 0px 0px !important;padding:10px 30px 10px 30px;border-width:1px !important;border-color:#fff !important;border-style:solid !important;border-radius:50px !important;}.advgbbtn-3f0f76f6-2322-4a40-90ae-7bbd1725b1fa:hover{color:#7f634b !important;background-color:#fff !important;box-shadow:0px 0px 0px 0px #ccc;opacity:1;transition:all 0s ease;}.advgbbtn-3f0f76f6-2322-4a40-90ae-7bbd1725b1fa > i {display: none !important;}.advgbbtn-3f0f76f6-2322-4a40-90ae-7bbd1725b1fa{font-size:18px;color:#fff !important;background-color:#7f634b !important;margin:0px 0px 0px 0px !important;padding:10px 30px 10px 30px;border-width:1px !important;border-color:#fff !important;border-style:solid !important;border-radius:50px !important;}.advgbbtn-3f0f76f6-2322-4a40-90ae-7bbd1725b1fa:hover{color:#7f634b !important;background-color:#fff !important;box-shadow:0px 0px 0px 0px #ccc;opacity:1;transition:all 0s ease;}.advgbbtn-3f0f76f6-2322-4a40-90ae-7bbd1725b1fa > i {display: none !important;}.advgbbtn-3f0f76f6-2322-4a40-90ae-7bbd1725b1fa{font-size:18px;color:#fff !important;background-color:#7f634b !important;margin:0px 0px 0px 0px !important;padding:10px 30px 10px 30px;border-width:1px !important;border-color:#fff !important;border-style:solid !important;border-radius:50px !important;}.advgbbtn-3f0f76f6-2322-4a40-90ae-7bbd1725b1fa:hover{color:#7f634b !important;background-color:#fff !important;box-shadow:0px 0px 0px 0px #ccc;opacity:1;transition:all 0s ease;}.advgbbtn-3f0f76f6-2322-4a40-90ae-7bbd1725b1fa > i {display: none !important;}<\/style>","protected":false},"excerpt":{"rendered":"<p>A cobran\u00e7a de d\u00edvidas \u00e9 a forma habitual de garantir o pagamento de bens e servi\u00e7os vendidos quando o cliente n\u00e3o paga a factura. As autoridades norueguesas t\u00eam regras claras sobre a forma de cobrar as facturas em atraso. Em termos simples, trata-se dos tipos de lembretes que podem ser enviados a que horas, e [&hellip;]<\/p>\n","protected":false},"author":1,"featured_media":0,"parent":3511,"menu_order":294,"comment_status":"closed","ping_status":"closed","template":"","meta":{"advgb_blocks_editor_width":"","advgb_blocks_columns_visual_guide":"","footnotes":""},"class_list":["post-3246","page","type-page","status-publish","hentry"],"yoast_head":"<!-- This site is optimized with the Yoast SEO plugin v27.5 - https:\/\/yoast.com\/product\/yoast-seo-wordpress\/ -->\n<title>Cobran\u00e7a de contas por pagar na Noruega - Sekundi<\/title>\n<meta name=\"description\" content=\"Tem uma factura por pagar na Noruega? Descubra o apoio da rede SEKUNDI \u00e0s empresas internacionais.\" \/>\n<meta name=\"robots\" content=\"index, follow, max-snippet:-1, max-image-preview:large, max-video-preview:-1\" \/>\n<link rel=\"canonical\" href=\"https:\/\/sekundi.eu\/pt-pt\/europa\/cobranca-de-dividas-na-noruega\/\" \/>\n<meta property=\"og:locale\" content=\"pt_PT\" \/>\n<meta property=\"og:type\" content=\"article\" \/>\n<meta property=\"og:title\" content=\"Cobran\u00e7a de contas por pagar na Noruega - Sekundi\" \/>\n<meta property=\"og:description\" content=\"Tem uma factura por pagar na Noruega? Descubra o apoio da rede SEKUNDI \u00e0s empresas internacionais.\" \/>\n<meta property=\"og:url\" content=\"https:\/\/sekundi.eu\/pt-pt\/europa\/cobranca-de-dividas-na-noruega\/\" \/>\n<meta property=\"og:site_name\" content=\"SEKUNDI\" \/>\n<meta property=\"article:modified_time\" content=\"2023-02-17T10:02:18+00:00\" \/>\n<meta property=\"og:image\" content=\"https:\/\/sekundi.eu\/wp-content\/uploads\/2023\/02\/accompagnement-recouvrement-min-2.jpeg\" \/>\n<meta name=\"twitter:card\" content=\"summary_large_image\" \/>\n<meta name=\"twitter:label1\" content=\"Tempo estimado de leitura\" \/>\n\t<meta name=\"twitter:data1\" content=\"4 minutos\" \/>\n<script type=\"application\/ld+json\" class=\"yoast-schema-graph\">{\"@context\":\"https:\\\/\\\/schema.org\",\"@graph\":[{\"@type\":\"WebPage\",\"@id\":\"https:\\\/\\\/sekundi.eu\\\/pt-pt\\\/europa\\\/cobranca-de-dividas-na-noruega\\\/\",\"url\":\"https:\\\/\\\/sekundi.eu\\\/pt-pt\\\/europa\\\/cobranca-de-dividas-na-noruega\\\/\",\"name\":\"Cobran\u00e7a de contas por pagar na Noruega - Sekundi\",\"isPartOf\":{\"@id\":\"https:\\\/\\\/sekundi.eu\\\/#website\"},\"primaryImageOfPage\":{\"@id\":\"https:\\\/\\\/sekundi.eu\\\/pt-pt\\\/europa\\\/cobranca-de-dividas-na-noruega\\\/#primaryimage\"},\"image\":{\"@id\":\"https:\\\/\\\/sekundi.eu\\\/pt-pt\\\/europa\\\/cobranca-de-dividas-na-noruega\\\/#primaryimage\"},\"thumbnailUrl\":\"https:\\\/\\\/sekundi.eu\\\/wp-content\\\/uploads\\\/2023\\\/02\\\/accompagnement-recouvrement-min-2.jpeg\",\"datePublished\":\"2023-02-06T15:39:43+00:00\",\"dateModified\":\"2023-02-17T10:02:18+00:00\",\"description\":\"Tem uma factura por pagar na Noruega? Descubra o apoio da rede SEKUNDI \u00e0s empresas internacionais.\",\"breadcrumb\":{\"@id\":\"https:\\\/\\\/sekundi.eu\\\/pt-pt\\\/europa\\\/cobranca-de-dividas-na-noruega\\\/#breadcrumb\"},\"inLanguage\":\"pt-PT\",\"potentialAction\":[{\"@type\":\"ReadAction\",\"target\":[\"https:\\\/\\\/sekundi.eu\\\/pt-pt\\\/europa\\\/cobranca-de-dividas-na-noruega\\\/\"]}]},{\"@type\":\"ImageObject\",\"inLanguage\":\"pt-PT\",\"@id\":\"https:\\\/\\\/sekundi.eu\\\/pt-pt\\\/europa\\\/cobranca-de-dividas-na-noruega\\\/#primaryimage\",\"url\":\"https:\\\/\\\/sekundi.eu\\\/wp-content\\\/uploads\\\/2023\\\/02\\\/accompagnement-recouvrement-min-2.jpeg\",\"contentUrl\":\"https:\\\/\\\/sekundi.eu\\\/wp-content\\\/uploads\\\/2023\\\/02\\\/accompagnement-recouvrement-min-2.jpeg\"},{\"@type\":\"BreadcrumbList\",\"@id\":\"https:\\\/\\\/sekundi.eu\\\/pt-pt\\\/europa\\\/cobranca-de-dividas-na-noruega\\\/#breadcrumb\",\"itemListElement\":[{\"@type\":\"ListItem\",\"position\":1,\"name\":\"Accueil\",\"item\":\"https:\\\/\\\/sekundi.eu\\\/pt-pt\\\/\"},{\"@type\":\"ListItem\",\"position\":2,\"name\":\"Cobran\u00e7a de d\u00edvidas na Europa\",\"item\":\"https:\\\/\\\/sekundi.eu\\\/pt-pt\\\/europa\\\/\"},{\"@type\":\"ListItem\",\"position\":3,\"name\":\"Cobran\u00e7a de d\u00edvidas na Noruega\"}]},{\"@type\":\"WebSite\",\"@id\":\"https:\\\/\\\/sekundi.eu\\\/#website\",\"url\":\"https:\\\/\\\/sekundi.eu\\\/\",\"name\":\"SEKUNDI\",\"description\":\"\",\"publisher\":{\"@id\":\"https:\\\/\\\/sekundi.eu\\\/#organization\"},\"potentialAction\":[{\"@type\":\"SearchAction\",\"target\":{\"@type\":\"EntryPoint\",\"urlTemplate\":\"https:\\\/\\\/sekundi.eu\\\/?s={search_term_string}\"},\"query-input\":{\"@type\":\"PropertyValueSpecification\",\"valueRequired\":true,\"valueName\":\"search_term_string\"}}],\"inLanguage\":\"pt-PT\"},{\"@type\":\"Organization\",\"@id\":\"https:\\\/\\\/sekundi.eu\\\/#organization\",\"name\":\"Sekundi\",\"url\":\"https:\\\/\\\/sekundi.eu\\\/\",\"logo\":{\"@type\":\"ImageObject\",\"inLanguage\":\"pt-PT\",\"@id\":\"https:\\\/\\\/sekundi.eu\\\/#\\\/schema\\\/logo\\\/image\\\/\",\"url\":\"https:\\\/\\\/sekundi.eu\\\/wp-content\\\/uploads\\\/2022\\\/12\\\/logo_sekundi.png\",\"contentUrl\":\"https:\\\/\\\/sekundi.eu\\\/wp-content\\\/uploads\\\/2022\\\/12\\\/logo_sekundi.png\",\"width\":171,\"height\":46,\"caption\":\"Sekundi\"},\"image\":{\"@id\":\"https:\\\/\\\/sekundi.eu\\\/#\\\/schema\\\/logo\\\/image\\\/\"}}]}<\/script>\n<!-- \/ Yoast SEO plugin. -->","yoast_head_json":{"title":"Cobran\u00e7a de contas por pagar na Noruega - Sekundi","description":"Tem uma factura por pagar na Noruega? Descubra o apoio da rede SEKUNDI \u00e0s empresas internacionais.","robots":{"index":"index","follow":"follow","max-snippet":"max-snippet:-1","max-image-preview":"max-image-preview:large","max-video-preview":"max-video-preview:-1"},"canonical":"https:\/\/sekundi.eu\/pt-pt\/europa\/cobranca-de-dividas-na-noruega\/","og_locale":"pt_PT","og_type":"article","og_title":"Cobran\u00e7a de contas por pagar na Noruega - Sekundi","og_description":"Tem uma factura por pagar na Noruega? Descubra o apoio da rede SEKUNDI \u00e0s empresas internacionais.","og_url":"https:\/\/sekundi.eu\/pt-pt\/europa\/cobranca-de-dividas-na-noruega\/","og_site_name":"SEKUNDI","article_modified_time":"2023-02-17T10:02:18+00:00","og_image":[{"url":"https:\/\/sekundi.eu\/wp-content\/uploads\/2023\/02\/accompagnement-recouvrement-min-2.jpeg","type":"","width":"","height":""}],"twitter_card":"summary_large_image","twitter_misc":{"Tempo estimado de leitura":"4 minutos"},"schema":{"@context":"https:\/\/schema.org","@graph":[{"@type":"WebPage","@id":"https:\/\/sekundi.eu\/pt-pt\/europa\/cobranca-de-dividas-na-noruega\/","url":"https:\/\/sekundi.eu\/pt-pt\/europa\/cobranca-de-dividas-na-noruega\/","name":"Cobran\u00e7a de contas por pagar na Noruega - Sekundi","isPartOf":{"@id":"https:\/\/sekundi.eu\/#website"},"primaryImageOfPage":{"@id":"https:\/\/sekundi.eu\/pt-pt\/europa\/cobranca-de-dividas-na-noruega\/#primaryimage"},"image":{"@id":"https:\/\/sekundi.eu\/pt-pt\/europa\/cobranca-de-dividas-na-noruega\/#primaryimage"},"thumbnailUrl":"https:\/\/sekundi.eu\/wp-content\/uploads\/2023\/02\/accompagnement-recouvrement-min-2.jpeg","datePublished":"2023-02-06T15:39:43+00:00","dateModified":"2023-02-17T10:02:18+00:00","description":"Tem uma factura por pagar na Noruega? Descubra o apoio da rede SEKUNDI \u00e0s empresas internacionais.","breadcrumb":{"@id":"https:\/\/sekundi.eu\/pt-pt\/europa\/cobranca-de-dividas-na-noruega\/#breadcrumb"},"inLanguage":"pt-PT","potentialAction":[{"@type":"ReadAction","target":["https:\/\/sekundi.eu\/pt-pt\/europa\/cobranca-de-dividas-na-noruega\/"]}]},{"@type":"ImageObject","inLanguage":"pt-PT","@id":"https:\/\/sekundi.eu\/pt-pt\/europa\/cobranca-de-dividas-na-noruega\/#primaryimage","url":"https:\/\/sekundi.eu\/wp-content\/uploads\/2023\/02\/accompagnement-recouvrement-min-2.jpeg","contentUrl":"https:\/\/sekundi.eu\/wp-content\/uploads\/2023\/02\/accompagnement-recouvrement-min-2.jpeg"},{"@type":"BreadcrumbList","@id":"https:\/\/sekundi.eu\/pt-pt\/europa\/cobranca-de-dividas-na-noruega\/#breadcrumb","itemListElement":[{"@type":"ListItem","position":1,"name":"Accueil","item":"https:\/\/sekundi.eu\/pt-pt\/"},{"@type":"ListItem","position":2,"name":"Cobran\u00e7a de d\u00edvidas na Europa","item":"https:\/\/sekundi.eu\/pt-pt\/europa\/"},{"@type":"ListItem","position":3,"name":"Cobran\u00e7a de d\u00edvidas na Noruega"}]},{"@type":"WebSite","@id":"https:\/\/sekundi.eu\/#website","url":"https:\/\/sekundi.eu\/","name":"SEKUNDI","description":"","publisher":{"@id":"https:\/\/sekundi.eu\/#organization"},"potentialAction":[{"@type":"SearchAction","target":{"@type":"EntryPoint","urlTemplate":"https:\/\/sekundi.eu\/?s={search_term_string}"},"query-input":{"@type":"PropertyValueSpecification","valueRequired":true,"valueName":"search_term_string"}}],"inLanguage":"pt-PT"},{"@type":"Organization","@id":"https:\/\/sekundi.eu\/#organization","name":"Sekundi","url":"https:\/\/sekundi.eu\/","logo":{"@type":"ImageObject","inLanguage":"pt-PT","@id":"https:\/\/sekundi.eu\/#\/schema\/logo\/image\/","url":"https:\/\/sekundi.eu\/wp-content\/uploads\/2022\/12\/logo_sekundi.png","contentUrl":"https:\/\/sekundi.eu\/wp-content\/uploads\/2022\/12\/logo_sekundi.png","width":171,"height":46,"caption":"Sekundi"},"image":{"@id":"https:\/\/sekundi.eu\/#\/schema\/logo\/image\/"}}]}},"coauthors":[],"author_meta":{"author_link":"https:\/\/sekundi.eu\/pt-pt\/author\/sekimageundi\/","display_name":"Les Imageurs"},"relative_dates":{"created":"Publicado 3 anos h\u00e1","modified":"Atualizado 3 anos h\u00e1"},"absolute_dates":{"created":"Publicado em 6 de Fevereiro, 2023","modified":"Atualizado em 17 de Fevereiro, 2023"},"absolute_dates_time":{"created":"Publicado em 6 de Fevereiro, 2023 16:39","modified":"Atualizado em 17 de Fevereiro, 2023 11:02"},"featured_img_caption":"","featured_img":false,"series_order":"","_links":{"self":[{"href":"https:\/\/sekundi.eu\/pt-pt\/wp-json\/wp\/v2\/pages\/3246","targetHints":{"allow":["GET"]}}],"collection":[{"href":"https:\/\/sekundi.eu\/pt-pt\/wp-json\/wp\/v2\/pages"}],"about":[{"href":"https:\/\/sekundi.eu\/pt-pt\/wp-json\/wp\/v2\/types\/page"}],"author":[{"embeddable":true,"href":"https:\/\/sekundi.eu\/pt-pt\/wp-json\/wp\/v2\/users\/1"}],"replies":[{"embeddable":true,"href":"https:\/\/sekundi.eu\/pt-pt\/wp-json\/wp\/v2\/comments?post=3246"}],"version-history":[{"count":2,"href":"https:\/\/sekundi.eu\/pt-pt\/wp-json\/wp\/v2\/pages\/3246\/revisions"}],"predecessor-version":[{"id":5839,"href":"https:\/\/sekundi.eu\/pt-pt\/wp-json\/wp\/v2\/pages\/3246\/revisions\/5839"}],"up":[{"embeddable":true,"href":"https:\/\/sekundi.eu\/pt-pt\/wp-json\/wp\/v2\/pages\/3511"}],"wp:attachment":[{"href":"https:\/\/sekundi.eu\/pt-pt\/wp-json\/wp\/v2\/media?parent=3246"}],"curies":[{"name":"wp","href":"https:\/\/api.w.org\/{rel}","templated":true}]}}