{"id":3511,"date":"2022-12-26T10:24:56","date_gmt":"2022-12-26T09:24:56","guid":{"rendered":"https:\/\/sekundi.eu\/cobranca-de-dividas-na-europa\/"},"modified":"2023-05-22T16:33:44","modified_gmt":"2023-05-22T14:33:44","slug":"europa","status":"publish","type":"page","link":"https:\/\/sekundi.eu\/pt-pt\/europa\/","title":{"rendered":"Cobran\u00e7a de d\u00edvidas na Europa"},"content":{"rendered":"\n<figure class=\"wp-block-image alignfull size-full\"><img loading=\"lazy\" decoding=\"async\" width=\"1920\" height=\"300\" src=\"https:\/\/sekundi.eu\/wp-content\/uploads\/2023\/02\/joshua-rawson-harris-k3fmuSvQi2A-unsplash.jpg\" alt=\"\" class=\"wp-image-2630\" srcset=\"https:\/\/sekundi.eu\/wp-content\/uploads\/2023\/02\/joshua-rawson-harris-k3fmuSvQi2A-unsplash.jpg 1920w, https:\/\/sekundi.eu\/wp-content\/uploads\/2023\/02\/joshua-rawson-harris-k3fmuSvQi2A-unsplash-300x47.jpg 300w, https:\/\/sekundi.eu\/wp-content\/uploads\/2023\/02\/joshua-rawson-harris-k3fmuSvQi2A-unsplash-1024x160.jpg 1024w, https:\/\/sekundi.eu\/wp-content\/uploads\/2023\/02\/joshua-rawson-harris-k3fmuSvQi2A-unsplash-768x120.jpg 768w, https:\/\/sekundi.eu\/wp-content\/uploads\/2023\/02\/joshua-rawson-harris-k3fmuSvQi2A-unsplash-1536x240.jpg 1536w\" sizes=\"auto, (max-width: 1920px) 100vw, 1920px\" \/><\/figure>\n\n<div class=\"wp-block-columns margt-100 is-layout-flex wp-container-core-columns-is-layout-9d6595d7 wp-block-columns-is-layout-flex\">\n<div class=\"wp-block-column is-layout-flow wp-block-column-is-layout-flow\">\n<div class=\"wp-block-group animated fadeInDown delay-100ms has-noir-color has-blanc-background-color has-text-color has-background\"><div class=\"wp-block-group__inner-container is-layout-constrained wp-block-group-is-layout-constrained\"><div class=\"wp-block-image\">\n<figure class=\"aligncenter size-full\"><img loading=\"lazy\" decoding=\"async\" width=\"66\" height=\"60\" src=\"https:\/\/sekundi.eu\/wp-content\/uploads\/2022\/12\/icon.png\" alt=\"\" class=\"wp-image-31\"\/><\/figure>\n<\/div>\n\n\n<p class=\"has-large-font-size\"><strong>Enviar<\/strong> <strong>as suas reivindica\u00e7\u00f5es<\/strong><\/p>\n\n\n\n<p>Escolha o pa\u00eds da sua d\u00edvida, carregue a sua conta, e deixe-nos fazer tudo!<\/p>\n<\/div><\/div>\n<\/div>\n\n\n\n<div class=\"wp-block-column is-layout-flow wp-block-column-is-layout-flow\">\n<div class=\"wp-block-group animated fadeInDown delay-300ms has-noir-color has-blanc-background-color has-text-color has-background\"><div class=\"wp-block-group__inner-container is-layout-constrained wp-block-group-is-layout-constrained\"><div class=\"wp-block-image\">\n<figure class=\"aligncenter size-full is-resized\"><img loading=\"lazy\" decoding=\"async\" src=\"https:\/\/sekundi.eu\/wp-content\/uploads\/2023\/01\/diagramme-a-bandes.png\" alt=\"\" class=\"wp-image-481\" width=\"60\" height=\"60\" srcset=\"https:\/\/sekundi.eu\/wp-content\/uploads\/2023\/01\/diagramme-a-bandes.png 512w, https:\/\/sekundi.eu\/wp-content\/uploads\/2023\/01\/diagramme-a-bandes-300x300.png 300w, https:\/\/sekundi.eu\/wp-content\/uploads\/2023\/01\/diagramme-a-bandes-150x150.png 150w\" sizes=\"auto, (max-width: 60px) 100vw, 60px\" \/><\/figure>\n<\/div>\n\n\n<p class=\"has-large-font-size\"><strong>Informe-se<\/strong><\/p>\n\n\n\n<p>Mantemo-lo informado via Intranet 24 horas por dia, 7 dias por semana, sobre quaisquer desenvolvimentos nas suas contas e fornecemos relat\u00f3rios sobre a evolu\u00e7\u00e3o da cobran\u00e7a de d\u00edvidas na l\u00edngua da sua escolha.<\/p>\n<\/div><\/div>\n<\/div>\n\n\n\n<div class=\"wp-block-column is-layout-flow wp-block-column-is-layout-flow\">\n<div class=\"wp-block-group animated fadeInDown delay-500ms has-noir-color has-blanc-background-color has-text-color has-background\"><div class=\"wp-block-group__inner-container is-layout-constrained wp-block-group-is-layout-constrained\"><div class=\"wp-block-image\">\n<figure class=\"aligncenter size-full is-resized\"><img loading=\"lazy\" decoding=\"async\" src=\"https:\/\/sekundi.eu\/wp-content\/uploads\/2023\/01\/paid.png\" alt=\"\" class=\"wp-image-477\" width=\"60\" height=\"60\" srcset=\"https:\/\/sekundi.eu\/wp-content\/uploads\/2023\/01\/paid.png 512w, https:\/\/sekundi.eu\/wp-content\/uploads\/2023\/01\/paid-300x300.png 300w, https:\/\/sekundi.eu\/wp-content\/uploads\/2023\/01\/paid-150x150.png 150w\" sizes=\"auto, (max-width: 60px) 100vw, 60px\" \/><\/figure>\n<\/div>\n\n\n<p class=\"has-large-font-size\"><strong>Custos de recupera\u00e7\u00e3o<\/strong><\/p>\n\n\n\n<p>Uma pol\u00edtica de pre\u00e7os uniforme em toda a Europa n\u00e3o \u00e9 t\u00e3o comum. E o seu tempo \u00e9 libertado para ser utilizado noutro lugar.<\/p>\n<\/div><\/div>\n<\/div>\n<\/div>\n\n<div class=\"wp-block-group alignwide has-background\" style=\"background-color:#b3a39630\"><div class=\"wp-block-group__inner-container is-layout-constrained wp-block-group-is-layout-constrained\">\n<div style=\"height:50px\" aria-hidden=\"true\" class=\"wp-block-spacer\"><\/div>\n\n\n\n<p class=\"has-text-align-center marg0 has-small-font-size\">A NOSSA REDE<\/p>\n\n\n\n<h2 class=\"wp-block-heading has-text-align-center marg0 advgb-dyn-2f5b1a6e\">Especificar um pa\u00eds<\/h2>\n\n\n\n<div style=\"height:30px\" aria-hidden=\"true\" class=\"wp-block-spacer\"><\/div>\n\n\n<ul class='country-specification'><li><a href='https:\/\/sekundi.eu\/pt-pt\/europa\/cobranca-de-dividas-na-alemanha\/'><i class='fa-solid fa-map-pin'><\/i>Cobran\u00e7a de d\u00edvidas na Alemanha<\/a><\/li><li><a href='https:\/\/sekundi.eu\/pt-pt\/europa\/cobranca-de-dividas-na-austria\/'><i class='fa-solid fa-map-pin'><\/i>Cobran\u00e7a de d\u00edvidas na \u00c1ustria<\/a><\/li><li><a href='https:\/\/sekundi.eu\/pt-pt\/europa\/cobranca-de-dividas-na-belgica\/'><i class='fa-solid fa-map-pin'><\/i>Cobran\u00e7a de d\u00edvidas na B\u00e9lgica<\/a><\/li><li><a href='https:\/\/sekundi.eu\/pt-pt\/europa\/cobranca-de-dividas-na-bielorrussia\/'><i class='fa-solid fa-map-pin'><\/i>Cobran\u00e7a de d\u00edvidas na Bielorr\u00fassia<\/a><\/li><li><a href='https:\/\/sekundi.eu\/pt-pt\/europa\/cobranca-de-dividas-na-bosnia\/'><i class='fa-solid fa-map-pin'><\/i>Cobran\u00e7a de d\u00edvidas na B\u00f3snia<\/a><\/li><li><a href='https:\/\/sekundi.eu\/pt-pt\/europa\/cobranca-de-dividas-em-bulgaro\/'><i class='fa-solid fa-map-pin'><\/i>Cobran\u00e7a de d\u00edvidas em B\u00falgaro<\/a><\/li><li><a href='https:\/\/sekundi.eu\/pt-pt\/europa\/cobranca-de-dividas-na-croacia\/'><i class='fa-solid fa-map-pin'><\/i>Cobran\u00e7a de d\u00edvidas na Cro\u00e1cia<\/a><\/li><li><a href='https:\/\/sekundi.eu\/pt-pt\/europa\/cobranca-de-dividas-na-dinamarca\/'><i class='fa-solid fa-map-pin'><\/i>Cobran\u00e7a de d\u00edvidas na Dinamarca<\/a><\/li><li><a href='https:\/\/sekundi.eu\/pt-pt\/europa\/recuperacao-da-divida-na-eslovaquia-e-na-republica-checa\/'><i class='fa-solid fa-map-pin'><\/i>Recupera\u00e7\u00e3o da d\u00edvida na Eslov\u00e1quia e na Rep\u00fablica Checa<\/a><\/li><li><a href='https:\/\/sekundi.eu\/pt-pt\/europa\/cobranca-de-dividas-na-eslovenia\/'><i class='fa-solid fa-map-pin'><\/i>Cobran\u00e7a de d\u00edvidas na Eslov\u00e9nia<\/a><\/li><li><a href='https:\/\/sekundi.eu\/pt-pt\/europa\/cobranca-de-dividas-em-espanha\/'><i class='fa-solid fa-map-pin'><\/i>Cobran\u00e7a de d\u00edvidas em Espanha<\/a><\/li><li><a href='https:\/\/sekundi.eu\/pt-pt\/europa\/cobranca-de-dividas-na-estonia\/'><i class='fa-solid fa-map-pin'><\/i>Cobran\u00e7a de d\u00edvidas na Est\u00f3nia<\/a><\/li><li><a href='https:\/\/sekundi.eu\/pt-pt\/europa\/cobranca-de-dividas-na-finlandia\/'><i class='fa-solid fa-map-pin'><\/i>Cobran\u00e7a de d\u00edvidas na Finl\u00e2ndia<\/a><\/li><li><a href='https:\/\/sekundi.eu\/pt-pt\/europa\/cobranca-de-dividas-em-franca\/'><i class='fa-solid fa-map-pin'><\/i>Cobran\u00e7a de d\u00edvidas em Fran\u00e7a<\/a><\/li><li><a href='https:\/\/sekundi.eu\/pt-pt\/europa\/cobranca-de-dividas-na-georgia\/'><i class='fa-solid fa-map-pin'><\/i>Cobran\u00e7a de d\u00edvidas na Ge\u00f3rgia<\/a><\/li><li><a href='https:\/\/sekundi.eu\/pt-pt\/europa\/cobranca-de-dividas-na-grecia\/'><i class='fa-solid fa-map-pin'><\/i>Cobran\u00e7a de d\u00edvidas na Gr\u00e9cia<\/a><\/li><li><a href='https:\/\/sekundi.eu\/pt-pt\/europa\/cobranca-de-dividas-na-hungria\/'><i class='fa-solid fa-map-pin'><\/i>Cobran\u00e7a de d\u00edvidas na Hungria<\/a><\/li><li><a href='https:\/\/sekundi.eu\/pt-pt\/europa\/cobranca-de-dividas-na-irlanda\/'><i class='fa-solid fa-map-pin'><\/i>Cobran\u00e7a de d\u00edvidas na Irlanda<\/a><\/li><li><a href='https:\/\/sekundi.eu\/pt-pt\/europa\/cobranca-de-dividas-na-islandia\/'><i class='fa-solid fa-map-pin'><\/i>Cobran\u00e7a de d\u00edvidas na Isl\u00e2ndia<\/a><\/li><li><a href='https:\/\/sekundi.eu\/pt-pt\/europa\/cobranca-de-dividas-em-italia\/'><i class='fa-solid fa-map-pin'><\/i>Cobran\u00e7a de d\u00edvidas em It\u00e1lia<\/a><\/li><li><a href='https:\/\/sekundi.eu\/pt-pt\/europa\/cobranca-de-dividas-no-kosovo\/'><i class='fa-solid fa-map-pin'><\/i>Cobran\u00e7a de d\u00edvidas no Kosovo<\/a><\/li><li><a href='https:\/\/sekundi.eu\/pt-pt\/europa\/cobranca-de-dividas-na-letonia\/'><i class='fa-solid fa-map-pin'><\/i>Cobran\u00e7a de d\u00edvidas na Let\u00f3nia<\/a><\/li><li><a href='https:\/\/sekundi.eu\/pt-pt\/europa\/cobranca-de-dividas-na-lituania\/'><i class='fa-solid fa-map-pin'><\/i>Cobran\u00e7a de d\u00edvidas na Litu\u00e2nia<\/a><\/li><li><a href='https:\/\/sekundi.eu\/pt-pt\/europa\/cobranca-de-dividas-no-luxemburgo\/'><i class='fa-solid fa-map-pin'><\/i>Cobran\u00e7a de d\u00edvidas no Luxemburgo<\/a><\/li><li><a href='https:\/\/sekundi.eu\/pt-pt\/europa\/cobranca-de-dividas-na-moldavia\/'><i class='fa-solid fa-map-pin'><\/i>Cobran\u00e7a de d\u00edvidas na Mold\u00e1via<\/a><\/li><li><a href='https:\/\/sekundi.eu\/pt-pt\/europa\/cobranca-de-dividas-no-montenegro\/'><i class='fa-solid fa-map-pin'><\/i>Cobran\u00e7a de d\u00edvidas no Montenegro<\/a><\/li><li><a href='https:\/\/sekundi.eu\/pt-pt\/europa\/cobranca-de-dividas-no-norte-da-macedonia\/'><i class='fa-solid fa-map-pin'><\/i>Cobran\u00e7a de d\u00edvidas no Norte da Maced\u00f3nia<\/a><\/li><li><a href='https:\/\/sekundi.eu\/pt-pt\/europa\/cobranca-de-dividas-na-noruega\/'><i class='fa-solid fa-map-pin'><\/i>Cobran\u00e7a de d\u00edvidas na Noruega<\/a><\/li><li><a href='https:\/\/sekundi.eu\/pt-pt\/europa\/cobranca-de-dividas-nos-paises-baixos\/'><i class='fa-solid fa-map-pin'><\/i>Cobran\u00e7a de d\u00edvidas nos Pa\u00edses Baixos<\/a><\/li><li><a href='https:\/\/sekundi.eu\/pt-pt\/europa\/cobranca-de-dividas-na-polonia\/'><i class='fa-solid fa-map-pin'><\/i>Cobran\u00e7a de d\u00edvidas na Pol\u00f3nia<\/a><\/li><li><a href='https:\/\/sekundi.eu\/pt-pt\/europa\/cobranca-de-dividas-em-portugal\/'><i class='fa-solid fa-map-pin'><\/i>Cobran\u00e7a de d\u00edvidas em Portugal<\/a><\/li><li><a href='https:\/\/sekundi.eu\/pt-pt\/europa\/cobranca-de-dividas-no-reino-unido\/'><i class='fa-solid fa-map-pin'><\/i>Cobran\u00e7a de d\u00edvidas no Reino Unido<\/a><\/li><li><a href='https:\/\/sekundi.eu\/pt-pt\/europa\/recuperacao-da-divida-na-republica-checa\/'><i class='fa-solid fa-map-pin'><\/i>Recupera\u00e7\u00e3o da d\u00edvida na Rep\u00fablica Checa<\/a><\/li><li><a href='https:\/\/sekundi.eu\/pt-pt\/europa\/cobranca-de-dividas-na-romenia\/'><i class='fa-solid fa-map-pin'><\/i>Cobran\u00e7a de d\u00edvidas na Rom\u00e9nia<\/a><\/li><li><a href='https:\/\/sekundi.eu\/pt-pt\/europa\/cobranca-de-dividas-em-servia\/'><i class='fa-solid fa-map-pin'><\/i>Cobran\u00e7a de d\u00edvidas em Servia<\/a><\/li><li><a href='https:\/\/sekundi.eu\/pt-pt\/europa\/cobranca-de-dividas-na-suecia\/'><i class='fa-solid fa-map-pin'><\/i>Cobran\u00e7a de d\u00edvidas na Su\u00e9cia<\/a><\/li><li><a href='https:\/\/sekundi.eu\/pt-pt\/europa\/cobranca-de-dividas-na-suica\/'><i class='fa-solid fa-map-pin'><\/i>Cobran\u00e7a de d\u00edvidas na Su\u00ed\u00e7a<\/a><\/li><li><a href='https:\/\/sekundi.eu\/pt-pt\/europa\/cobranca-de-dividas-na-turquia\/'><i class='fa-solid fa-map-pin'><\/i>Cobran\u00e7a de d\u00edvidas na Turquia<\/a><\/li><\/li><\/ul>\n\n\n\n<div style=\"height:50px\" aria-hidden=\"true\" class=\"wp-block-spacer\"><\/div>\n<\/div><\/div>\n\n<div style=\"height:30px\" aria-hidden=\"true\" class=\"wp-block-spacer\"><\/div>\n\n<div style=\"height:30px\" aria-hidden=\"true\" class=\"wp-block-spacer\"><\/div>\n\n<div class=\"wp-block-columns are-vertically-aligned-center is-layout-flex wp-container-core-columns-is-layout-9d6595d7 wp-block-columns-is-layout-flex\">\n<div class=\"wp-block-column is-vertically-aligned-center is-layout-flow wp-block-column-is-layout-flow\">\n<p class=\"has-small-font-size\"><strong>COBRAN\u00c7A DE D\u00cdVIDAS INTERNACIONAIS<\/strong><\/p>\n\n\n\n<h2 class=\"wp-block-heading marg0 advgb-dyn-2f3fcba7\" id=\"debt-collection-worldwide-69394841-8e5e-43bb-8c94-ebd49164984b\"><strong>Cobran\u00e7a de d\u00edvidas na Europa<\/strong><\/h2>\n\n\n\n<p>Quando as empresas operam a n\u00edvel internacional, pode acontecer que uma factura de um cliente n\u00e3o seja paga ap\u00f3s a data de pagamento. A recupera\u00e7\u00e3o do montante pode ser morosa e fastidiosa para um profissional, especialmente se n\u00e3o conhecer a l\u00edngua materna da outra parte e as regras em vigor no pa\u00eds. <\/p>\n\n\n\n<p>Uma situa\u00e7\u00e3o como esta pode ser cr\u00edtica para uma empresa, especialmente no caso de uma factura de valor elevado. O fluxo de caixa \u00e9 afectado e, a longo prazo, a situa\u00e7\u00e3o pode agravar-se. \u00c9 necess\u00e1rio agir r\u00e1pida e eficazmente para recuperar a sua d\u00edvida.  <\/p>\n\n\n\n<div style=\"height:30px\" aria-hidden=\"true\" class=\"wp-block-spacer\"><\/div>\n\n\n\n<div class=\"wp-block-advgb-button alignnone is-style-default\"><a class=\"wp-block-advgb-button_link advgbbtn-36a368b2-2aa1-4c2d-8c82-1c8b4b15d6e7\" href=\"https:\/\/sekundi.eu\/contact\/\" target=\"_self\" rel=\"noopener noreferrer\"><span>Contacte-nos<\/span><\/a><\/div>\n<\/div>\n\n\n\n<div class=\"wp-block-column is-vertically-aligned-center is-layout-flow wp-block-column-is-layout-flow\">\n<figure class=\"wp-block-image size-full\"><img loading=\"lazy\" decoding=\"async\" width=\"600\" height=\"400\" src=\"https:\/\/sekundi.eu\/wp-content\/uploads\/2023\/02\/recouvrement-internationnal.jpeg\" alt=\"\" class=\"wp-image-2046\" srcset=\"https:\/\/sekundi.eu\/wp-content\/uploads\/2023\/02\/recouvrement-internationnal.jpeg 600w, https:\/\/sekundi.eu\/wp-content\/uploads\/2023\/02\/recouvrement-internationnal-300x200.jpeg 300w\" sizes=\"auto, (max-width: 600px) 100vw, 600px\" \/><\/figure>\n<\/div>\n<\/div>\n\n<div style=\"height:70px\" aria-hidden=\"true\" class=\"wp-block-spacer\"><\/div>\n\n<figure class=\"wp-block-image alignfull size-large\"><img loading=\"lazy\" decoding=\"async\" width=\"1024\" height=\"160\" src=\"https:\/\/sekundi.eu\/wp-content\/uploads\/2023\/02\/joshua-rawson-harris-k3fmuSvQi2A-unsplash-1024x160.jpg\" alt=\"\" class=\"wp-image-2630\" srcset=\"https:\/\/sekundi.eu\/wp-content\/uploads\/2023\/02\/joshua-rawson-harris-k3fmuSvQi2A-unsplash-1024x160.jpg 1024w, https:\/\/sekundi.eu\/wp-content\/uploads\/2023\/02\/joshua-rawson-harris-k3fmuSvQi2A-unsplash-300x47.jpg 300w, https:\/\/sekundi.eu\/wp-content\/uploads\/2023\/02\/joshua-rawson-harris-k3fmuSvQi2A-unsplash-768x120.jpg 768w, https:\/\/sekundi.eu\/wp-content\/uploads\/2023\/02\/joshua-rawson-harris-k3fmuSvQi2A-unsplash-1536x240.jpg 1536w, https:\/\/sekundi.eu\/wp-content\/uploads\/2023\/02\/joshua-rawson-harris-k3fmuSvQi2A-unsplash.jpg 1920w\" sizes=\"auto, (max-width: 1024px) 100vw, 1024px\" \/><\/figure>\n\n<div class=\"wp-block-columns alignwide margt-300 animated fadeInUp is-layout-flex wp-container-core-columns-is-layout-9d6595d7 wp-block-columns-is-layout-flex\">\n<div class=\"wp-block-column is-layout-flow wp-block-column-is-layout-flow\" style=\"flex-basis:40%\">\n<div class=\"wp-block-group arrondi has-blanc-color has-marron-noir-background-color has-text-color has-background\"><div class=\"wp-block-group__inner-container is-layout-constrained wp-block-group-is-layout-constrained\">\n<div style=\"height:30px\" aria-hidden=\"true\" class=\"wp-block-spacer\"><\/div>\n\n\n\n<h2 class=\"wp-block-heading marg0 has-blanc-color has-text-color advgb-dyn-a5de08e7\">Recupere os seus cr\u00e9ditos europeus<\/h2>\n\n\n\n<div style=\"height:20px\" aria-hidden=\"true\" class=\"wp-block-spacer\"><\/div>\n\n\n\n<p>Para permitir a cobran\u00e7a dos seus cr\u00e9ditos internacionais em todos os pa\u00edses europeus, a rede SEKUNDI rodeou-se de numerosas ag\u00eancias de cobran\u00e7a locais. Isto significa que podemos contactar um profissional no pa\u00eds onde a sua d\u00edvida deve ser cobrada, independentemente do pa\u00eds. <\/p>\n\n\n\n<div style=\"height:30px\" aria-hidden=\"true\" class=\"wp-block-spacer\"><\/div>\n\n\n\n<div class=\"wp-block-advgb-button alignnone\"><a class=\"wp-block-advgb-button_link advgbbtn-2bb54240-17c4-47a2-82c6-47c33dcba04a\" href=\"https:\/\/sekundi.eu\/pt-pt\/como-funciona\/\" target=\"_self\" rel=\"noopener noreferrer\"><span>Ler mais<\/span><\/a><\/div>\n\n\n\n<div style=\"height:30px\" aria-hidden=\"true\" class=\"wp-block-spacer\"><\/div>\n<\/div><\/div>\n<\/div>\n\n\n\n<div class=\"wp-block-column is-layout-flow wp-block-column-is-layout-flow\" style=\"flex-basis:60%\"><\/div>\n<\/div>\n\n<div style=\"height:35px\" aria-hidden=\"true\" class=\"wp-block-spacer\"><\/div>\n\n<div class=\"wp-block-group arrondi has-bleu-gris-background-color has-background\"><div class=\"wp-block-group__inner-container is-layout-constrained wp-block-group-is-layout-constrained\">\n<h2 class=\"wp-block-heading has-text-align-center\">Oferecemos servi\u00e7os de cobran\u00e7a de d\u00edvidas internacionais para os seus clientes B2B e B2C<\/h2>\n\n\n\n<div style=\"height:35px\" aria-hidden=\"true\" class=\"wp-block-spacer\"><\/div>\n\n\n\n<p class=\"has-text-align-center\">Na maioria dos casos, <strong>o n\u00e3o pagamento de uma factura<\/strong> pode ser resolvido atrav\u00e9s de uma conversa com o profissional ou particular em causa. O nosso objectivo \u00e9, portanto, contactar o seu cliente e discutir a situa\u00e7\u00e3o com ele, a fim de compreender as circunst\u00e2ncias e a situa\u00e7\u00e3o. <\/p>\n\n\n\n<div class=\"wp-block-columns is-layout-flex wp-container-core-columns-is-layout-9d6595d7 wp-block-columns-is-layout-flex\">\n<div class=\"wp-block-column is-layout-flow wp-block-column-is-layout-flow\">\n<div class=\"wp-block-group\"><div class=\"wp-block-group__inner-container is-layout-constrained wp-block-group-is-layout-constrained\">\n<h3 class=\"wp-block-heading has-text-align-left has-marron-color has-text-color has-medium-font-size\"><strong>Cobran\u00e7a B2B de facturas n\u00e3o pagas<\/strong><\/h3>\n\n\n\n<p>O seu cliente \u00e9 uma empresa situada num pa\u00eds europeu. Os casos mais comuns de n\u00e3o pagamento : <\/p>\n\n\n\n<ul class=\"wp-block-list\">\n<li>Mal-entendido<\/li>\n\n\n\n<li>Lit\u00edgio sobre o produto ou a factura<\/li>\n\n\n\n<li>Dificuldades financeiras<\/li>\n\n\n\n<li>M\u00e1 gest\u00e3o das empresas<\/li>\n\n\n\n<li>Mudan\u00e7a de endere\u00e7o ou de dados banc\u00e1rios<\/li>\n<\/ul>\n\n\n\n<p><\/p>\n<\/div><\/div>\n<\/div>\n\n\n\n<div class=\"wp-block-column is-layout-flow wp-block-column-is-layout-flow\">\n<div class=\"wp-block-group\"><div class=\"wp-block-group__inner-container is-layout-constrained wp-block-group-is-layout-constrained\">\n<h3 class=\"wp-block-heading has-text-align-left has-marron-color has-text-color has-medium-font-size\"><strong>Cobran\u00e7a de d\u00edvidas B2C<\/strong><\/h3>\n\n\n\n<p>O seu cliente \u00e9 um particular com um endere\u00e7o num pa\u00eds europeu. Os casos mais comuns de n\u00e3o pagamento : <\/p>\n\n\n\n<ul class=\"wp-block-list\">\n<li>Mal-entendido<\/li>\n\n\n\n<li>Lit\u00edgio sobre o produto ou a factura<\/li>\n\n\n\n<li>Dificuldades financeiras<\/li>\n\n\n\n<li>Esquecimento e neglig\u00eancia<\/li>\n\n\n\n<li>Mudan\u00e7a de endere\u00e7o ou de dados banc\u00e1rios<\/li>\n\n\n\n<li>M\u00e1 f\u00e9<\/li>\n<\/ul>\n<\/div><\/div>\n<\/div>\n<\/div>\n<\/div><\/div>\n\n<div style=\"height:35px\" aria-hidden=\"true\" class=\"wp-block-spacer\"><\/div>\n\n<div class=\"wp-block-advgb-button aligncenter\"><a class=\"wp-block-advgb-button_link advgbbtn-eecd3e3d-10b8-4928-83b4-83c6da300143\" href=\"https:\/\/sekundi.eu\/sekundi\/\" target=\"_self\" rel=\"noopener noreferrer\"><span><strong>Descobrir a cobran\u00e7a de d\u00edvidas por Sekundi<\/strong><\/span><\/a><\/div>\n\n<div style=\"height:35px\" aria-hidden=\"true\" class=\"wp-block-spacer\"><\/div>\n\n<h2 class=\"wp-block-heading has-text-align-center advgb-dyn-c7120131\">Desafios em mat\u00e9ria de atrasos de pagamento para as empresas <\/h2>\n\n<div class=\"wp-block-group\"><div class=\"wp-block-group__inner-container is-layout-constrained wp-block-group-is-layout-constrained\">\n<div style=\"height:50px\" aria-hidden=\"true\" class=\"wp-block-spacer\"><\/div>\n\n\n\n<div class=\"wp-block-columns are-vertically-aligned-center is-layout-flex wp-container-core-columns-is-layout-9d6595d7 wp-block-columns-is-layout-flex\">\n<div class=\"wp-block-column is-vertically-aligned-center is-layout-flow wp-block-column-is-layout-flow\">\n<div class=\"wp-block-group shadow has-blanc-background-color has-background\"><div class=\"wp-block-group__inner-container is-layout-constrained wp-block-group-is-layout-constrained\">\n<p class=\"has-text-align-center\"><strong>Juros adicionais<\/strong><\/p>\n<\/div><\/div>\n<\/div>\n\n\n\n<div class=\"wp-block-column is-vertically-aligned-center is-layout-flow wp-block-column-is-layout-flow\">\n<div class=\"wp-block-group shadow has-blanc-background-color has-background\"><div class=\"wp-block-group__inner-container is-layout-constrained wp-block-group-is-layout-constrained\">\n<p class=\"has-text-align-center\"><strong>Tens\u00e3o sobre  <\/strong><br\/><strong>fluxo de caixa<\/strong><\/p>\n<\/div><\/div>\n<\/div>\n\n\n\n<div class=\"wp-block-column is-vertically-aligned-center is-layout-flow wp-block-column-is-layout-flow\">\n<div class=\"wp-block-group shadow has-blanc-background-color has-background\"><div class=\"wp-block-group__inner-container is-layout-constrained wp-block-group-is-layout-constrained\">\n<p class=\"has-text-align-center\"><strong>Perda de  <\/strong><br\/><strong>rendimento<\/strong><\/p>\n<\/div><\/div>\n<\/div>\n\n\n\n<div class=\"wp-block-column is-vertically-aligned-center is-layout-flow wp-block-column-is-layout-flow\">\n<div class=\"wp-block-group shadow has-blanc-background-color has-background\"><div class=\"wp-block-group__inner-container is-layout-constrained wp-block-group-is-layout-constrained\">\n<p class=\"has-text-align-center\"><strong>Prevenir  <\/strong><br\/><strong>inova\u00e7\u00e3o<\/strong><\/p>\n<\/div><\/div>\n<\/div>\n<\/div>\n\n\n\n<div style=\"height:20px\" aria-hidden=\"true\" class=\"wp-block-spacer\"><\/div>\n\n\n\n<div class=\"wp-block-columns are-vertically-aligned-center is-layout-flex wp-container-core-columns-is-layout-9d6595d7 wp-block-columns-is-layout-flex\">\n<div class=\"wp-block-column is-vertically-aligned-center is-layout-flow wp-block-column-is-layout-flow\">\n<div class=\"wp-block-group shadow has-blanc-background-color has-background\"><div class=\"wp-block-group__inner-container is-layout-constrained wp-block-group-is-layout-constrained\">\n<p class=\"has-text-align-center\"><strong>Conduzindo a  <\/strong><br\/><strong>despedimentos<\/strong><\/p>\n<\/div><\/div>\n<\/div>\n\n\n\n<div class=\"wp-block-column is-vertically-aligned-center is-layout-flow wp-block-column-is-layout-flow\">\n<div class=\"wp-block-group shadow has-blanc-background-color has-background\"><div class=\"wp-block-group__inner-container is-layout-constrained wp-block-group-is-layout-constrained\">\n<p class=\"has-text-align-center\"><strong>Amea\u00e7a para  <\/strong><br\/><strong>sobreviv\u00eancia empresarial<\/strong><\/p>\n<\/div><\/div>\n<\/div>\n\n\n\n<div class=\"wp-block-column is-vertically-aligned-center is-layout-flow wp-block-column-is-layout-flow\">\n<div class=\"wp-block-group shadow has-blanc-background-color has-background\"><div class=\"wp-block-group__inner-container is-layout-constrained wp-block-group-is-layout-constrained\">\n<p class=\"has-text-align-center\"><strong>Prevenir  <\/strong><br\/><strong>crescimento das empresas<\/strong><\/p>\n<\/div><\/div>\n<\/div>\n\n\n\n<div class=\"wp-block-column is-vertically-aligned-center is-layout-flow wp-block-column-is-layout-flow\">\n<div class=\"wp-block-group shadow has-blanc-background-color has-background\"><div class=\"wp-block-group__inner-container is-layout-constrained wp-block-group-is-layout-constrained\">\n<p class=\"has-text-align-center\"><strong>Abrandamento  <\/strong><br\/><strong>o recrutamento  <\/strong><\/p>\n<\/div><\/div>\n<\/div>\n<\/div>\n<\/div><\/div>\n\n<div style=\"height:35px\" aria-hidden=\"true\" class=\"wp-block-spacer\"><\/div>\n\n<div class=\"wp-block-columns are-vertically-aligned-center is-layout-flex wp-container-core-columns-is-layout-9d6595d7 wp-block-columns-is-layout-flex\">\n<div class=\"wp-block-column is-vertically-aligned-center animated fadeInUp delay-100ms is-layout-flow wp-block-column-is-layout-flow\">\n<h2 class=\"wp-block-heading\">Ferramentas de recupera\u00e7\u00e3o de cr\u00e9ditos europeus<\/h2>\n\n\n\n<p>Com o nosso escrit\u00f3rio no pa\u00eds onde a sua d\u00edvida \u00e9 devida, podemos efectuar diferentes tipos de procedimentos para obter o pagamento da sua factura. Cada ag\u00eancia \u00e9 completamente aut\u00f3noma nos seus m\u00e9todos de cobran\u00e7a, em fun\u00e7\u00e3o dos costumes e das regras em vigor no pa\u00eds. <\/p>\n\n\n\n<p>Regra geral, as ag\u00eancias utilizam as diferentes tecnologias \u00e0 sua disposi\u00e7\u00e3o. O seu objectivo \u00e9, antes de mais, compreender as raz\u00f5es que levaram ao n\u00e3o pagamento da d\u00edvida e resolver a situa\u00e7\u00e3o o mais rapidamente poss\u00edvel. <\/p>\n\n\n\n<div style=\"height:30px\" aria-hidden=\"true\" class=\"wp-block-spacer\"><\/div>\n<\/div>\n\n\n\n<div class=\"wp-block-column is-vertically-aligned-center is-layout-flow wp-block-column-is-layout-flow\"><div class=\"wp-block-image\">\n<figure class=\"aligncenter size-full is-resized\"><img loading=\"lazy\" decoding=\"async\" src=\"https:\/\/sekundi.eu\/wp-content\/uploads\/2023\/05\/chequeasy-2-min.jpeg\" alt=\"\" class=\"wp-image-7409\" width=\"600\" height=\"339\" srcset=\"https:\/\/sekundi.eu\/wp-content\/uploads\/2023\/05\/chequeasy-2-min.jpeg 600w, https:\/\/sekundi.eu\/wp-content\/uploads\/2023\/05\/chequeasy-2-min-300x170.jpeg 300w\" sizes=\"auto, (max-width: 600px) 100vw, 600px\" \/><\/figure>\n<\/div><\/div>\n<\/div>\n\n<div class=\"wp-block-advgb-button aligncenter is-style-default\"><a class=\"wp-block-advgb-button_link advgbbtn-b9686168-9d4b-4246-b0bd-321dd9e23f25\" href=\"https:\/\/sekundi.eu\/contact\/\" target=\"_self\" rel=\"noopener noreferrer\"><span>Contacte-nos<\/span><\/a><\/div>\n\n<div style=\"height:35px\" aria-hidden=\"true\" class=\"wp-block-spacer\"><\/div>\n\n<div class=\"wp-block-columns alignfull has-marron-gris-background-color has-background is-layout-flex wp-container-core-columns-is-layout-9d6595d7 wp-block-columns-is-layout-flex\">\n<div class=\"wp-block-column is-layout-flow wp-block-column-is-layout-flow\" style=\"flex-basis:20%\"><\/div>\n\n\n\n<div class=\"wp-block-column is-layout-flow wp-block-column-is-layout-flow\">\n<div class=\"wp-block-group\"><div class=\"wp-block-group__inner-container is-layout-constrained wp-block-group-is-layout-constrained\">\n<h2 class=\"wp-block-heading has-large-font-size\">Disposi\u00e7\u00f5es regulamentares do direito europeu<\/h2>\n\n\n\n<p>No caso de d\u00edvidas na Europa (excepto na Dinamarca) a um pa\u00eds europeu, o direito europeu prev\u00ea uma disposi\u00e7\u00e3o espec\u00edfica: <a href=\"https:\/\/e-justice.europa.eu\/41\/EN\/european_payment_order\">a injun\u00e7\u00e3o de pagamento europeia.<\/a> \u00c9 emitido por um juiz europeu para d\u00edvidas incontest\u00e1veis, como facturas ou IOUs. Este procedimento simplificado permite recuperar a sua d\u00edvida em caso de insucesso dos avisos de pagamento.<\/p>\n\n\n\n<p>Este procedimento \u00e9 considerado um processo judicial. \u00c9 totalmente gratuito para o requerente. <\/p>\n<\/div><\/div>\n<\/div>\n\n\n\n<div class=\"wp-block-column is-layout-flow wp-block-column-is-layout-flow\">\n<h2 class=\"wp-block-heading has-large-font-size\">N\u00fameros da cobran\u00e7a de d\u00edvidas na Europa<\/h2>\n\n\n\n<p>De acordo com o <a href=\"https:\/\/publications.banque-france.fr\/sites\/default\/files\/medias\/documents\/odp2021_web-2.pdf\">Observat\u00f3rio das condi\u00e7\u00f5es de pagamento na Europa<\/a>, no final de 2021, a taxa de empresas que pagavam aos seus fornecedores com mais de um m\u00eas de atraso era de 9,1%. De acordo com o estudo, as empresas europeias pagam, em m\u00e9dia, com 13,6 dias de atraso. Note-se que este valor inclui os pagamentos sem atraso, o que reduz o n\u00famero m\u00e9dio de dias de atraso. <\/p>\n\n\n\n<p>\u00c9 importante notar que o <a href=\"https:\/\/www.allianz-trade.fr\/actualites\/etude-recouvrement-international-2022.html\">estudo da Allianz<\/a> sobre a complexidade da cobran\u00e7a de d\u00edvidas mostrou que \u00e9 mais f\u00e1cil cobrar d\u00edvidas na Europa do que na maioria dos outros pa\u00edses. No entanto, tal s\u00f3 \u00e9 poss\u00edvel se os credores tomarem as medidas necess\u00e1rias para recuperar as facturas n\u00e3o pagas.<\/p>\n<\/div>\n\n\n\n<div class=\"wp-block-column is-layout-flow wp-block-column-is-layout-flow\" style=\"flex-basis:20%\"><\/div>\n<\/div>\n\n<div class=\"wp-block-group alignwide has-marron-background-color has-background\"><div class=\"wp-block-group__inner-container is-layout-constrained wp-block-group-is-layout-constrained\">\n<div style=\"height:30px\" aria-hidden=\"true\" class=\"wp-block-spacer\"><\/div>\n\n\n\n<div class=\"wp-block-columns are-vertically-aligned-center is-layout-flex wp-container-core-columns-is-layout-9d6595d7 wp-block-columns-is-layout-flex\">\n<div class=\"wp-block-column is-vertically-aligned-center is-layout-flow wp-block-column-is-layout-flow\" style=\"flex-basis:66.66%\">\n<p class=\"has-blanc-color has-text-color has-xxlarge-font-size\"><strong>Tem contas a receber pendentes noutro pa\u00eds<\/strong> <strong>e est\u00e1 a ter dificuldades em receb\u00ea-las?<\/strong><\/p>\n<\/div>\n\n\n\n<div class=\"wp-block-column is-vertically-aligned-center is-layout-flow wp-block-column-is-layout-flow\" style=\"flex-basis:33.33%\">\n<div class=\"wp-block-advgb-button aligncenter advgb-dyn-5ded35c7\"><a class=\"wp-block-advgb-button_link advgbbtn-3f0f76f6-2322-4a40-90ae-7bbd1725b1fa\" href=\"https:\/\/sekundi.eu\/de\/kontakt\/\" target=\"_self\" rel=\"noopener noreferrer\"><span><span>Apresente a sua reclama\u00e7\u00e3o<\/span><\/span><\/a><\/div>\n<\/div>\n<\/div>\n\n\n\n<div style=\"height:30px\" aria-hidden=\"true\" class=\"wp-block-spacer\"><\/div>\n<\/div><\/div>\n\n<div class=\"wp-block-group alignwide network\"><div class=\"wp-block-group__inner-container is-layout-constrained wp-block-group-is-layout-constrained\">\n<div style=\"height:50px\" aria-hidden=\"true\" class=\"wp-block-spacer\"><\/div>\n\n\n\n<p class=\"has-text-align-center marg0 has-marron-clair-color has-text-color has-small-font-size\"><strong>A NOSSA REDE<\/strong><\/p>\n\n\n\n<h2 class=\"has-text-align-center marg0 wp-block-heading\">Pa\u00edses cobertos<\/h2>\n\n\n\n<div style=\"height:30px\" aria-hidden=\"true\" class=\"wp-block-spacer\"><\/div>\n\n\n<ul class='country-sitemap'><li><a href='https:\/\/sekundi.eu\/pt-pt\/america-do-sul\/'>Cobran\u00e7a de d\u00edvidas na Am\u00e9rica do Sul<\/a><ul><li><a href='https:\/\/sekundi.eu\/pt-pt\/america-do-sul\/cobranca-de-dividas-no-chile\/'><i class='fa-solid fa-map-pin'><\/i>Cobran\u00e7a de d\u00edvidas no Chile<\/a><\/li><li><a href='https:\/\/sekundi.eu\/pt-pt\/america-do-sul\/cobranca-de-dividas-no-peru\/'><i class='fa-solid fa-map-pin'><\/i>Cobran\u00e7a de d\u00edvidas no Peru<\/a><\/li><\/li><\/ul><\/li><\/ul>\n\n\n\n<div style=\"height:50px\" aria-hidden=\"true\" class=\"wp-block-spacer\"><\/div>\n<\/div><\/div>\n<style class=\"advgb-styles-renderer\">.advgbbtn-36a368b2-2aa1-4c2d-8c82-1c8b4b15d6e7{font-size:18px;color:#fff !important;background-color:#b2a295 !important;margin:0px 0px 0px 0px !important;padding:10px 30px 10px 30px;border-width:3px !important;border-color:#b2a295 !important;border-style:solid !important;border-radius:50px !important;}.advgbbtn-36a368b2-2aa1-4c2d-8c82-1c8b4b15d6e7:hover{color:#fff !important;background-color:#7f634b !important;box-shadow:0px 0px 0px 0px #7f634b;opacity:1;transition:all 0.2s ease;}.advgbbtn-36a368b2-2aa1-4c2d-8c82-1c8b4b15d6e7 > i {display: none !important;}.advgbbtn-36a368b2-2aa1-4c2d-8c82-1c8b4b15d6e7{font-size:18px;color:#fff !important;background-color:#b2a295 !important;margin:0px 0px 0px 0px !important;padding:10px 30px 10px 30px;border-width:3px !important;border-color:#b2a295 !important;border-style:solid !important;border-radius:50px !important;}.advgbbtn-36a368b2-2aa1-4c2d-8c82-1c8b4b15d6e7:hover{color:#fff !important;background-color:#7f634b !important;box-shadow:0px 0px 0px 0px #7f634b;opacity:1;transition:all 0.2s ease;}.advgbbtn-36a368b2-2aa1-4c2d-8c82-1c8b4b15d6e7 > i {display: none !important;}.advgbbtn-36a368b2-2aa1-4c2d-8c82-1c8b4b15d6e7{font-size:18px;color:#fff !important;background-color:#b2a295 !important;margin:0px 0px 0px 0px !important;padding:10px 30px 10px 30px;border-width:3px !important;border-color:#b2a295 !important;border-style:solid !important;border-radius:50px !important;}.advgbbtn-36a368b2-2aa1-4c2d-8c82-1c8b4b15d6e7:hover{color:#fff !important;background-color:#7f634b !important;box-shadow:0px 0px 0px 0px #7f634b;opacity:1;transition:all 0.2s ease;}.advgbbtn-36a368b2-2aa1-4c2d-8c82-1c8b4b15d6e7 > i {display: none !important;}.advgbbtn-2bb54240-17c4-47a2-82c6-47c33dcba04a{font-size:18px;color:#fff !important;background-color:#7f634b !important;margin:0px 0px 0px 0px !important;padding:10px 30px 10px 30px;border-width:1px !important;border-style:none;border-radius:50px !important;}.advgbbtn-2bb54240-17c4-47a2-82c6-47c33dcba04a:hover{box-shadow:1px 1px 12px 0px #ccc;opacity:1;transition:all 0.2s ease;}.advgbbtn-2bb54240-17c4-47a2-82c6-47c33dcba04a > i {display: none !important;}.advgbbtn-2bb54240-17c4-47a2-82c6-47c33dcba04a{font-size:18px;color:#fff !important;background-color:#7f634b !important;margin:0px 0px 0px 0px !important;padding:10px 30px 10px 30px;border-width:1px !important;border-style:none;border-radius:50px !important;}.advgbbtn-2bb54240-17c4-47a2-82c6-47c33dcba04a:hover{box-shadow:1px 1px 12px 0px #ccc;opacity:1;transition:all 0.2s ease;}.advgbbtn-2bb54240-17c4-47a2-82c6-47c33dcba04a > i {display: none !important;}.advgbbtn-2bb54240-17c4-47a2-82c6-47c33dcba04a{font-size:18px;color:#fff !important;background-color:#7f634b !important;margin:0px 0px 0px 0px !important;padding:10px 30px 10px 30px;border-width:1px !important;border-style:none;border-radius:50px !important;}.advgbbtn-2bb54240-17c4-47a2-82c6-47c33dcba04a:hover{box-shadow:1px 1px 12px 0px #ccc;opacity:1;transition:all 0.2s ease;}.advgbbtn-2bb54240-17c4-47a2-82c6-47c33dcba04a > i {display: none !important;}.advgbbtn-2bb54240-17c4-47a2-82c6-47c33dcba04a{font-size:18px;color:#fff !important;background-color:#7f634b !important;margin:0px 0px 0px 0px !important;padding:10px 30px 10px 30px;border-width:1px !important;border-style:none;border-radius:50px !important;}.advgbbtn-2bb54240-17c4-47a2-82c6-47c33dcba04a:hover{box-shadow:1px 1px 12px 0px #ccc;opacity:1;transition:all 0.2s ease;}.advgbbtn-2bb54240-17c4-47a2-82c6-47c33dcba04a > i {display: none !important;}.advgbbtn-eecd3e3d-10b8-4928-83b4-83c6da300143{font-size:18px;color:#fff !important;background-color:#b2a295 !important;margin:0px 0px 0px 0px !important;padding:10px 30px 10px 30px;border-width:3px !important;border-color:#b2a295 !important;border-style:solid !important;border-radius:50px !important;}.advgbbtn-eecd3e3d-10b8-4928-83b4-83c6da300143:hover{background-color:#7f634b !important;box-shadow:0px 0px 0px 0px #7f634b;opacity:1;transition:all 0.2s ease;}.advgbbtn-eecd3e3d-10b8-4928-83b4-83c6da300143 > i {display: none !important;}.advgbbtn-b9686168-9d4b-4246-b0bd-321dd9e23f25{font-size:18px;color:#fff !important;background-color:#b2a295 !important;margin:0px 0px 0px 0px !important;padding:10px 30px 10px 30px;border-width:3px !important;border-color:#b2a295 !important;border-style:solid !important;border-radius:50px !important;}.advgbbtn-b9686168-9d4b-4246-b0bd-321dd9e23f25:hover{color:#fff !important;background-color:#7f634b !important;box-shadow:0px 0px 0px 0px #7f634b;opacity:1;transition:all 0.2s ease;}.advgbbtn-b9686168-9d4b-4246-b0bd-321dd9e23f25 > i {display: none !important;}.advgbbtn-3f0f76f6-2322-4a40-90ae-7bbd1725b1fa{font-size:18px;color:#fff !important;background-color:#7f634b !important;margin:0px 0px 0px 0px !important;padding:10px 30px 10px 30px;border-width:1px !important;border-color:#fff !important;border-style:solid !important;border-radius:50px !important;}.advgbbtn-3f0f76f6-2322-4a40-90ae-7bbd1725b1fa:hover{color:#7f634b !important;background-color:#fff !important;box-shadow:0px 0px 0px 0px #ccc;opacity:1;transition:all 0s ease;}.advgbbtn-3f0f76f6-2322-4a40-90ae-7bbd1725b1fa > i {display: none !important;}.advgbbtn-3f0f76f6-2322-4a40-90ae-7bbd1725b1fa{font-size:18px;color:#fff !important;background-color:#7f634b !important;margin:0px 0px 0px 0px !important;padding:10px 30px 10px 30px;border-width:1px !important;border-color:#fff !important;border-style:solid !important;border-radius:50px !important;}.advgbbtn-3f0f76f6-2322-4a40-90ae-7bbd1725b1fa:hover{color:#7f634b !important;background-color:#fff !important;box-shadow:0px 0px 0px 0px #ccc;opacity:1;transition:all 0s ease;}.advgbbtn-3f0f76f6-2322-4a40-90ae-7bbd1725b1fa > i {display: none !important;}.advgbbtn-3f0f76f6-2322-4a40-90ae-7bbd1725b1fa{font-size:18px;color:#fff !important;background-color:#7f634b !important;margin:0px 0px 0px 0px !important;padding:10px 30px 10px 30px;border-width:1px !important;border-color:#fff !important;border-style:solid !important;border-radius:50px !important;}.advgbbtn-3f0f76f6-2322-4a40-90ae-7bbd1725b1fa:hover{color:#7f634b !important;background-color:#fff !important;box-shadow:0px 0px 0px 0px #ccc;opacity:1;transition:all 0s ease;}.advgbbtn-3f0f76f6-2322-4a40-90ae-7bbd1725b1fa > i {display: none !important;}.advgbbtn-3f0f76f6-2322-4a40-90ae-7bbd1725b1fa{font-size:18px;color:#fff !important;background-color:#7f634b !important;margin:0px 0px 0px 0px !important;padding:10px 30px 10px 30px;border-width:1px !important;border-color:#fff !important;border-style:solid !important;border-radius:50px !important;}.advgbbtn-3f0f76f6-2322-4a40-90ae-7bbd1725b1fa:hover{color:#7f634b !important;background-color:#fff !important;box-shadow:0px 0px 0px 0px #ccc;opacity:1;transition:all 0s ease;}.advgbbtn-3f0f76f6-2322-4a40-90ae-7bbd1725b1fa > i {display: none !important;}<\/style>","protected":false},"excerpt":{"rendered":"<p>A NOSSA REDE Especificar um pa\u00eds COBRAN\u00c7A DE D\u00cdVIDAS INTERNACIONAIS Cobran\u00e7a de d\u00edvidas na Europa Quando as empresas operam a n\u00edvel internacional, pode acontecer que uma factura de um cliente n\u00e3o seja paga ap\u00f3s a data de pagamento. A recupera\u00e7\u00e3o do montante pode ser morosa e fastidiosa para um profissional, especialmente se n\u00e3o conhecer a [&hellip;]<\/p>\n","protected":false},"author":1,"featured_media":0,"parent":0,"menu_order":316,"comment_status":"closed","ping_status":"closed","template":"template_continent.php","meta":{"advgb_blocks_editor_width":"","advgb_blocks_columns_visual_guide":"","footnotes":""},"class_list":["post-3511","page","type-page","status-publish","hentry"],"yoast_head":"<!-- This site is optimized with the Yoast SEO plugin v27.5 - https:\/\/yoast.com\/product\/yoast-seo-wordpress\/ -->\n<title>Cobran\u00e7a de d\u00edvidas na Europa para empresas - SEKUNDI<\/title>\n<meta name=\"description\" content=\"Descubra a nossa rede de cobran\u00e7a de d\u00edvidas na Europa para todos os seus cr\u00e9ditos (particulares ou empresas). Apenas pagamento com sucesso!\" \/>\n<meta name=\"robots\" content=\"index, follow, max-snippet:-1, max-image-preview:large, max-video-preview:-1\" \/>\n<link rel=\"canonical\" href=\"https:\/\/sekundi.eu\/pt-pt\/europa\/\" \/>\n<meta property=\"og:locale\" content=\"pt_PT\" \/>\n<meta property=\"og:type\" content=\"article\" \/>\n<meta property=\"og:title\" content=\"Cobran\u00e7a de d\u00edvidas na Europa para empresas - SEKUNDI\" \/>\n<meta property=\"og:description\" content=\"Descubra a nossa rede de cobran\u00e7a de d\u00edvidas na Europa para todos os seus cr\u00e9ditos (particulares ou empresas). Apenas pagamento com sucesso!\" \/>\n<meta property=\"og:url\" content=\"https:\/\/sekundi.eu\/pt-pt\/europa\/\" \/>\n<meta property=\"og:site_name\" content=\"SEKUNDI\" \/>\n<meta property=\"article:modified_time\" content=\"2023-05-22T14:33:44+00:00\" \/>\n<meta property=\"og:image\" content=\"https:\/\/sekundi.eu\/wp-content\/uploads\/2023\/02\/joshua-rawson-harris-k3fmuSvQi2A-unsplash.jpg\" \/>\n<meta name=\"twitter:card\" content=\"summary_large_image\" \/>\n<meta name=\"twitter:label1\" content=\"Tempo estimado de leitura\" \/>\n\t<meta name=\"twitter:data1\" content=\"4 minutos\" \/>\n<script type=\"application\/ld+json\" class=\"yoast-schema-graph\">{\"@context\":\"https:\\\/\\\/schema.org\",\"@graph\":[{\"@type\":\"WebPage\",\"@id\":\"https:\\\/\\\/sekundi.eu\\\/pt-pt\\\/europa\\\/\",\"url\":\"https:\\\/\\\/sekundi.eu\\\/pt-pt\\\/europa\\\/\",\"name\":\"Cobran\u00e7a de d\u00edvidas na Europa para empresas - SEKUNDI\",\"isPartOf\":{\"@id\":\"https:\\\/\\\/sekundi.eu\\\/#website\"},\"primaryImageOfPage\":{\"@id\":\"https:\\\/\\\/sekundi.eu\\\/pt-pt\\\/europa\\\/#primaryimage\"},\"image\":{\"@id\":\"https:\\\/\\\/sekundi.eu\\\/pt-pt\\\/europa\\\/#primaryimage\"},\"thumbnailUrl\":\"https:\\\/\\\/sekundi.eu\\\/wp-content\\\/uploads\\\/2023\\\/02\\\/joshua-rawson-harris-k3fmuSvQi2A-unsplash.jpg\",\"datePublished\":\"2022-12-26T09:24:56+00:00\",\"dateModified\":\"2023-05-22T14:33:44+00:00\",\"description\":\"Descubra a nossa rede de cobran\u00e7a de d\u00edvidas na Europa para todos os seus cr\u00e9ditos (particulares ou empresas). Apenas pagamento com sucesso!\",\"breadcrumb\":{\"@id\":\"https:\\\/\\\/sekundi.eu\\\/pt-pt\\\/europa\\\/#breadcrumb\"},\"inLanguage\":\"pt-PT\",\"potentialAction\":[{\"@type\":\"ReadAction\",\"target\":[\"https:\\\/\\\/sekundi.eu\\\/pt-pt\\\/europa\\\/\"]}]},{\"@type\":\"ImageObject\",\"inLanguage\":\"pt-PT\",\"@id\":\"https:\\\/\\\/sekundi.eu\\\/pt-pt\\\/europa\\\/#primaryimage\",\"url\":\"https:\\\/\\\/sekundi.eu\\\/wp-content\\\/uploads\\\/2023\\\/02\\\/joshua-rawson-harris-k3fmuSvQi2A-unsplash.jpg\",\"contentUrl\":\"https:\\\/\\\/sekundi.eu\\\/wp-content\\\/uploads\\\/2023\\\/02\\\/joshua-rawson-harris-k3fmuSvQi2A-unsplash.jpg\"},{\"@type\":\"BreadcrumbList\",\"@id\":\"https:\\\/\\\/sekundi.eu\\\/pt-pt\\\/europa\\\/#breadcrumb\",\"itemListElement\":[{\"@type\":\"ListItem\",\"position\":1,\"name\":\"Accueil\",\"item\":\"https:\\\/\\\/sekundi.eu\\\/pt-pt\\\/\"},{\"@type\":\"ListItem\",\"position\":2,\"name\":\"Cobran\u00e7a de d\u00edvidas na Europa\"}]},{\"@type\":\"WebSite\",\"@id\":\"https:\\\/\\\/sekundi.eu\\\/#website\",\"url\":\"https:\\\/\\\/sekundi.eu\\\/\",\"name\":\"SEKUNDI\",\"description\":\"\",\"publisher\":{\"@id\":\"https:\\\/\\\/sekundi.eu\\\/#organization\"},\"potentialAction\":[{\"@type\":\"SearchAction\",\"target\":{\"@type\":\"EntryPoint\",\"urlTemplate\":\"https:\\\/\\\/sekundi.eu\\\/?s={search_term_string}\"},\"query-input\":{\"@type\":\"PropertyValueSpecification\",\"valueRequired\":true,\"valueName\":\"search_term_string\"}}],\"inLanguage\":\"pt-PT\"},{\"@type\":\"Organization\",\"@id\":\"https:\\\/\\\/sekundi.eu\\\/#organization\",\"name\":\"Sekundi\",\"url\":\"https:\\\/\\\/sekundi.eu\\\/\",\"logo\":{\"@type\":\"ImageObject\",\"inLanguage\":\"pt-PT\",\"@id\":\"https:\\\/\\\/sekundi.eu\\\/#\\\/schema\\\/logo\\\/image\\\/\",\"url\":\"https:\\\/\\\/sekundi.eu\\\/wp-content\\\/uploads\\\/2022\\\/12\\\/logo_sekundi.png\",\"contentUrl\":\"https:\\\/\\\/sekundi.eu\\\/wp-content\\\/uploads\\\/2022\\\/12\\\/logo_sekundi.png\",\"width\":171,\"height\":46,\"caption\":\"Sekundi\"},\"image\":{\"@id\":\"https:\\\/\\\/sekundi.eu\\\/#\\\/schema\\\/logo\\\/image\\\/\"}}]}<\/script>\n<!-- \/ Yoast SEO plugin. -->","yoast_head_json":{"title":"Cobran\u00e7a de d\u00edvidas na Europa para empresas - SEKUNDI","description":"Descubra a nossa rede de cobran\u00e7a de d\u00edvidas na Europa para todos os seus cr\u00e9ditos (particulares ou empresas). Apenas pagamento com sucesso!","robots":{"index":"index","follow":"follow","max-snippet":"max-snippet:-1","max-image-preview":"max-image-preview:large","max-video-preview":"max-video-preview:-1"},"canonical":"https:\/\/sekundi.eu\/pt-pt\/europa\/","og_locale":"pt_PT","og_type":"article","og_title":"Cobran\u00e7a de d\u00edvidas na Europa para empresas - SEKUNDI","og_description":"Descubra a nossa rede de cobran\u00e7a de d\u00edvidas na Europa para todos os seus cr\u00e9ditos (particulares ou empresas). Apenas pagamento com sucesso!","og_url":"https:\/\/sekundi.eu\/pt-pt\/europa\/","og_site_name":"SEKUNDI","article_modified_time":"2023-05-22T14:33:44+00:00","og_image":[{"url":"https:\/\/sekundi.eu\/wp-content\/uploads\/2023\/02\/joshua-rawson-harris-k3fmuSvQi2A-unsplash.jpg","type":"","width":"","height":""}],"twitter_card":"summary_large_image","twitter_misc":{"Tempo estimado de leitura":"4 minutos"},"schema":{"@context":"https:\/\/schema.org","@graph":[{"@type":"WebPage","@id":"https:\/\/sekundi.eu\/pt-pt\/europa\/","url":"https:\/\/sekundi.eu\/pt-pt\/europa\/","name":"Cobran\u00e7a de d\u00edvidas na Europa para empresas - SEKUNDI","isPartOf":{"@id":"https:\/\/sekundi.eu\/#website"},"primaryImageOfPage":{"@id":"https:\/\/sekundi.eu\/pt-pt\/europa\/#primaryimage"},"image":{"@id":"https:\/\/sekundi.eu\/pt-pt\/europa\/#primaryimage"},"thumbnailUrl":"https:\/\/sekundi.eu\/wp-content\/uploads\/2023\/02\/joshua-rawson-harris-k3fmuSvQi2A-unsplash.jpg","datePublished":"2022-12-26T09:24:56+00:00","dateModified":"2023-05-22T14:33:44+00:00","description":"Descubra a nossa rede de cobran\u00e7a de d\u00edvidas na Europa para todos os seus cr\u00e9ditos (particulares ou empresas). Apenas pagamento com sucesso!","breadcrumb":{"@id":"https:\/\/sekundi.eu\/pt-pt\/europa\/#breadcrumb"},"inLanguage":"pt-PT","potentialAction":[{"@type":"ReadAction","target":["https:\/\/sekundi.eu\/pt-pt\/europa\/"]}]},{"@type":"ImageObject","inLanguage":"pt-PT","@id":"https:\/\/sekundi.eu\/pt-pt\/europa\/#primaryimage","url":"https:\/\/sekundi.eu\/wp-content\/uploads\/2023\/02\/joshua-rawson-harris-k3fmuSvQi2A-unsplash.jpg","contentUrl":"https:\/\/sekundi.eu\/wp-content\/uploads\/2023\/02\/joshua-rawson-harris-k3fmuSvQi2A-unsplash.jpg"},{"@type":"BreadcrumbList","@id":"https:\/\/sekundi.eu\/pt-pt\/europa\/#breadcrumb","itemListElement":[{"@type":"ListItem","position":1,"name":"Accueil","item":"https:\/\/sekundi.eu\/pt-pt\/"},{"@type":"ListItem","position":2,"name":"Cobran\u00e7a de d\u00edvidas na Europa"}]},{"@type":"WebSite","@id":"https:\/\/sekundi.eu\/#website","url":"https:\/\/sekundi.eu\/","name":"SEKUNDI","description":"","publisher":{"@id":"https:\/\/sekundi.eu\/#organization"},"potentialAction":[{"@type":"SearchAction","target":{"@type":"EntryPoint","urlTemplate":"https:\/\/sekundi.eu\/?s={search_term_string}"},"query-input":{"@type":"PropertyValueSpecification","valueRequired":true,"valueName":"search_term_string"}}],"inLanguage":"pt-PT"},{"@type":"Organization","@id":"https:\/\/sekundi.eu\/#organization","name":"Sekundi","url":"https:\/\/sekundi.eu\/","logo":{"@type":"ImageObject","inLanguage":"pt-PT","@id":"https:\/\/sekundi.eu\/#\/schema\/logo\/image\/","url":"https:\/\/sekundi.eu\/wp-content\/uploads\/2022\/12\/logo_sekundi.png","contentUrl":"https:\/\/sekundi.eu\/wp-content\/uploads\/2022\/12\/logo_sekundi.png","width":171,"height":46,"caption":"Sekundi"},"image":{"@id":"https:\/\/sekundi.eu\/#\/schema\/logo\/image\/"}}]}},"coauthors":[],"author_meta":{"author_link":"https:\/\/sekundi.eu\/pt-pt\/author\/sekimageundi\/","display_name":"Les Imageurs"},"relative_dates":{"created":"Posted 3 anos ago","modified":"Updated 3 anos ago"},"absolute_dates":{"created":"Posted on 26 de Dezembro, 2022","modified":"Updated on 22 de Maio, 2023"},"absolute_dates_time":{"created":"Posted on 26 de Dezembro, 2022 10:24","modified":"Updated on 22 de Maio, 2023 16:33"},"featured_img_caption":"","featured_img":false,"series_order":"","_links":{"self":[{"href":"https:\/\/sekundi.eu\/pt-pt\/wp-json\/wp\/v2\/pages\/3511","targetHints":{"allow":["GET"]}}],"collection":[{"href":"https:\/\/sekundi.eu\/pt-pt\/wp-json\/wp\/v2\/pages"}],"about":[{"href":"https:\/\/sekundi.eu\/pt-pt\/wp-json\/wp\/v2\/types\/page"}],"author":[{"embeddable":true,"href":"https:\/\/sekundi.eu\/pt-pt\/wp-json\/wp\/v2\/users\/1"}],"replies":[{"embeddable":true,"href":"https:\/\/sekundi.eu\/pt-pt\/wp-json\/wp\/v2\/comments?post=3511"}],"version-history":[{"count":8,"href":"https:\/\/sekundi.eu\/pt-pt\/wp-json\/wp\/v2\/pages\/3511\/revisions"}],"predecessor-version":[{"id":7981,"href":"https:\/\/sekundi.eu\/pt-pt\/wp-json\/wp\/v2\/pages\/3511\/revisions\/7981"}],"wp:attachment":[{"href":"https:\/\/sekundi.eu\/pt-pt\/wp-json\/wp\/v2\/media?parent=3511"}],"curies":[{"name":"wp","href":"https:\/\/api.w.org\/{rel}","templated":true}]}}