{"id":3731,"date":"2023-01-03T12:26:39","date_gmt":"2023-01-03T11:26:39","guid":{"rendered":"https:\/\/sekundi.eu\/cobranca-de-dividas-na-europa\/cobranca-de-dividas-na-belgica\/"},"modified":"2025-02-12T16:53:26","modified_gmt":"2025-02-12T15:53:26","slug":"cobranca-de-dividas-na-belgica","status":"publish","type":"page","link":"https:\/\/sekundi.eu\/pt-pt\/europa\/cobranca-de-dividas-na-belgica\/","title":{"rendered":"Cobran\u00e7a de d\u00edvidas na B\u00e9lgica"},"content":{"rendered":"\n<div style=\"height:30px\" aria-hidden=\"true\" class=\"wp-block-spacer\"><\/div>\n\n\n\n<p>A B\u00e9lgica se apresenta como um parceiro comercial privilegiado devido \u00e0 sua proximidade geogr\u00e1fica e a uma l\u00edngua comum. No entanto, a cultura do pa\u00eds revela algumas particularidades que devem ser compreendidas no contexto da cobran\u00e7a de d\u00edvidas e do sistema judici\u00e1rio. A Sekundi explora os principais aspectos dos pagamentos de d\u00edvidas na B\u00e9lgica, bem como estrat\u00e9gias eficazes de recupera\u00e7\u00e3o de cr\u00e9ditos.<\/p>\n\n\n\n<div class=\"wp-block-columns are-vertically-aligned-center is-layout-flex wp-container-core-columns-is-layout-9d6595d7 wp-block-columns-is-layout-flex\">\n<div class=\"wp-block-column is-vertically-aligned-center is-layout-flow wp-block-column-is-layout-flow\">\n<p class=\"has-marron-clair-color has-text-color has-small-font-size\"><strong>COBRAN\u00c7A DE D\u00cdVIDAS INTERNACIONAIS<\/strong><\/p>\n\n\n\n<h2 class=\"wp-block-heading\" id=\"debt-collection-worldwide-69394841-8e5e-43bb-8c94-ebd49164984b\"><strong>Estat\u00edsticas sobre cobran\u00e7a de d\u00edvidas na B\u00e9lgica<\/strong><\/h2>\n\n\n\n<h3 class=\"wp-block-heading\"><strong>Prazos de pagamento e comportamentos na B\u00e9lgica<\/strong><\/h3>\n\n\n\n<p>O prazo m\u00e9dio para a recupera\u00e7\u00e3o de cr\u00e9ditos internacionais na B\u00e9lgica \u00e9 de 36 dias, enquanto no mercado interno \u00e9 de 11 dias. Apesar de a B\u00e9lgica ter historicamente apresentado bons indicadores de pagamento na Europa, esses n\u00fameros t\u00eam se deteriorado nos \u00faltimos anos. O percentual de empresas que pagam suas faturas dentro do prazo caiu para menos de 50%, enquanto o n\u00famero de maus pagadores aumentou para mais de 6%. Esse comportamento \u00e9 agravado por grandes empresas que imp\u00f5em suas condi\u00e7\u00f5es \u00e0s menores. Fatores culturais e legisla\u00e7\u00f5es espec\u00edficas do pa\u00eds refor\u00e7am essa tend\u00eancia.<\/p>\n\n\n\n<div class=\"wp-block-advgb-button alignnone\"><a class=\"wp-block-advgb-button_link advgbbtn-c527b67f-5019-46e5-a44e-39326bb26383\" href=\"https:\/\/sekundi.eu\/contact\/\" target=\"_self\" rel=\"noopener noreferrer\"><span>Contact-us<\/span><\/a><\/div>\n<\/div>\n\n\n\n<div class=\"wp-block-column is-vertically-aligned-center is-layout-flow wp-block-column-is-layout-flow\">\n<figure class=\"wp-block-video\"><video height=\"288\" style=\"aspect-ratio: 352 \/ 288;\" width=\"352\" controls src=\"https:\/\/sekundi.eu\/wp-content\/uploads\/2023\/02\/sekundi-network.mp4\"><\/video><\/figure>\n<\/div>\n<\/div>\n\n\n\n<div style=\"height:50px\" aria-hidden=\"true\" class=\"wp-block-spacer\"><\/div>\n\n\n\n<figure class=\"wp-block-image alignfull size-large\"><img loading=\"lazy\" decoding=\"async\" width=\"1024\" height=\"160\" src=\"https:\/\/sekundi.eu\/wp-content\/uploads\/2023\/02\/joshua-rawson-harris-k3fmuSvQi2A-unsplash-1024x160.jpg\" alt=\"\" class=\"wp-image-2630\" srcset=\"https:\/\/sekundi.eu\/wp-content\/uploads\/2023\/02\/joshua-rawson-harris-k3fmuSvQi2A-unsplash-1024x160.jpg 1024w, https:\/\/sekundi.eu\/wp-content\/uploads\/2023\/02\/joshua-rawson-harris-k3fmuSvQi2A-unsplash-300x47.jpg 300w, https:\/\/sekundi.eu\/wp-content\/uploads\/2023\/02\/joshua-rawson-harris-k3fmuSvQi2A-unsplash-768x120.jpg 768w, https:\/\/sekundi.eu\/wp-content\/uploads\/2023\/02\/joshua-rawson-harris-k3fmuSvQi2A-unsplash-1536x240.jpg 1536w, https:\/\/sekundi.eu\/wp-content\/uploads\/2023\/02\/joshua-rawson-harris-k3fmuSvQi2A-unsplash.jpg 1920w\" sizes=\"auto, (max-width: 1024px) 100vw, 1024px\" \/><\/figure>\n\n\n\n<div class=\"wp-block-columns alignwide margt-300 animated fadeInUp is-layout-flex wp-container-core-columns-is-layout-9d6595d7 wp-block-columns-is-layout-flex\">\n<div class=\"wp-block-column is-layout-flow wp-block-column-is-layout-flow\" style=\"flex-basis:40%\">\n<div class=\"wp-block-group arrondi has-blanc-color has-marron-noir-background-color has-text-color has-background\"><div class=\"wp-block-group__inner-container is-layout-constrained wp-block-group-is-layout-constrained\">\n<div style=\"height:30px\" aria-hidden=\"true\" class=\"wp-block-spacer\"><\/div>\n\n\n\n<h2 class=\"marg0 has-blanc-color has-text-color wp-block-heading\">Certifique-se de que recupera as suas d\u00edvidas a n\u00edvel internacional<\/h2>\n\n\n\n<div style=\"height:20px\" aria-hidden=\"true\" class=\"wp-block-spacer\"><\/div>\n\n\n\n<p>Cobran\u00e7a de d\u00edvidas internacionais em coopera\u00e7\u00e3o com a rede Sekundi.<\/p>\n\n\n\n<p>A cobran\u00e7a de d\u00edvidas internacionais \u00e9 um servi\u00e7o que lhe oferecemos quando a pessoa que lhe deve dinheiro reside ou tem a sua sede social num pa\u00eds que n\u00e3o o seu.<\/p>\n\n\n\n<div style=\"height:30px\" aria-hidden=\"true\" class=\"wp-block-spacer\"><\/div>\n\n\n\n<div class=\"wp-block-advgb-button alignnone advgb-dyn-2411073f\"><a class=\"wp-block-advgb-button_link advgbbtn-2a3c407a-a3cc-4d77-915e-faf21df19798\" href=\"https:\/\/sekundi.eu\/pt-pt\/como-funciona\/\" target=\"_self\" rel=\"noopener noreferrer\"><span><span>Ler mais<\/span><\/span><\/a><\/div>\n\n\n\n<div style=\"height:30px\" aria-hidden=\"true\" class=\"wp-block-spacer\"><\/div>\n<\/div><\/div>\n<\/div>\n\n\n\n<div class=\"wp-block-column is-layout-flow wp-block-column-is-layout-flow\" style=\"flex-basis:60%\"><\/div>\n<\/div>\n\n\n\n<div style=\"height:50px\" aria-hidden=\"true\" class=\"wp-block-spacer\"><\/div>\n\n\n\n<div class=\"wp-block-columns are-vertically-aligned-top is-layout-flex wp-container-core-columns-is-layout-9d6595d7 wp-block-columns-is-layout-flex\">\n<div class=\"wp-block-column is-vertically-aligned-top is-layout-flow wp-block-column-is-layout-flow\">\n<figure class=\"wp-block-image alignwide size-full\"><img loading=\"lazy\" decoding=\"async\" width=\"600\" height=\"400\" src=\"https:\/\/sekundi.eu\/wp-content\/uploads\/2023\/02\/accompagnement-recouvrement-min-2.jpeg\" alt=\"\" class=\"wp-image-1921\" srcset=\"https:\/\/sekundi.eu\/wp-content\/uploads\/2023\/02\/accompagnement-recouvrement-min-2.jpeg 600w, https:\/\/sekundi.eu\/wp-content\/uploads\/2023\/02\/accompagnement-recouvrement-min-2-300x200.jpeg 300w\" sizes=\"auto, (max-width: 600px) 100vw, 600px\" \/><\/figure>\n<\/div>\n\n\n\n<div class=\"wp-block-column is-vertically-aligned-top is-layout-flow wp-block-column-is-layout-flow\">\n<h3 class=\"wp-block-heading\"><strong>Implementa\u00e7\u00e3o da Diretiva Europeia 2019\/1023 na B\u00e9lgica<\/strong><\/h3>\n\n\n\n<h4 class=\"wp-block-heading\"><strong>Resumo da Diretiva Europeia 2019\/1023<\/strong><\/h4>\n\n\n\n<p>Esta diretiva visa reduzir os processos de insolv\u00eancia na Uni\u00e3o Europeia. Ela prev\u00ea o uso de ferramentas de alerta para detectar riscos de insolv\u00eancia e o acesso a mecanismos de reestrutura\u00e7\u00e3o preventiva. Seu objetivo \u00e9 proteger e apoiar empresas em dificuldades financeiras. A diretiva tamb\u00e9m proporciona prote\u00e7\u00e3o judicial, suspendendo medidas de execu\u00e7\u00e3o para evitar a abertura de processos de insolv\u00eancia. Os credores s\u00e3o classificados em diferentes categorias, permitindo a aprova\u00e7\u00e3o de um plano de reestrutura\u00e7\u00e3o da empresa devedora, mesmo contra a oposi\u00e7\u00e3o de alguns credores. Por fim, para harmonizar os processos a n\u00edvel europeu, os procedimentos foram digitalizados.<\/p>\n\n\n\n<h4 class=\"wp-block-heading\"><strong>Qual \u00e9 a posi\u00e7\u00e3o da B\u00e9lgica em rela\u00e7\u00e3o a essa diretiva?<\/strong><\/h4>\n\n\n\n<p>A B\u00e9lgica s\u00f3 adotou a Diretiva 2019\/1023 em maio de 2023. Os legisladores criaram um procedimento para a prepara\u00e7\u00e3o privada de uma fal\u00eancia. Essa medida permite que empresas em dificuldades declarem um \"reconhecimento de fal\u00eancia\" no tribunal e preparem uma transi\u00e7\u00e3o para preservar sua atividade e os interesses de seus credores por meio da transfer\u00eancia de ativos e opera\u00e7\u00f5es antes da declara\u00e7\u00e3o oficial de fal\u00eancia. No entanto, essa nova lei ainda n\u00e3o levou em considera\u00e7\u00e3o a diretiva de 7 de dezembro de 2022 para a harmoniza\u00e7\u00e3o das regras de insolv\u00eancia das empresas na UE.<\/p>\n<\/div>\n<\/div>\n\n\n\n<div style=\"height:50px\" aria-hidden=\"true\" class=\"wp-block-spacer\"><\/div>\n\n\n\n<div class=\"wp-block-group\"><div class=\"wp-block-group__inner-container is-layout-constrained wp-block-group-is-layout-constrained\">\n<h2 class=\"wp-block-heading has-text-align-center\"><strong>Utiliza\u00e7\u00e3o da rede internacional Sekundi<\/strong><\/h2>\n\n\n\n<div style=\"height:50px\" aria-hidden=\"true\" class=\"wp-block-spacer\"><\/div>\n\n\n\n<div class=\"wp-block-columns is-layout-flex wp-container-core-columns-is-layout-9d6595d7 wp-block-columns-is-layout-flex\">\n<div class=\"wp-block-column is-layout-flow wp-block-column-is-layout-flow\">\n<div class=\"wp-block-group shadow has-blanc-background-color has-background\"><div class=\"wp-block-group__inner-container is-layout-constrained wp-block-group-is-layout-constrained\">\n<p><strong>Abordagem<\/strong><\/p>\n\n\n\n<p>A nossa abordagem consiste em agir a partir do seu pa\u00eds com um empregado ou um prestador de servi\u00e7os que seja fluente na l\u00edngua do pa\u00eds em quest\u00e3o n\u00e3o \u00e9 a mais eficaz.<\/p>\n<\/div><\/div>\n<\/div>\n\n\n\n<div class=\"wp-block-column is-layout-flow wp-block-column-is-layout-flow\">\n<div class=\"wp-block-group shadow has-blanc-background-color has-background\"><div class=\"wp-block-group__inner-container is-layout-constrained wp-block-group-is-layout-constrained\">\n<p><strong>Benef\u00edcios<\/strong><\/p>\n\n\n\n<p>Tem um interlocutor no seu pa\u00eds com o qual comunica e este \u00e9 respons\u00e1vel por transmitir o seu dossier ap\u00f3s recep\u00e7\u00e3o ao seu parceiro local que actuar\u00e1 de acordo com os costumes e regras do pa\u00eds em quest\u00e3o para obter o pagamento da sua factura.<\/p>\n<\/div><\/div>\n<\/div>\n\n\n\n<div class=\"wp-block-column is-layout-flow wp-block-column-is-layout-flow\">\n<div class=\"wp-block-group shadow has-blanc-background-color has-background\"><div class=\"wp-block-group__inner-container is-layout-constrained wp-block-group-is-layout-constrained\">\n<p><strong>Objectivo<\/strong><\/p>\n\n\n\n<p>Estabelecer uma rede mundial com um parceiro comercial forte em cada pa\u00eds para garantir um tratamento \u00f3ptimo dos casos a n\u00edvel local com o respectivo apoio da intelig\u00eancia espec\u00edfica de cada pa\u00eds.<\/p>\n<\/div><\/div>\n<\/div>\n<\/div>\n<\/div><\/div>\n\n\n\n<div style=\"height:50px\" aria-hidden=\"true\" class=\"wp-block-spacer\"><\/div>\n\n\n\n<div class=\"wp-block-cover alignwide is-light\"><span aria-hidden=\"true\" class=\"wp-block-cover__background has-blanc-background-color has-background-dim\"><\/span><img loading=\"lazy\" decoding=\"async\" width=\"1920\" height=\"600\" class=\"wp-block-cover__image-background wp-image-27\" alt=\"\" src=\"https:\/\/sekundi.eu\/wp-content\/uploads\/2022\/12\/home_banner.jpg\" data-object-fit=\"cover\" srcset=\"https:\/\/sekundi.eu\/wp-content\/uploads\/2022\/12\/home_banner.jpg 1920w, https:\/\/sekundi.eu\/wp-content\/uploads\/2022\/12\/home_banner-300x94.jpg 300w, https:\/\/sekundi.eu\/wp-content\/uploads\/2022\/12\/home_banner-1024x320.jpg 1024w, https:\/\/sekundi.eu\/wp-content\/uploads\/2022\/12\/home_banner-768x240.jpg 768w, https:\/\/sekundi.eu\/wp-content\/uploads\/2022\/12\/home_banner-1536x480.jpg 1536w\" sizes=\"auto, (max-width: 1920px) 100vw, 1920px\" \/><div class=\"wp-block-cover__inner-container is-layout-flow wp-block-cover-is-layout-flow\">\n<div style=\"height:30px\" aria-hidden=\"true\" class=\"wp-block-spacer\"><\/div>\n\n\n\n<h2 class=\"wp-block-heading\"><strong>Estrat\u00e9gias eficazes para maximizar suas chances de recupera\u00e7\u00e3o de cr\u00e9dito<\/strong><\/h2>\n\n\n\n<div style=\"height:30px\" aria-hidden=\"true\" class=\"wp-block-spacer\"><\/div>\n\n\n\n<div class=\"wp-block-advgb-accordions advgb-accordions-7e1b3097-f07b-4a8c-8036-34e494cd8514 advgb-accordion-wrapper\" data-collapsed=\"true\">\n<div class=\"wp-block-advgb-accordion-item advgb-accordion-item\" style=\"margin-bottom:15px\"><div class=\"advgb-accordion-header\" style=\"background-color:#000;color:#eee;border-style:solid;border-width:1px;border-radius:2px\"><span class=\"advgb-accordion-header-icon\"><svg fill=\"#fff\" xmlns=\"http:\/\/www.w3.org\/2000\/svg\" width=\"24\" height=\"24\" viewBox=\"0 0 24 24\"><path fill=\"none\" d=\"M0,0h24v24H0V0z\"><\/path><path d=\"M12,5.83L15.17,9l1.41-1.41L12,3L7.41,7.59L8.83,9L12,5.83z M12,18.17L8.83,15l-1.41,1.41L12,21l4.59-4.59L15.17,15 L12,18.17z\"><\/path><\/svg><\/span><h3 class=\"advgb-accordion-header-title\" style=\"color:inherit\"><strong>Contratar uma empresa de cobran\u00e7a na B\u00e9lgica<\/strong><\/h3><\/div><div class=\"advgb-accordion-body\" style=\"border-style:solid !important;border-width:1px !important;border-color:undefined !important;border-top:none !important;border-radius:2px !important\">\n<p>A Sekundi \u00e9 especializada na recupera\u00e7\u00e3o de cr\u00e9ditos internacionais. Nosso servi\u00e7o na B\u00e9lgica possui expertise jur\u00eddica e os recursos necess\u00e1rios para recuperar d\u00edvidas n\u00e3o pagas. A B\u00e9lgica tem a particularidade de possuir m\u00faltiplas l\u00ednguas oficiais, e nossos especialistas dominam esses idiomas para facilitar a comunica\u00e7\u00e3o com os devedores. A combina\u00e7\u00e3o de conhecimento jur\u00eddico e boas pr\u00e1ticas de cobran\u00e7a garante um processo eficaz e evita custos desnecess\u00e1rios para o credor.<\/p>\n<\/div><\/div>\n\n\n\n<div class=\"wp-block-advgb-accordion-item advgb-accordion-item\" style=\"margin-bottom:15px\"><div class=\"advgb-accordion-header\" style=\"background-color:#000;color:#eee;border-style:solid;border-width:1px;border-radius:2px\"><span class=\"advgb-accordion-header-icon\"><svg fill=\"#fff\" xmlns=\"http:\/\/www.w3.org\/2000\/svg\" width=\"24\" height=\"24\" viewBox=\"0 0 24 24\"><path fill=\"none\" d=\"M0,0h24v24H0V0z\"><\/path><path d=\"M12,5.83L15.17,9l1.41-1.41L12,3L7.41,7.59L8.83,9L12,5.83z M12,18.17L8.83,15l-1.41,1.41L12,21l4.59-4.59L15.17,15 L12,18.17z\"><\/path><\/svg><\/span><h3 class=\"advgb-accordion-header-title\" style=\"color:inherit\"><strong>Cobran\u00e7a judicial: Processo de m\u00e9rito (\"Bodemprocedure\")<\/strong><\/h3><\/div><div class=\"advgb-accordion-body\" style=\"border-style:solid !important;border-width:1px !important;border-color:undefined !important;border-top:none !important;border-radius:2px !important\">\n<p>Quando a cobran\u00e7a amig\u00e1vel falha, a cobran\u00e7a judicial torna-se necess\u00e1ria. Na B\u00e9lgica, o chamado \"Bodemprocedure\" permite a recupera\u00e7\u00e3o judicial de uma d\u00edvida n\u00e3o paga. Esse procedimento envolve a apresenta\u00e7\u00e3o de uma a\u00e7\u00e3o perante um tribunal para obter um t\u00edtulo executivo contra o devedor. Embora esse processo possa ser longo e custoso, ele \u00e9 geralmente eficaz.<\/p>\n<\/div><\/div>\n\n\n\n<div class=\"wp-block-advgb-accordion-item advgb-accordion-item\" style=\"margin-bottom:15px\"><div class=\"advgb-accordion-header\" style=\"background-color:#000;color:#eee;border-style:solid;border-width:1px;border-radius:2px\"><span class=\"advgb-accordion-header-icon\"><svg fill=\"#fff\" xmlns=\"http:\/\/www.w3.org\/2000\/svg\" width=\"24\" height=\"24\" viewBox=\"0 0 24 24\"><path fill=\"none\" d=\"M0,0h24v24H0V0z\"><\/path><path d=\"M12,5.83L15.17,9l1.41-1.41L12,3L7.41,7.59L8.83,9L12,5.83z M12,18.17L8.83,15l-1.41,1.41L12,21l4.59-4.59L15.17,15 L12,18.17z\"><\/path><\/svg><\/span><h3 class=\"advgb-accordion-header-title\" style=\"color:inherit\"><strong>Por quanto tempo pode-se cobrar uma fatura n\u00e3o paga na B\u00e9lgica?<\/strong><\/h3><\/div><div class=\"advgb-accordion-body\" style=\"border-style:solid !important;border-width:1px !important;border-color:undefined !important;border-top:none !important;border-radius:2px !important\">\n<p>O prazo de prescri\u00e7\u00e3o para cr\u00e9ditos comerciais na B\u00e9lgica \u00e9 de dez anos. Para cr\u00e9ditos entre empresas e consumidores, esse prazo \u00e9 reduzido para cinco anos. No entanto, a prescri\u00e7\u00e3o pode ser suspensa por meio do reconhecimento da d\u00edvida, uma intima\u00e7\u00e3o judicial ou um aviso de inadimpl\u00eancia enviado por um advogado.<\/p>\n<\/div><\/div>\n<\/div>\n\n\n\n<div style=\"height:30px\" aria-hidden=\"true\" class=\"wp-block-spacer\"><\/div>\n<\/div><\/div>\n\n\n\n<div class=\"wp-block-group alignwide has-marron-background-color has-background\"><div class=\"wp-block-group__inner-container is-layout-constrained wp-block-group-is-layout-constrained\">\n<div style=\"height:30px\" aria-hidden=\"true\" class=\"wp-block-spacer\"><\/div>\n\n\n\n<div class=\"wp-block-columns are-vertically-aligned-center is-layout-flex wp-container-core-columns-is-layout-9d6595d7 wp-block-columns-is-layout-flex\">\n<div class=\"wp-block-column is-vertically-aligned-center is-layout-flow wp-block-column-is-layout-flow\" style=\"flex-basis:66.66%\">\n<p class=\"has-blanc-color has-text-color has-xxlarge-font-size\"><strong>Tem contas a receber pendentes noutro pa\u00eds<\/strong> <strong>e est\u00e1 a ter dificuldades em receb\u00ea-las?<\/strong><\/p>\n<\/div>\n\n\n\n<div class=\"wp-block-column is-vertically-aligned-center is-layout-flow wp-block-column-is-layout-flow\" style=\"flex-basis:33.33%\">\n<div class=\"wp-block-advgb-button aligncenter advgb-dyn-5ded35c7\"><a class=\"wp-block-advgb-button_link advgbbtn-3f0f76f6-2322-4a40-90ae-7bbd1725b1fa\" href=\"https:\/\/sekundi.eu\/de\/kontakt\/\" target=\"_self\" rel=\"noopener noreferrer\"><span><span>Apresente a sua reclama\u00e7\u00e3o<\/span><\/span><\/a><\/div>\n<\/div>\n<\/div>\n\n\n\n<div style=\"height:30px\" aria-hidden=\"true\" class=\"wp-block-spacer\"><\/div>\n<\/div><\/div>\n\n\n\n<div class=\"wp-block-group alignwide network\"><div class=\"wp-block-group__inner-container is-layout-constrained wp-block-group-is-layout-constrained\">\n<div style=\"height:50px\" aria-hidden=\"true\" class=\"wp-block-spacer\"><\/div>\n\n\n\n<p class=\"has-text-align-center marg0 has-marron-clair-color has-text-color has-small-font-size\"><strong>A NOSSA REDE<\/strong><\/p>\n\n\n\n<h2 class=\"has-text-align-center marg0 wp-block-heading\">Pa\u00edses cobertos<\/h2>\n\n\n\n<div style=\"height:30px\" aria-hidden=\"true\" class=\"wp-block-spacer\"><\/div>\n\n\n<ul class='country-sitemap'><li><a href='https:\/\/sekundi.eu\/pt-pt\/america-do-sul\/'>Cobran\u00e7a de d\u00edvidas na Am\u00e9rica do Sul<\/a><ul><li><a href='https:\/\/sekundi.eu\/pt-pt\/america-do-sul\/cobranca-de-dividas-no-chile\/'><i class='fa-solid fa-map-pin'><\/i>Cobran\u00e7a de d\u00edvidas no Chile<\/a><\/li><li><a href='https:\/\/sekundi.eu\/pt-pt\/america-do-sul\/cobranca-de-dividas-no-peru\/'><i class='fa-solid fa-map-pin'><\/i>Cobran\u00e7a de d\u00edvidas no Peru<\/a><\/li><\/li><\/ul><\/li><\/ul>\n\n\n\n<div style=\"height:50px\" aria-hidden=\"true\" class=\"wp-block-spacer\"><\/div>\n<\/div><\/div>\n<style class=\"advgb-styles-renderer\">.advgbbtn-c527b67f-5019-46e5-a44e-39326bb26383{font-size:18px;color:#2f2f2f !important;background-color:#fff !important;margin:0px 0px 0px 0px !important;padding:10px 30px 10px 30px;border-width:3px !important;border-color:#dde3e9 !important;border-style:solid !important;border-radius:50px !important;}.advgbbtn-c527b67f-5019-46e5-a44e-39326bb26383:hover{background-color:#dde3e9 !important;box-shadow:0px 0px 0px 0px #ccc;opacity:1;transition:all 0.2s ease;}.advgbbtn-c527b67f-5019-46e5-a44e-39326bb26383 > i {display: none !important;}.advgbbtn-2a3c407a-a3cc-4d77-915e-faf21df19798{font-size:18px;color:#fff !important;background-color:#7f634b !important;margin:0px 0px 0px 0px !important;padding:10px 30px 10px 30px;border-width:1px !important;border-style:none;border-radius:50px !important;}.advgbbtn-2a3c407a-a3cc-4d77-915e-faf21df19798:hover{box-shadow:1px 1px 12px 0px #ccc;opacity:1;transition:all 0.2s ease;}.advgbbtn-2a3c407a-a3cc-4d77-915e-faf21df19798 > i {display: none !important;}.advgbbtn-2a3c407a-a3cc-4d77-915e-faf21df19798{font-size:18px;color:#fff !important;background-color:#7f634b !important;margin:0px 0px 0px 0px !important;padding:10px 30px 10px 30px;border-width:1px !important;border-style:none;border-radius:50px !important;}.advgbbtn-2a3c407a-a3cc-4d77-915e-faf21df19798:hover{box-shadow:1px 1px 12px 0px #ccc;opacity:1;transition:all 0.2s ease;}.advgbbtn-2a3c407a-a3cc-4d77-915e-faf21df19798 > i {display: none !important;}.advgbbtn-2a3c407a-a3cc-4d77-915e-faf21df19798{font-size:18px;color:#fff !important;background-color:#7f634b !important;margin:0px 0px 0px 0px !important;padding:10px 30px 10px 30px;border-width:1px !important;border-style:none;border-radius:50px !important;}.advgbbtn-2a3c407a-a3cc-4d77-915e-faf21df19798:hover{box-shadow:1px 1px 12px 0px #ccc;opacity:1;transition:all 0.2s ease;}.advgbbtn-2a3c407a-a3cc-4d77-915e-faf21df19798 > i {display: none !important;}.advgbbtn-2a3c407a-a3cc-4d77-915e-faf21df19798{font-size:18px;color:#fff !important;background-color:#7f634b !important;margin:0px 0px 0px 0px !important;padding:10px 30px 10px 30px;border-width:1px !important;border-style:none;border-radius:50px !important;}.advgbbtn-2a3c407a-a3cc-4d77-915e-faf21df19798:hover{box-shadow:1px 1px 12px 0px #ccc;opacity:1;transition:all 0.2s ease;}.advgbbtn-2a3c407a-a3cc-4d77-915e-faf21df19798 > i {display: none !important;}.advgbbtn-3f0f76f6-2322-4a40-90ae-7bbd1725b1fa{font-size:18px;color:#fff !important;background-color:#7f634b !important;margin:0px 0px 0px 0px !important;padding:10px 30px 10px 30px;border-width:1px !important;border-color:#fff !important;border-style:solid !important;border-radius:50px !important;}.advgbbtn-3f0f76f6-2322-4a40-90ae-7bbd1725b1fa:hover{color:#7f634b !important;background-color:#fff !important;box-shadow:0px 0px 0px 0px #ccc;opacity:1;transition:all 0s ease;}.advgbbtn-3f0f76f6-2322-4a40-90ae-7bbd1725b1fa > i {display: none !important;}.advgbbtn-3f0f76f6-2322-4a40-90ae-7bbd1725b1fa{font-size:18px;color:#fff !important;background-color:#7f634b !important;margin:0px 0px 0px 0px !important;padding:10px 30px 10px 30px;border-width:1px !important;border-color:#fff !important;border-style:solid !important;border-radius:50px !important;}.advgbbtn-3f0f76f6-2322-4a40-90ae-7bbd1725b1fa:hover{color:#7f634b !important;background-color:#fff !important;box-shadow:0px 0px 0px 0px #ccc;opacity:1;transition:all 0s ease;}.advgbbtn-3f0f76f6-2322-4a40-90ae-7bbd1725b1fa > i {display: none !important;}.advgbbtn-3f0f76f6-2322-4a40-90ae-7bbd1725b1fa{font-size:18px;color:#fff !important;background-color:#7f634b !important;margin:0px 0px 0px 0px !important;padding:10px 30px 10px 30px;border-width:1px !important;border-color:#fff !important;border-style:solid !important;border-radius:50px !important;}.advgbbtn-3f0f76f6-2322-4a40-90ae-7bbd1725b1fa:hover{color:#7f634b !important;background-color:#fff !important;box-shadow:0px 0px 0px 0px #ccc;opacity:1;transition:all 0s ease;}.advgbbtn-3f0f76f6-2322-4a40-90ae-7bbd1725b1fa > i {display: none !important;}.advgbbtn-3f0f76f6-2322-4a40-90ae-7bbd1725b1fa{font-size:18px;color:#fff !important;background-color:#7f634b !important;margin:0px 0px 0px 0px !important;padding:10px 30px 10px 30px;border-width:1px !important;border-color:#fff !important;border-style:solid !important;border-radius:50px !important;}.advgbbtn-3f0f76f6-2322-4a40-90ae-7bbd1725b1fa:hover{color:#7f634b !important;background-color:#fff !important;box-shadow:0px 0px 0px 0px #ccc;opacity:1;transition:all 0s ease;}.advgbbtn-3f0f76f6-2322-4a40-90ae-7bbd1725b1fa > i {display: none !important;}<\/style>","protected":false},"excerpt":{"rendered":"<p>A B\u00e9lgica se apresenta como um parceiro comercial privilegiado devido \u00e0 sua proximidade geogr\u00e1fica e a uma l\u00edngua comum. No entanto, a cultura do pa\u00eds revela algumas particularidades que devem ser compreendidas no contexto da cobran\u00e7a de d\u00edvidas e do sistema judici\u00e1rio. A Sekundi explora os principais aspectos dos pagamentos de d\u00edvidas na B\u00e9lgica, bem [&hellip;]<\/p>\n","protected":false},"author":1,"featured_media":0,"parent":3511,"menu_order":394,"comment_status":"closed","ping_status":"closed","template":"","meta":{"advgb_blocks_editor_width":"","advgb_blocks_columns_visual_guide":"","footnotes":""},"class_list":["post-3731","page","type-page","status-publish","hentry"],"yoast_head":"<!-- This site is optimized with the Yoast SEO plugin v27.5 - https:\/\/yoast.com\/product\/yoast-seo-wordpress\/ -->\n<title>Cobran\u00e7a de d\u00edvidas na B\u00e9lgica - Recupera\u00e7\u00e3o de d\u00edvida internacional<\/title>\n<meta name=\"description\" content=\"Voc\u00ea tem um devedor fora do seu pa\u00eds? Descubra os procedimentos para recuperar suas faturas n\u00e3o pagas gra\u00e7as a Cobran\u00e7a de d\u00edvidas na B\u00e9lgica.\" \/>\n<meta name=\"robots\" content=\"index, follow, max-snippet:-1, max-image-preview:large, max-video-preview:-1\" \/>\n<link rel=\"canonical\" href=\"https:\/\/sekundi.eu\/pt-pt\/europa\/cobranca-de-dividas-na-belgica\/\" \/>\n<meta property=\"og:locale\" content=\"pt_PT\" \/>\n<meta property=\"og:type\" content=\"article\" \/>\n<meta property=\"og:title\" content=\"Cobran\u00e7a de d\u00edvidas na B\u00e9lgica - Recupera\u00e7\u00e3o de d\u00edvida internacional\" \/>\n<meta property=\"og:description\" content=\"Voc\u00ea tem um devedor fora do seu pa\u00eds? Descubra os procedimentos para recuperar suas faturas n\u00e3o pagas gra\u00e7as a Cobran\u00e7a de d\u00edvidas na B\u00e9lgica.\" \/>\n<meta property=\"og:url\" content=\"https:\/\/sekundi.eu\/pt-pt\/europa\/cobranca-de-dividas-na-belgica\/\" \/>\n<meta property=\"og:site_name\" content=\"SEKUNDI\" \/>\n<meta property=\"article:modified_time\" content=\"2025-02-12T15:53:26+00:00\" \/>\n<meta property=\"og:image\" content=\"https:\/\/sekundi.eu\/wp-content\/uploads\/2023\/02\/accompagnement-recouvrement-min-2.jpeg\" \/>\n<meta name=\"twitter:card\" content=\"summary_large_image\" \/>\n<meta name=\"twitter:label1\" content=\"Tempo estimado de leitura\" \/>\n\t<meta name=\"twitter:data1\" content=\"8 minutos\" \/>\n<script type=\"application\/ld+json\" class=\"yoast-schema-graph\">{\"@context\":\"https:\\\/\\\/schema.org\",\"@graph\":[{\"@type\":\"WebPage\",\"@id\":\"https:\\\/\\\/sekundi.eu\\\/pt-pt\\\/europa\\\/cobranca-de-dividas-na-belgica\\\/\",\"url\":\"https:\\\/\\\/sekundi.eu\\\/pt-pt\\\/europa\\\/cobranca-de-dividas-na-belgica\\\/\",\"name\":\"Cobran\u00e7a de d\u00edvidas na B\u00e9lgica - Recupera\u00e7\u00e3o de d\u00edvida internacional\",\"isPartOf\":{\"@id\":\"https:\\\/\\\/sekundi.eu\\\/#website\"},\"primaryImageOfPage\":{\"@id\":\"https:\\\/\\\/sekundi.eu\\\/pt-pt\\\/europa\\\/cobranca-de-dividas-na-belgica\\\/#primaryimage\"},\"image\":{\"@id\":\"https:\\\/\\\/sekundi.eu\\\/pt-pt\\\/europa\\\/cobranca-de-dividas-na-belgica\\\/#primaryimage\"},\"thumbnailUrl\":\"https:\\\/\\\/sekundi.eu\\\/wp-content\\\/uploads\\\/2023\\\/02\\\/accompagnement-recouvrement-min-2.jpeg\",\"datePublished\":\"2023-01-03T11:26:39+00:00\",\"dateModified\":\"2025-02-12T15:53:26+00:00\",\"description\":\"Voc\u00ea tem um devedor fora do seu pa\u00eds? Descubra os procedimentos para recuperar suas faturas n\u00e3o pagas gra\u00e7as a Cobran\u00e7a de d\u00edvidas na B\u00e9lgica.\",\"breadcrumb\":{\"@id\":\"https:\\\/\\\/sekundi.eu\\\/pt-pt\\\/europa\\\/cobranca-de-dividas-na-belgica\\\/#breadcrumb\"},\"inLanguage\":\"pt-PT\",\"potentialAction\":[{\"@type\":\"ReadAction\",\"target\":[\"https:\\\/\\\/sekundi.eu\\\/pt-pt\\\/europa\\\/cobranca-de-dividas-na-belgica\\\/\"]}]},{\"@type\":\"ImageObject\",\"inLanguage\":\"pt-PT\",\"@id\":\"https:\\\/\\\/sekundi.eu\\\/pt-pt\\\/europa\\\/cobranca-de-dividas-na-belgica\\\/#primaryimage\",\"url\":\"https:\\\/\\\/sekundi.eu\\\/wp-content\\\/uploads\\\/2023\\\/02\\\/accompagnement-recouvrement-min-2.jpeg\",\"contentUrl\":\"https:\\\/\\\/sekundi.eu\\\/wp-content\\\/uploads\\\/2023\\\/02\\\/accompagnement-recouvrement-min-2.jpeg\"},{\"@type\":\"BreadcrumbList\",\"@id\":\"https:\\\/\\\/sekundi.eu\\\/pt-pt\\\/europa\\\/cobranca-de-dividas-na-belgica\\\/#breadcrumb\",\"itemListElement\":[{\"@type\":\"ListItem\",\"position\":1,\"name\":\"Accueil\",\"item\":\"https:\\\/\\\/sekundi.eu\\\/pt-pt\\\/\"},{\"@type\":\"ListItem\",\"position\":2,\"name\":\"Cobran\u00e7a de d\u00edvidas na Europa\",\"item\":\"https:\\\/\\\/sekundi.eu\\\/pt-pt\\\/europa\\\/\"},{\"@type\":\"ListItem\",\"position\":3,\"name\":\"Cobran\u00e7a de d\u00edvidas na B\u00e9lgica\"}]},{\"@type\":\"WebSite\",\"@id\":\"https:\\\/\\\/sekundi.eu\\\/#website\",\"url\":\"https:\\\/\\\/sekundi.eu\\\/\",\"name\":\"SEKUNDI\",\"description\":\"\",\"publisher\":{\"@id\":\"https:\\\/\\\/sekundi.eu\\\/#organization\"},\"potentialAction\":[{\"@type\":\"SearchAction\",\"target\":{\"@type\":\"EntryPoint\",\"urlTemplate\":\"https:\\\/\\\/sekundi.eu\\\/?s={search_term_string}\"},\"query-input\":{\"@type\":\"PropertyValueSpecification\",\"valueRequired\":true,\"valueName\":\"search_term_string\"}}],\"inLanguage\":\"pt-PT\"},{\"@type\":\"Organization\",\"@id\":\"https:\\\/\\\/sekundi.eu\\\/#organization\",\"name\":\"Sekundi\",\"url\":\"https:\\\/\\\/sekundi.eu\\\/\",\"logo\":{\"@type\":\"ImageObject\",\"inLanguage\":\"pt-PT\",\"@id\":\"https:\\\/\\\/sekundi.eu\\\/#\\\/schema\\\/logo\\\/image\\\/\",\"url\":\"https:\\\/\\\/sekundi.eu\\\/wp-content\\\/uploads\\\/2022\\\/12\\\/logo_sekundi.png\",\"contentUrl\":\"https:\\\/\\\/sekundi.eu\\\/wp-content\\\/uploads\\\/2022\\\/12\\\/logo_sekundi.png\",\"width\":171,\"height\":46,\"caption\":\"Sekundi\"},\"image\":{\"@id\":\"https:\\\/\\\/sekundi.eu\\\/#\\\/schema\\\/logo\\\/image\\\/\"}}]}<\/script>\n<!-- \/ Yoast SEO plugin. -->","yoast_head_json":{"title":"Cobran\u00e7a de d\u00edvidas na B\u00e9lgica - Recupera\u00e7\u00e3o de d\u00edvida internacional","description":"Voc\u00ea tem um devedor fora do seu pa\u00eds? Descubra os procedimentos para recuperar suas faturas n\u00e3o pagas gra\u00e7as a Cobran\u00e7a de d\u00edvidas na B\u00e9lgica.","robots":{"index":"index","follow":"follow","max-snippet":"max-snippet:-1","max-image-preview":"max-image-preview:large","max-video-preview":"max-video-preview:-1"},"canonical":"https:\/\/sekundi.eu\/pt-pt\/europa\/cobranca-de-dividas-na-belgica\/","og_locale":"pt_PT","og_type":"article","og_title":"Cobran\u00e7a de d\u00edvidas na B\u00e9lgica - Recupera\u00e7\u00e3o de d\u00edvida internacional","og_description":"Voc\u00ea tem um devedor fora do seu pa\u00eds? Descubra os procedimentos para recuperar suas faturas n\u00e3o pagas gra\u00e7as a Cobran\u00e7a de d\u00edvidas na B\u00e9lgica.","og_url":"https:\/\/sekundi.eu\/pt-pt\/europa\/cobranca-de-dividas-na-belgica\/","og_site_name":"SEKUNDI","article_modified_time":"2025-02-12T15:53:26+00:00","og_image":[{"url":"https:\/\/sekundi.eu\/wp-content\/uploads\/2023\/02\/accompagnement-recouvrement-min-2.jpeg","type":"","width":"","height":""}],"twitter_card":"summary_large_image","twitter_misc":{"Tempo estimado de leitura":"8 minutos"},"schema":{"@context":"https:\/\/schema.org","@graph":[{"@type":"WebPage","@id":"https:\/\/sekundi.eu\/pt-pt\/europa\/cobranca-de-dividas-na-belgica\/","url":"https:\/\/sekundi.eu\/pt-pt\/europa\/cobranca-de-dividas-na-belgica\/","name":"Cobran\u00e7a de d\u00edvidas na B\u00e9lgica - Recupera\u00e7\u00e3o de d\u00edvida internacional","isPartOf":{"@id":"https:\/\/sekundi.eu\/#website"},"primaryImageOfPage":{"@id":"https:\/\/sekundi.eu\/pt-pt\/europa\/cobranca-de-dividas-na-belgica\/#primaryimage"},"image":{"@id":"https:\/\/sekundi.eu\/pt-pt\/europa\/cobranca-de-dividas-na-belgica\/#primaryimage"},"thumbnailUrl":"https:\/\/sekundi.eu\/wp-content\/uploads\/2023\/02\/accompagnement-recouvrement-min-2.jpeg","datePublished":"2023-01-03T11:26:39+00:00","dateModified":"2025-02-12T15:53:26+00:00","description":"Voc\u00ea tem um devedor fora do seu pa\u00eds? Descubra os procedimentos para recuperar suas faturas n\u00e3o pagas gra\u00e7as a Cobran\u00e7a de d\u00edvidas na B\u00e9lgica.","breadcrumb":{"@id":"https:\/\/sekundi.eu\/pt-pt\/europa\/cobranca-de-dividas-na-belgica\/#breadcrumb"},"inLanguage":"pt-PT","potentialAction":[{"@type":"ReadAction","target":["https:\/\/sekundi.eu\/pt-pt\/europa\/cobranca-de-dividas-na-belgica\/"]}]},{"@type":"ImageObject","inLanguage":"pt-PT","@id":"https:\/\/sekundi.eu\/pt-pt\/europa\/cobranca-de-dividas-na-belgica\/#primaryimage","url":"https:\/\/sekundi.eu\/wp-content\/uploads\/2023\/02\/accompagnement-recouvrement-min-2.jpeg","contentUrl":"https:\/\/sekundi.eu\/wp-content\/uploads\/2023\/02\/accompagnement-recouvrement-min-2.jpeg"},{"@type":"BreadcrumbList","@id":"https:\/\/sekundi.eu\/pt-pt\/europa\/cobranca-de-dividas-na-belgica\/#breadcrumb","itemListElement":[{"@type":"ListItem","position":1,"name":"Accueil","item":"https:\/\/sekundi.eu\/pt-pt\/"},{"@type":"ListItem","position":2,"name":"Cobran\u00e7a de d\u00edvidas na Europa","item":"https:\/\/sekundi.eu\/pt-pt\/europa\/"},{"@type":"ListItem","position":3,"name":"Cobran\u00e7a de d\u00edvidas na B\u00e9lgica"}]},{"@type":"WebSite","@id":"https:\/\/sekundi.eu\/#website","url":"https:\/\/sekundi.eu\/","name":"SEKUNDI","description":"","publisher":{"@id":"https:\/\/sekundi.eu\/#organization"},"potentialAction":[{"@type":"SearchAction","target":{"@type":"EntryPoint","urlTemplate":"https:\/\/sekundi.eu\/?s={search_term_string}"},"query-input":{"@type":"PropertyValueSpecification","valueRequired":true,"valueName":"search_term_string"}}],"inLanguage":"pt-PT"},{"@type":"Organization","@id":"https:\/\/sekundi.eu\/#organization","name":"Sekundi","url":"https:\/\/sekundi.eu\/","logo":{"@type":"ImageObject","inLanguage":"pt-PT","@id":"https:\/\/sekundi.eu\/#\/schema\/logo\/image\/","url":"https:\/\/sekundi.eu\/wp-content\/uploads\/2022\/12\/logo_sekundi.png","contentUrl":"https:\/\/sekundi.eu\/wp-content\/uploads\/2022\/12\/logo_sekundi.png","width":171,"height":46,"caption":"Sekundi"},"image":{"@id":"https:\/\/sekundi.eu\/#\/schema\/logo\/image\/"}}]}},"coauthors":[],"author_meta":{"author_link":"https:\/\/sekundi.eu\/pt-pt\/author\/sekimageundi\/","display_name":"Les Imageurs"},"relative_dates":{"created":"Posted 3 anos ago","modified":"Updated 1 ano ago"},"absolute_dates":{"created":"Posted on 3 de Janeiro, 2023","modified":"Updated on 12 de Fevereiro, 2025"},"absolute_dates_time":{"created":"Posted on 3 de Janeiro, 2023 12:26","modified":"Updated on 12 de Fevereiro, 2025 16:53"},"featured_img_caption":"","featured_img":false,"series_order":"","_links":{"self":[{"href":"https:\/\/sekundi.eu\/pt-pt\/wp-json\/wp\/v2\/pages\/3731","targetHints":{"allow":["GET"]}}],"collection":[{"href":"https:\/\/sekundi.eu\/pt-pt\/wp-json\/wp\/v2\/pages"}],"about":[{"href":"https:\/\/sekundi.eu\/pt-pt\/wp-json\/wp\/v2\/types\/page"}],"author":[{"embeddable":true,"href":"https:\/\/sekundi.eu\/pt-pt\/wp-json\/wp\/v2\/users\/1"}],"replies":[{"embeddable":true,"href":"https:\/\/sekundi.eu\/pt-pt\/wp-json\/wp\/v2\/comments?post=3731"}],"version-history":[{"count":5,"href":"https:\/\/sekundi.eu\/pt-pt\/wp-json\/wp\/v2\/pages\/3731\/revisions"}],"predecessor-version":[{"id":8412,"href":"https:\/\/sekundi.eu\/pt-pt\/wp-json\/wp\/v2\/pages\/3731\/revisions\/8412"}],"up":[{"embeddable":true,"href":"https:\/\/sekundi.eu\/pt-pt\/wp-json\/wp\/v2\/pages\/3511"}],"wp:attachment":[{"href":"https:\/\/sekundi.eu\/pt-pt\/wp-json\/wp\/v2\/media?parent=3731"}],"curies":[{"name":"wp","href":"https:\/\/api.w.org\/{rel}","templated":true}]}}